{"id":9004,"date":"2019-03-07T13:17:13","date_gmt":"2019-03-07T12:17:13","guid":{"rendered":"https:\/\/groupglobal3000.de\/?page_id=9004"},"modified":"2022-09-11T14:07:17","modified_gmt":"2022-09-11T12:07:17","slug":"window-of-consumption","status":"publish","type":"page","link":"https:\/\/gg3.eu\/en\/window-of-consumption\/","title":{"rendered":"Consumption window"},"content":{"rendered":"\r\n<p>Ausstellung, Vortr\u00e4ge, Gespr\u00e4che, Installationen, Fotoschau, Sound<br \/>Mona L\u00fcders und <a href=\"http:\/\/www.klaranemethy.com\/\"><span class=\"\" style=\"color: #404040; font-family: MetaCompPro-Normal, sans-serif;\">Kl\u00e1ra N\u00e9methy<\/span><\/a> stellen drinnen und aussen aus zu Plastik und Konsumverhalten: &#8220;Fenster des Konsums&#8221;. Zu h\u00f6ren sind Sound Effekte vom Komponisten <a href=\"http:\/\/amirshpilman.com\/\">Amir Shpilman<\/a>.<br \/>21.6.2019&nbsp; &#8211; 9.8.2019, Ausstellung in der Galerie freitags 17-20 Uhr und im Vorgarten w\u00e4hrend der Laufzeit.<\/p>\r\n<div id=\"attachment_8318\" style=\"width: 235px\" class=\"wp-caption alignleft\"><a href=\"https:\/\/gg3.eu\/wp-content\/uploads\/2018\/12\/Window_red_w.jpg\" data-rel=\"lightbox-image-0\" data-magnific_type=\"image\" data-rl_title=\"\" data-rl_caption=\"\"><img loading=\"lazy\" decoding=\"async\" aria-describedby=\"caption-attachment-8318\" class=\"wp-image-8318 size-medium\" title=\"\" src=\"https:\/\/gg3.eu\/wp-content\/uploads\/2018\/12\/Window_red_w-225x300.jpg\" alt=\"Seine roten \u00dcberreste. C Mona L\u00fcders  Fenster des Konsums\" width=\"225\" height=\"300\"\/><\/a><p id=\"caption-attachment-8318\" class=\"wp-caption-text\">Seine roten \u00dcberreste. C Mona L\u00fcders<\/p><\/div>\r\n\r\n\r\n\r\n<p>Mona L\u00fcders aus Berlin verwandelt den Abfall von ausgesuchten Bewohnern in ein einzigartiges Kunstwerk. Sie arrangiert alles, was man normalerweise in die gelbe Tonne wirft, zwischen den Fensterscheiben in tempor\u00e4ren Installationen, dass die Dinge auf den ersten Blick wie weggezaubert wirken. Man kann zwar nicht mehr durchs Glas hinausblicken auf die Stra\u00dfe, aber die ungew\u00f6hnliche F\u00fcllung des Doppelglasfensters beginnt magisch zu leuchten, wenn die Sonne hereinscheint. Das Spiel der Farben \u00e4hnelt dem Blick in ein Kaleidoskop. (Nach: Tagesspiegel Berlin vom 14.8.2018) Die Fotografin m\u00f6chte Identit\u00e4t zeigen, ohne die Person selbst abzubilden.<br \/>Die Ausstellung zeigt Installationen und eine Fotografieschau ausgew\u00e4hlter Fenster.<\/p>\r\n<div id=\"attachment_9256\" style=\"width: 235px\" class=\"wp-caption alignright\"><a href=\"https:\/\/gg3.eu\/wp-content\/uploads\/2018\/12\/baum-des-konsums-w.jpg\" data-rel=\"lightbox-image-1\" data-magnific_type=\"image\" data-rl_title=\"\" data-rl_caption=\"\"><img loading=\"lazy\" decoding=\"async\" aria-describedby=\"caption-attachment-9256\" class=\"wp-image-9256 size-medium\" title=\"\" src=\"https:\/\/gg3.eu\/wp-content\/uploads\/2018\/12\/baum-des-konsums-w-225x300.jpg\" alt=\"Baum des Konsums. Klara Hartmann\" width=\"225\" height=\"300\"\/><\/a><p id=\"caption-attachment-9256\" class=\"wp-caption-text\">Baum des Konsums. <a href=\"http:\/\/www.klaranemethy.com\/\"><span class=\"\">Kl\u00e1ra N\u00e9methy<\/span><\/a><\/p><\/div>\r\n<p lang=\"de-DE\"><span lang=\"en-US\"><a href=\"http:\/\/www.klaranemethy.com\/\">Kl\u00e1ra N\u00e9methy<\/a> wickelte f\u00fcr ihre Installation &#8220;<\/span><span lang=\"en-US\">Baum des Konsums&#8221; <\/span><span lang=\"en-US\">einen Baum mit Plastikt\u00fcten \u201cbis zum Hals\u201c ein. Das Ph\u00e4nomen, der sich in den B\u00e4umen verfangenden Plastikt\u00fcten ist in der ganzen Welt bekannt. Der \u201cBaum des Konsums\u201c steht m\u00fcllbehangen im Garten, obwohl er nicht dahin geh\u00f6rt. Dieser Kontrast deutet auf die Realit\u00e4t hin, dass wir in allen unseren Lebensr\u00e4umen von erstickend viel Plastik umgeben sind. Ob sichtbar oder nicht zu sehen. Die langlebige Installation \u2013 Plastik braucht mehr als 500 Jahre zu zerfallen \u2013 ist eine visuelle Erinnerung an unser \u00f6kologisch-verantwortungsloses Konsumverhalten.<\/span><\/p>\r\n<p lang=\"de-DE\">Sound Effekte vom Komponisten <a href=\"http:\/\/amirshpilman.com\/\">Amir Spilmann<\/a> begleiten die Fotografieschau.<\/p>\r\n<h2>Programm<\/h2>\r\n\r\n\r\n\r\n<p class=\"\"><strong>Vernissage<\/strong>: Fr. 21.6.19, 19 Uhr, mit <strong>Vortrag und Gespr\u00e4ch<\/strong> <span class=\"\">\u201eZwischen Anspruch und Wirklichkeit: Herausforderungen eines nachhaltigen Konsums\u201c. <\/span><span class=\"\">Dr. Viola Muster, Projektmanagerin Verbraucherforschung, <a href=\"https:\/\/www.conpolicy.de\/\">ConPolicy<\/a> \u2013 Institut f\u00fcr Verbraucherpolitik \/ TU Berlin<\/span><\/p>\r\n<div id=\"attachment_9252\" style=\"width: 310px\" class=\"wp-caption alignleft\"><a href=\"https:\/\/gg3.eu\/wp-content\/uploads\/2018\/12\/fenster-fuehrung-lueders-2-w.jpg\" data-rel=\"lightbox-image-2\" data-magnific_type=\"image\" data-rl_title=\"\" data-rl_caption=\"\"><img loading=\"lazy\" decoding=\"async\" aria-describedby=\"caption-attachment-9252\" class=\"wp-image-9252 size-medium\" title=\"\" src=\"https:\/\/gg3.eu\/wp-content\/uploads\/2018\/12\/fenster-fuehrung-lueders-2-w-300x225.jpg\" alt=\"Mona L\u00fcders F\u00fchrung Fenster des Konsums\" width=\"300\" height=\"225\" srcset=\"https:\/\/gg3.eu\/wp-content\/uploads\/2018\/12\/fenster-fuehrung-lueders-2-w-300x225.jpg 300w, https:\/\/gg3.eu\/wp-content\/uploads\/2018\/12\/fenster-fuehrung-lueders-2-w-768x576.jpg 768w, https:\/\/gg3.eu\/wp-content\/uploads\/2018\/12\/fenster-fuehrung-lueders-2-w.jpg 1024w\" sizes=\"auto, (max-width: 300px) 100vw, 300px\" \/><\/a><p id=\"caption-attachment-9252\" class=\"wp-caption-text\">Mona L\u00fcders F\u00fchrung<\/p><\/div>\r\n<div id=\"attachment_9253\" style=\"width: 310px\" class=\"wp-caption alignright\"><a href=\"https:\/\/gg3.eu\/wp-content\/uploads\/2018\/12\/fenster-fuehrung-lueders-w.jpg\" data-rel=\"lightbox-image-3\" data-magnific_type=\"image\" data-rl_title=\"\" data-rl_caption=\"\"><img loading=\"lazy\" decoding=\"async\" aria-describedby=\"caption-attachment-9253\" class=\"wp-image-9253 size-medium\" title=\"\" src=\"https:\/\/gg3.eu\/wp-content\/uploads\/2018\/12\/fenster-fuehrung-lueders-w-300x225.jpg\" alt=\"Mona L\u00fcders F\u00fchrung vor Fenster des Konsums\" width=\"300\" height=\"225\" srcset=\"https:\/\/gg3.eu\/wp-content\/uploads\/2018\/12\/fenster-fuehrung-lueders-w-300x225.jpg 300w, https:\/\/gg3.eu\/wp-content\/uploads\/2018\/12\/fenster-fuehrung-lueders-w-768x576.jpg 768w, https:\/\/gg3.eu\/wp-content\/uploads\/2018\/12\/fenster-fuehrung-lueders-w.jpg 1024w\" sizes=\"auto, (max-width: 300px) 100vw, 300px\" \/><\/a><p id=\"caption-attachment-9253\" class=\"wp-caption-text\">Mona L\u00fcders F\u00fchrung vor Fenster des Konsums<\/p><\/div>\r\n<p>&nbsp;<\/p>\r\n<p>&nbsp;<\/p>\r\n<p>&nbsp;<\/p>\r\n<p>&nbsp;<\/p>\r\n<p>&nbsp;<\/p>\r\n<p>&nbsp;<\/p>\r\n<p>28.6. <strong>Ausstellung<\/strong> 17 bis 20 Uhr, <span lang=\"en-US\"><a href=\"http:\/\/www.klaranemethy.com\/\">Kl\u00e1ra N\u00e9methy<\/a><\/span> ist anwesend.<\/p>\r\n<p class=\"\">5. 7., 19 Uhr. <strong>K\u00fcnstlergespr\u00e4ch<\/strong>: Die K\u00fcnstlerinnen sprechen mit G\u00e4sten \u00fcber Ihre Werke. Ausstellung 17 bis 20 Uhr<\/p>\r\n<p>12.7. <strong>Ausstellung<\/strong> 17 bis 20 Uhr, <span lang=\"en-US\"><a href=\"http:\/\/www.klaranemethy.com\/\">Kl\u00e1ra N\u00e9methy<\/a><\/span> ist anwesend.<br \/>19.7 <strong>Ausstellung<\/strong> 17 bis 20 Uhr, <span lang=\"en-US\">Mona L\u00fcders<\/span> ist anwesend.<br \/>26.7.und 2.8. <strong>Aussen Galerie<\/strong><\/p>\r\n\r\n\r\n\r\n\r\n\r\n\r\n\r\n\r\n\r\n<p><strong>Finissage<\/strong>: 9.8., 19 Uhr, <strong>Vortrag mit Gespr\u00e4ch<\/strong>: Alfred Banze: &#8220;<a href=\"http:\/\/campingakademie.org\/social-plastic\/\">Social Plastic<\/a>&#8220;, Gemeinschaftskunstprojekt der Camping Akademie e.V., Deutschland, in Zusammenarbeit mit Baan Noorg Collaborative Arts &amp; Culture, Thailand, und Jatiwangi Art Factory, Indonesien.<br \/>Ausstellung ab 17 Uhr<\/p>\r\n<div id=\"attachment_9312\" style=\"width: 310px\" class=\"wp-caption alignright\"><a href=\"https:\/\/gg3.eu\/wp-content\/uploads\/2018\/12\/t\u00e4nzerin-und-plastikstupa-w.jpg\" data-rel=\"lightbox-image-4\" data-magnific_type=\"image\" data-rl_title=\"\" data-rl_caption=\"\"><img loading=\"lazy\" decoding=\"async\" aria-describedby=\"caption-attachment-9312\" class=\"wp-image-9312 size-medium\" title=\"\" src=\"https:\/\/gg3.eu\/wp-content\/uploads\/2018\/12\/t\u00e4nzerin-und-plastikstupa-w-300x169.jpg\" alt=\"T\u00e4nzerin vor Plastikstupa. Fenster des Konsums.\" width=\"300\" height=\"169\" srcset=\"https:\/\/gg3.eu\/wp-content\/uploads\/2018\/12\/t\u00e4nzerin-und-plastikstupa-w-300x169.jpg 300w, https:\/\/gg3.eu\/wp-content\/uploads\/2018\/12\/t\u00e4nzerin-und-plastikstupa-w-768x432.jpg 768w, https:\/\/gg3.eu\/wp-content\/uploads\/2018\/12\/t\u00e4nzerin-und-plastikstupa-w.jpg 1024w\" sizes=\"auto, (max-width: 300px) 100vw, 300px\" \/><\/a><p id=\"caption-attachment-9312\" class=\"wp-caption-text\">T\u00e4nzerin vor Plastikstupa<\/p><\/div>\r\n<div id=\"attachment_9311\" style=\"width: 310px\" class=\"wp-caption alignleft\"><a href=\"https:\/\/gg3.eu\/wp-content\/uploads\/2018\/12\/moenche-und-plastik-killer-w.jpg\" data-rel=\"lightbox-image-5\" data-magnific_type=\"image\" data-rl_title=\"\" data-rl_caption=\"\"><img loading=\"lazy\" decoding=\"async\" aria-describedby=\"caption-attachment-9311\" class=\"wp-image-9311 size-medium\" title=\"\" src=\"https:\/\/gg3.eu\/wp-content\/uploads\/2018\/12\/moenche-und-plastik-killer-w-300x169.jpg\" alt=\"M\u00f6nche mit Plastikkiller. Fenster des Konsums\" width=\"300\" height=\"169\" srcset=\"https:\/\/gg3.eu\/wp-content\/uploads\/2018\/12\/moenche-und-plastik-killer-w-300x169.jpg 300w, https:\/\/gg3.eu\/wp-content\/uploads\/2018\/12\/moenche-und-plastik-killer-w-768x432.jpg 768w, https:\/\/gg3.eu\/wp-content\/uploads\/2018\/12\/moenche-und-plastik-killer-w.jpg 1024w\" sizes=\"auto, (max-width: 300px) 100vw, 300px\" \/><\/a><p id=\"caption-attachment-9311\" class=\"wp-caption-text\">M\u00f6nche mit Plastikkiller<\/p><\/div>\r\n","protected":false},"excerpt":{"rendered":"<p>Ausstellung, Vortr\u00e4ge, Gespr\u00e4che, Installationen, Fotoschau, SoundMona L\u00fcders und Kl\u00e1ra N\u00e9methy stellen drinnen und aussen aus zu Plastik und Konsumverhalten: &#8220;Fenster des Konsums&#8221;. Zu h\u00f6ren sind Sound Effekte vom Komponisten Amir Shpilman.21.6.2019&nbsp; &#8211; 9.8.2019, Ausstellung in der Galerie freitags 17-20 Uhr und im Vorgarten w\u00e4hrend der Laufzeit. Mona L\u00fcders aus Berlin verwandelt den Abfall von ausgesuchten [&hellip;]<\/p>\n","protected":false},"author":5,"featured_media":0,"parent":0,"menu_order":0,"comment_status":"closed","ping_status":"closed","template":"","meta":{"footnotes":""},"tags":[],"class_list":["post-9004","page","type-page","status-publish","hentry"],"yoast_head":"<!-- This site is optimized with the Yoast SEO plugin v27.5 - https:\/\/yoast.com\/product\/yoast-seo-wordpress\/ -->\n<title>Consumption window<\/title>\n<meta name=\"description\" content=\"Exhibition, lecture, talks, installation, photo. Mona L\u00fcders and Kl\u00e1ra N\u00e9methy exhibit on plastic and consumerism: &quot;Windows of Consumption&quot;.\" \/>\n<meta name=\"robots\" content=\"index, follow, max-snippet:-1, max-image-preview:large, max-video-preview:-1\" \/>\n<link rel=\"canonical\" href=\"https:\/\/gg3.eu\/en\/window-of-consumption\/\" \/>\n<meta property=\"og:locale\" content=\"en_US\" \/>\n<meta property=\"og:type\" content=\"article\" \/>\n<meta property=\"og:title\" content=\"Consumption window\" \/>\n<meta property=\"og:description\" content=\"Exhibition, lecture, talks, installation, photo. Mona L\u00fcders and Kl\u00e1ra N\u00e9methy exhibit on plastic and consumerism: &quot;Windows of Consumption&quot;.\" \/>\n<meta property=\"og:url\" content=\"https:\/\/gg3.eu\/en\/window-of-consumption\/\" \/>\n<meta property=\"og:site_name\" content=\"Galerie f\u00fcr nachhaltige Kunst in Berlin\" \/>\n<meta property=\"article:publisher\" content=\"https:\/\/www.facebook.com\/GroupGlobal3000\/\" \/>\n<meta property=\"article:modified_time\" content=\"2022-09-11T12:07:17+00:00\" \/>\n<meta property=\"og:image\" content=\"https:\/\/gg3.eu\/wp-content\/uploads\/2018\/12\/Window_red_w-225x300.jpg\" \/>\n<meta name=\"twitter:card\" content=\"summary_large_image\" \/>\n<meta name=\"twitter:label1\" content=\"Est. reading time\" \/>\n\t<meta name=\"twitter:data1\" content=\"2 minutes\" \/>\n<script type=\"application\/ld+json\" class=\"yoast-schema-graph\">{\"@context\":\"https:\\\/\\\/schema.org\",\"@graph\":[{\"@type\":\"WebPage\",\"@id\":\"https:\\\/\\\/gg3.eu\\\/en\\\/window-of-consumption\\\/\",\"url\":\"https:\\\/\\\/gg3.eu\\\/en\\\/window-of-consumption\\\/\",\"name\":\"Consumption window\",\"isPartOf\":{\"@id\":\"https:\\\/\\\/gg3.eu\\\/en\\\/#website\"},\"primaryImageOfPage\":{\"@id\":\"https:\\\/\\\/gg3.eu\\\/en\\\/window-of-consumption\\\/#primaryimage\"},\"image\":{\"@id\":\"https:\\\/\\\/gg3.eu\\\/en\\\/window-of-consumption\\\/#primaryimage\"},\"thumbnailUrl\":\"https:\\\/\\\/gg3.eu\\\/wp-content\\\/uploads\\\/2018\\\/12\\\/Window_red_w-225x300.jpg\",\"datePublished\":\"2019-03-07T12:17:13+00:00\",\"dateModified\":\"2022-09-11T12:07:17+00:00\",\"description\":\"Exhibition, lecture, talks, installation, photo. Mona L\u00fcders and Kl\u00e1ra N\u00e9methy exhibit on plastic and consumerism: \\\"Windows of Consumption\\\".\",\"breadcrumb\":{\"@id\":\"https:\\\/\\\/gg3.eu\\\/en\\\/window-of-consumption\\\/#breadcrumb\"},\"inLanguage\":\"en-US\",\"potentialAction\":[{\"@type\":\"ReadAction\",\"target\":[\"https:\\\/\\\/gg3.eu\\\/en\\\/window-of-consumption\\\/\"]}]},{\"@type\":\"ImageObject\",\"inLanguage\":\"en-US\",\"@id\":\"https:\\\/\\\/gg3.eu\\\/en\\\/window-of-consumption\\\/#primaryimage\",\"url\":\"https:\\\/\\\/gg3.eu\\\/wp-content\\\/uploads\\\/2018\\\/12\\\/Window_red_w-225x300.jpg\",\"contentUrl\":\"https:\\\/\\\/gg3.eu\\\/wp-content\\\/uploads\\\/2018\\\/12\\\/Window_red_w-225x300.jpg\"},{\"@type\":\"BreadcrumbList\",\"@id\":\"https:\\\/\\\/gg3.eu\\\/en\\\/window-of-consumption\\\/#breadcrumb\",\"itemListElement\":[{\"@type\":\"ListItem\",\"position\":1,\"name\":\"Startseite\",\"item\":\"https:\\\/\\\/gg3.eu\\\/en\\\/\"},{\"@type\":\"ListItem\",\"position\":2,\"name\":\"Consumption window\"}]},{\"@type\":\"WebSite\",\"@id\":\"https:\\\/\\\/gg3.eu\\\/en\\\/#website\",\"url\":\"https:\\\/\\\/gg3.eu\\\/en\\\/\",\"name\":\"Galerie f\u00fcr nachhaltige Kunst in Berlin\",\"description\":\"\",\"potentialAction\":[{\"@type\":\"SearchAction\",\"target\":{\"@type\":\"EntryPoint\",\"urlTemplate\":\"https:\\\/\\\/gg3.eu\\\/en\\\/?s={search_term_string}\"},\"query-input\":{\"@type\":\"PropertyValueSpecification\",\"valueRequired\":true,\"valueName\":\"search_term_string\"}}],\"inLanguage\":\"en-US\"}]}<\/script>\n<!-- \/ Yoast SEO plugin. -->","yoast_head_json":{"title":"Consumption window","description":"Exhibition, lecture, talks, installation, photo. Mona L\u00fcders and Kl\u00e1ra N\u00e9methy exhibit on plastic and consumerism: \"Windows of Consumption\".","robots":{"index":"index","follow":"follow","max-snippet":"max-snippet:-1","max-image-preview":"max-image-preview:large","max-video-preview":"max-video-preview:-1"},"canonical":"https:\/\/gg3.eu\/en\/window-of-consumption\/","og_locale":"en_US","og_type":"article","og_title":"Consumption window","og_description":"Exhibition, lecture, talks, installation, photo. Mona L\u00fcders and Kl\u00e1ra N\u00e9methy exhibit on plastic and consumerism: \"Windows of Consumption\".","og_url":"https:\/\/gg3.eu\/en\/window-of-consumption\/","og_site_name":"Galerie f\u00fcr nachhaltige Kunst in Berlin","article_publisher":"https:\/\/www.facebook.com\/GroupGlobal3000\/","article_modified_time":"2022-09-11T12:07:17+00:00","og_image":[{"url":"https:\/\/gg3.eu\/wp-content\/uploads\/2018\/12\/Window_red_w-225x300.jpg","type":"","width":"","height":""}],"twitter_card":"summary_large_image","twitter_misc":{"Est. reading time":"2 minutes"},"schema":{"@context":"https:\/\/schema.org","@graph":[{"@type":"WebPage","@id":"https:\/\/gg3.eu\/en\/window-of-consumption\/","url":"https:\/\/gg3.eu\/en\/window-of-consumption\/","name":"Consumption window","isPartOf":{"@id":"https:\/\/gg3.eu\/en\/#website"},"primaryImageOfPage":{"@id":"https:\/\/gg3.eu\/en\/window-of-consumption\/#primaryimage"},"image":{"@id":"https:\/\/gg3.eu\/en\/window-of-consumption\/#primaryimage"},"thumbnailUrl":"https:\/\/gg3.eu\/wp-content\/uploads\/2018\/12\/Window_red_w-225x300.jpg","datePublished":"2019-03-07T12:17:13+00:00","dateModified":"2022-09-11T12:07:17+00:00","description":"Exhibition, lecture, talks, installation, photo. Mona L\u00fcders and Kl\u00e1ra N\u00e9methy exhibit on plastic and consumerism: \"Windows of Consumption\".","breadcrumb":{"@id":"https:\/\/gg3.eu\/en\/window-of-consumption\/#breadcrumb"},"inLanguage":"en-US","potentialAction":[{"@type":"ReadAction","target":["https:\/\/gg3.eu\/en\/window-of-consumption\/"]}]},{"@type":"ImageObject","inLanguage":"en-US","@id":"https:\/\/gg3.eu\/en\/window-of-consumption\/#primaryimage","url":"https:\/\/gg3.eu\/wp-content\/uploads\/2018\/12\/Window_red_w-225x300.jpg","contentUrl":"https:\/\/gg3.eu\/wp-content\/uploads\/2018\/12\/Window_red_w-225x300.jpg"},{"@type":"BreadcrumbList","@id":"https:\/\/gg3.eu\/en\/window-of-consumption\/#breadcrumb","itemListElement":[{"@type":"ListItem","position":1,"name":"Startseite","item":"https:\/\/gg3.eu\/en\/"},{"@type":"ListItem","position":2,"name":"Consumption window"}]},{"@type":"WebSite","@id":"https:\/\/gg3.eu\/en\/#website","url":"https:\/\/gg3.eu\/en\/","name":"Galerie f\u00fcr nachhaltige Kunst in Berlin","description":"","potentialAction":[{"@type":"SearchAction","target":{"@type":"EntryPoint","urlTemplate":"https:\/\/gg3.eu\/en\/?s={search_term_string}"},"query-input":{"@type":"PropertyValueSpecification","valueRequired":true,"valueName":"search_term_string"}}],"inLanguage":"en-US"}]}},"_links":{"self":[{"href":"https:\/\/gg3.eu\/en\/wp-json\/wp\/v2\/pages\/9004","targetHints":{"allow":["GET"]}}],"collection":[{"href":"https:\/\/gg3.eu\/en\/wp-json\/wp\/v2\/pages"}],"about":[{"href":"https:\/\/gg3.eu\/en\/wp-json\/wp\/v2\/types\/page"}],"author":[{"embeddable":true,"href":"https:\/\/gg3.eu\/en\/wp-json\/wp\/v2\/users\/5"}],"replies":[{"embeddable":true,"href":"https:\/\/gg3.eu\/en\/wp-json\/wp\/v2\/comments?post=9004"}],"version-history":[{"count":0,"href":"https:\/\/gg3.eu\/en\/wp-json\/wp\/v2\/pages\/9004\/revisions"}],"wp:attachment":[{"href":"https:\/\/gg3.eu\/en\/wp-json\/wp\/v2\/media?parent=9004"}],"wp:term":[{"taxonomy":"post_tag","embeddable":true,"href":"https:\/\/gg3.eu\/en\/wp-json\/wp\/v2\/tags?post=9004"}],"curies":[{"name":"wp","href":"https:\/\/api.w.org\/{rel}","templated":true}]}}