{"id":8447,"date":"2018-12-11T17:15:56","date_gmt":"2018-12-11T16:15:56","guid":{"rendered":"https:\/\/groupglobal3000.de\/?page_id=8447"},"modified":"2025-07-16T08:46:12","modified_gmt":"2025-07-16T06:46:12","slug":"the-flood-today","status":"publish","type":"page","link":"https:\/\/gg3.eu\/en\/2019-3\/the-flood-today\/","title":{"rendered":"The Flood today"},"content":{"rendered":"\r\n<h2>Wir bedauern, dass unsere Ausstellung von 2019 heute in 2021 wieder aktuell ist. Dieses Mal m\u00fcssen wir leider auch von Toten sprechen. <a href=\"https:\/\/www.spiegel.de\/wissenschaft\/natur\/extremregen-wie-der-klimawandel-mit-den-ueberschwemmungen-zusammenhaengt-a-98c195ad-c489-42da-9b44-58a6ef96223b?utm_source=pocket-newtab-global-de-DE\">Es ist\u00a0 nicht das Wetter, sondern die Klimakrise.<\/a><\/h2>\r\n<h2>Ausstellung, Gespr\u00e4che, Vortrag <br \/>15.3. &#8211; 10.5.2019, freitags 17- 20 Uhr<\/h2>\r\n\r\n\r\n\r\n\r\n\r\n<div id=\"attachment_6861\" style=\"width: 650px\" class=\"wp-caption alignnone\"><a href=\"https:\/\/gg3.eu\/wp-content\/uploads\/2018\/06\/schwemmgut-w-1.jpg\" data-rel=\"lightbox-image-0\" data-magnific_type=\"image\" data-rl_title=\"\" data-rl_caption=\"\"><img loading=\"lazy\" decoding=\"async\" aria-describedby=\"caption-attachment-6861\" class=\"wp-image-6861 size-large\" title=\"\" src=\"https:\/\/gg3.eu\/wp-content\/uploads\/2018\/06\/schwemmgut-w-1-1024x768.jpg\" alt=\"Schwimmgut, C T.A., Sintflut heute\" width=\"640\" height=\"480\" \/><\/a><p id=\"caption-attachment-6861\" class=\"wp-caption-text\">Schwimmgut, C T.A.<\/p><\/div>\r\n<p class=\"wp-block-image\">\u00dcberflutete Keller, abgedeckte D\u00e4cher, im Schlamm versinkende M\u00f6bel. <a href=\"https:\/\/www.zeit.de\/wissen\/umwelt\/2017-07\/starkregen-dauerregen-wetter-klimawandel-regen-meteorologie\">Immer \u00f6fter<\/a> treten meist im Sommer extreme Wetterereignisse kurzer Dauer und hoher Intensit\u00e4t wie Starkregen oder St\u00fcrme an bisher nicht erwarteten Orten auf und verursachen Millionensch\u00e4den. Ganze \u00c4cker sind weggesp\u00fclt worden und haben Ortschaften verschlammt. In der Ebene k\u00f6nnen weite Fl\u00e4chen schnell unter Wasser stehen.<\/p>\r\n\r\n\r\n\r\n<p>Reasons are climate change, increasing land sealing, increased stormwater drainage through sewer systems, short crop rotations, humus depletion and uncovered areas of intensive agriculture. For a long time, urban planners thought that water was technically controllable. Today, states, municipalities and citizens are being asked to take <a href=\"https:\/\/starkgegenstarkregen.de\/\">precautions<\/a>. Renaturation measures on water bodies are intended to contribute to flood protection. Stormwater detention basins and flood depressions are established, heavy rainfall risk is managed, and flood alert levels are modeled. Organic farming protects the resource soil and helps to store rain.<\/p>\r\n\r\n\r\n\r\n<h2>K\u00fcnstler*innen<\/h2>\r\n<p>The exhibition &#8220;The Flood Today&#8221; features artworks by 13 artists who explore the relationship between human intervention and natural disasters. Man&#8217;s impact on the Earth is growing exponentially and leaving a very long mark. Rising sea levels, washed away fields, silted villages, sunken houses are the result of climate change, increasing soil sealing, increased storm water drainage and intensive agriculture.<\/p>\r\n<p>The multidisciplinary exhibition features paintings, photography, video, installation, collage, and performance on the theme of heavy rain. The powerful and often disturbing statements show deep personal concern and artistic expression in painting, video, installation, object, collage, vitrine and performance:<\/p>\r\n<p><a href=\"https:\/\/www.tomalbrechtart.de\/\">Tom Albrecht<\/a>, <a href=\"https:\/\/www.charlotte-bastian.de\/\">Charlotte Bastian<\/a>, <a href=\"http:\/\/www.thomas-behling.de\">Thomas Behling<\/a>, <a href=\"http:\/\/www.joernbirkholz.tumblr.com\">J\u00f6rn Birkholz<\/a> \/ <a href=\"http:\/\/www.stephangross.net\">Stephan Gro\u00df<\/a>, <a href=\"http:\/\/www.barbara-czarnojahn.de\">Barbara Czarnojahn<\/a>, <a href=\"http:\/\/helga-franz.de\">Helga Franz<\/a>, Amelie von Godin, <a href=\"http:\/\/www.gerten-goldbeck.de\">Gerten Goldbeck<\/a>, <a href=\"http:\/\/www.isabellkamp.de\">Isabell Kamp<\/a>, <br \/><a href=\"http:\/\/www.mariakorporal.com\">Maria Korporal<\/a>, <a href=\"http:\/\/www.axalloyd.com\/\">Angela Alexander-Lloyd<\/a>, <a href=\"http:\/\/www.annarafetseder.at\">Anna Rafetseder<\/a>, Rosa Schmidt<\/p>\r\n<h2>Die Werke<\/h2>\r\n<div id=\"attachment_9624\" style=\"width: 276px\" class=\"wp-caption alignright\"><a href=\"https:\/\/gg3.eu\/wp-content\/uploads\/2019\/11\/charlotte-bastian_landunter7_175x155cm_2013-2-w.jpg\" data-rel=\"lightbox-image-1\" data-magnific_type=\"image\" data-rl_title=\"\" data-rl_caption=\"\"><img loading=\"lazy\" decoding=\"async\" aria-describedby=\"caption-attachment-9624\" class=\"wp-image-9624 size-medium\" title=\"\" src=\"https:\/\/gg3.eu\/wp-content\/uploads\/2019\/11\/charlotte-bastian_landunter7_175x155cm_2013-2-w-266x300.jpg\" alt=\"Land unter 7. Charlotte Bastian. Acryl auf Leinwand. 175 x 155 cm Sintflut heute\" width=\"266\" height=\"300\" srcset=\"https:\/\/gg3.eu\/wp-content\/uploads\/2019\/11\/charlotte-bastian_landunter7_175x155cm_2013-2-w-266x300.jpg 266w, https:\/\/gg3.eu\/wp-content\/uploads\/2019\/11\/charlotte-bastian_landunter7_175x155cm_2013-2-w-768x866.jpg 768w, https:\/\/gg3.eu\/wp-content\/uploads\/2019\/11\/charlotte-bastian_landunter7_175x155cm_2013-2-w.jpg 887w\" sizes=\"auto, (max-width: 266px) 100vw, 266px\" \/><\/a><p id=\"caption-attachment-9624\" class=\"wp-caption-text\">Land unter 7. <a href=\"https:\/\/www.charlotte-bastian.de\/\">Charlotte Bastian<\/a>, 2013, Acryl auf Leinwand, 175 x 155 cm<\/p><\/div>\r\n<p><span style=\"font-size: large;\"><span style=\"font-size: medium;\"><a class=\"western\" href=\"https:\/\/www.tomalbrechtart.de\/\">Tom Albrecht<\/a> illustrates<\/span><span style=\"font-size: medium;\">in his<\/span><span style=\"font-size: medium;\"> work, <\/span><span style=\"font-size: medium;\">how<\/span><span style=\"font-size: medium;\"> lives and material values are destroyed in heavy rain.<\/span><\/span><\/p>\r\n<div id=\"attachment_9623\" style=\"width: 310px\" class=\"wp-caption aligncenter\"><a href=\"https:\/\/gg3.eu\/wp-content\/uploads\/2019\/11\/welche-krise-w.jpg\" data-rel=\"lightbox-image-2\" data-magnific_type=\"image\" data-rl_title=\"\" data-rl_caption=\"\"><img loading=\"lazy\" decoding=\"async\" aria-describedby=\"caption-attachment-9623\" class=\"wp-image-9623 size-medium\" title=\"\" src=\"https:\/\/gg3.eu\/wp-content\/uploads\/2019\/11\/welche-krise-w-300x225.jpg\" alt=\"Welche Krise?, Tom Albrecht. Objekt: Aquarium, Pumpe, Wasser, Lehm, Steine, Modellfiguren, -haus, -autos Sintflut heute\" width=\"300\" height=\"225\" srcset=\"https:\/\/gg3.eu\/wp-content\/uploads\/2019\/11\/welche-krise-w-300x225.jpg 300w, https:\/\/gg3.eu\/wp-content\/uploads\/2019\/11\/welche-krise-w-768x576.jpg 768w, https:\/\/gg3.eu\/wp-content\/uploads\/2019\/11\/welche-krise-w.jpg 1024w\" sizes=\"auto, (max-width: 300px) 100vw, 300px\" \/><\/a><p id=\"caption-attachment-9623\" class=\"wp-caption-text\">Welche Krise?, Tom Albrecht. 2019, Objekt: Aquarium, Pumpe, Wasser, Lehm, Steine, Modellfiguren, -haus, -autos<\/p><\/div>\r\n<p><span style=\"font-size: large;\"><span style=\"font-size: medium;\"><br \/><\/span><\/span><span style=\"font-size: large;\"><span style=\"font-size: medium;\"><a class=\"western\" href=\"https:\/\/www.charlotte-bastian.de\/\">Charlotte Bastian <\/a><\/span><span style=\"font-size: medium;\">painted how the<\/span><span style=\"font-size: medium;\"> floods in 7 countries of Central Europe <\/span><span style=\"font-size: medium;\">2<\/span><span style=\"font-size: medium;\">013 caused days of rain<\/span><span style=\"font-size: medium;\">e<\/span><span style=\"font-size: medium;\">.<br \/><a class=\"western\" href=\"http:\/\/www.thomas-behling.de\/\">Thomas Behling<\/a><\/span><span style=\"font-size: medium;\">shows in his showcase a picture of the earth at a sea level rise of <\/span> <\/span><span style=\"font-size: large;\"><span style=\"font-size: medium;\">60 meters.<br \/>J\u00f6rn Birkholz \/ <a class=\"western\" href=\"http:\/\/www.stephangross.net\/\">Stephan Gro\u00df<\/a> <\/span><span style=\"font-size: medium;\">combine in their <\/span><span style=\"font-size: medium;\">surrealist photomontage in a cheerfully ironic vision of an apocalyptic deluge, combining various scenes of triumph and disaster.<br \/><a class=\"western\" href=\"http:\/\/www.barbara-czarnojahn.de\/\">Barbara Czarnojahn<\/a><\/span> <span style=\"font-size: medium;\">builds her pictures <\/span><span style=\"font-size: medium;\">au<\/span><span style=\"font-size: medium;\">s<\/span><span style=\"font-size: medium;\"> biographical material in the field of tension between utility, threat, and beauty. <br \/><a class=\"western\" href=\"http:\/\/helga-franz.de\/\">Helga Franz<\/a> examines<\/span><span style=\"font-size: medium;\">t<\/span> <span style=\"font-size: medium;\">in her aerial photographs <\/span><span style=\"font-size: medium;\">as a photographer and pilot changes manipulated landscapes.<br \/><\/span><\/span><span lang=\"de-DE\">Amelie von Godin <\/span><span lang=\"de-DE\">will <\/span> perform<span lang=\"de-DE\">at the finissage <\/span><span lang=\"de-DE\">the<\/span> creature whose memory still seems to live in the Western, upper middle class.<span style=\"font-size: large;\"><br \/><span style=\"font-size: medium;\"> <a class=\"western\" href=\"http:\/\/www.gerten-goldbeck.de\/\">Gerten Goldbeck:<\/a> <\/span><span style=\"font-size: medium;\"> In her installation, we drown in the flood of data without changing the world.<br \/><a class=\"western\" href=\"http:\/\/www.isabellkamp.de\/\">Isabell Kamp<\/a><\/span> <span style=\"font-size: medium;\"> shows a video in which a bust, grabbed by two hands, steadily disintegrates in the water. <br \/><a class=\"western\" href=\"http:\/\/www.mariakorporal.com\/\">Maria Corporal:<\/a><\/span><span style=\"font-size: medium;\"> In her experimental <\/span><span style=\"font-size: medium;\">video <\/span><span style=\"font-size: medium;\">with<\/span><span style=\"font-size: medium;\"> animation <\/span><span style=\"font-size: medium;\">she sees the climatological events she documents as warning signs for big industry and governments.<br \/><a class=\"western\" href=\"http:\/\/www.axalloyd.com\/\">Angela Alexander-Lloyd<\/a><\/span> <span style=\"font-size: medium;\"> Their<\/span><span style=\"font-size: medium;\"> Work is a metaphor for our collective lethargic engagement with the critical issues of climate change.<br \/><a class=\"western\" href=\"http:\/\/www.annarafetseder.at\/\">Anna Rafetseder<\/a><\/span> <span style=\"font-size: medium;\"> shows the<\/span> <span style=\"font-size: medium;\">obvious <\/span><span style=\"font-size: medium;\">connection between human intervention and &#8220;natural disasters.&#8221;<br \/>Rosa Schmidt <\/span><span style=\"font-size: medium;\">draws a picture between post-apocalyptic olive branch hope and urban intervention in her performative installation.<\/span><\/span><\/p>\r\n<div id=\"attachment_8989\" style=\"width: 650px\" class=\"wp-caption alignnone\"><a href=\"https:\/\/gg3.eu\/wp-content\/uploads\/2019\/03\/Maria-Korporal-Emergency-Call-Druck-w.jpg\" data-rel=\"lightbox-image-3\" data-magnific_type=\"image\" data-rl_title=\"Maria-Korporal-Emergency-Call\" data-rl_caption=\"Maria-Korporal-Emergency-Call\" title=\"Maria-Korporal-Emergency-Call\"><img loading=\"lazy\" decoding=\"async\" aria-describedby=\"caption-attachment-8989\" class=\"wp-image-8989 size-large\" src=\"https:\/\/gg3.eu\/wp-content\/uploads\/2019\/03\/Maria-Korporal-Emergency-Call-Druck-w-1024x738.jpg\" alt=\"Maria-Korporal-Emergency-Call\" width=\"640\" height=\"461\" srcset=\"https:\/\/gg3.eu\/wp-content\/uploads\/2019\/03\/Maria-Korporal-Emergency-Call-Druck-w.jpg 1024w, https:\/\/gg3.eu\/wp-content\/uploads\/2019\/03\/Maria-Korporal-Emergency-Call-Druck-w-300x216.jpg 300w, https:\/\/gg3.eu\/wp-content\/uploads\/2019\/03\/Maria-Korporal-Emergency-Call-Druck-w-768x554.jpg 768w\" sizes=\"auto, (max-width: 640px) 100vw, 640px\" \/><\/a><p id=\"caption-attachment-8989\" class=\"wp-caption-text\">Maria-Korporal-Emergency-Call<\/p><\/div>\r\n<h2>Programm Sintflut heute<\/h2>\r\n<ul>\r\n<li>\r\n<h3>Vernissage 15.3., 19 Uhr: Performance &#8220;Indigo Islands&#8221; von Rosa Schmidt<\/h3>\r\n<div id=\"attachment_9054\" style=\"width: 650px\" class=\"wp-caption alignnone\"><a href=\"https:\/\/gg3.eu\/wp-content\/uploads\/2018\/12\/perf-rosa-schmidt.jpg\" data-rel=\"lightbox-image-4\" data-magnific_type=\"image\" data-rl_title=\"\" data-rl_caption=\"\"><img loading=\"lazy\" decoding=\"async\" aria-describedby=\"caption-attachment-9054\" class=\"wp-image-9054 size-large\" title=\"\" src=\"https:\/\/gg3.eu\/wp-content\/uploads\/2018\/12\/perf-rosa-schmidt-1024x768.jpg\" alt=\"Performance \u201cIndigo Islands\u201d von Rosa Schmidt, Sintflut heute\" width=\"640\" height=\"480\" srcset=\"https:\/\/gg3.eu\/wp-content\/uploads\/2018\/12\/perf-rosa-schmidt.jpg 1024w, https:\/\/gg3.eu\/wp-content\/uploads\/2018\/12\/perf-rosa-schmidt-300x225.jpg 300w, https:\/\/gg3.eu\/wp-content\/uploads\/2018\/12\/perf-rosa-schmidt-768x576.jpg 768w\" sizes=\"auto, (max-width: 640px) 100vw, 640px\" \/><\/a><p id=\"caption-attachment-9054\" class=\"wp-caption-text\">Performance \u201cIndigo Islands\u201d von Rosa Schmidt<\/p><\/div>\r\n<iframe src=\"https:\/\/player.vimeo.com\/video\/324783425\" frameborder=\"0\" allowfullscreen=\"allowfullscreen\"><\/iframe>\r\n<h6>Live-Video der Vernissage, Aufnahme von Maria Korporal<\/h6>\r\n<\/li>\r\n<li>\r\n<h3>Ausstellung 22.3., 17- 20 Uhr: Der K\u00fcnstler <a href=\"http:\/\/www.thomas-behling.de\">Thomas Behling\u00a0<\/a>ist anwesend.<\/h3>\r\n<\/li>\r\n<li>\r\n<h3>K\u00fcnstlergespr\u00e4ch 29.3., 19 Uhr. K\u00fcnstler der Ausstellung sprechen mit G\u00e4sten \u00fcber ihre Werke.<\/h3>\r\nWir hatten einen intensiven Abend mit guten Gespr\u00e4chen von G\u00e4sten und K\u00fcnstlern unter dem Eindruck der heutigen Klima-Demonstration <a href=\"https:\/\/fridaysforfuture.de\/\">Friday for Future<\/a>. Unsere Werke gaben die Bilder f\u00fcr die Demonstration.<br \/>Ausstellung ab 17 Uhr. Der K\u00fcnstler Tom Albrecht ist anwesend.<\/li>\r\n<li>\r\n<h3>Ausstellung 5.4., 17- 20 Uhr. Die K\u00fcnstlerin Rosa Schmidt ist anwesend.<\/h3>\r\n<\/li>\r\n<li>\r\n<h3>Ausstellung 12.4., 17- 20 Uhr:\u00a0 Die K\u00fcnstlerin <a href=\"http:\/\/www.barbara-czarnojahn.de\">Barbara Czarnojahn<\/a> ist anwesend.<\/h3>\r\n<\/li>\r\n<li>\r\n<h3>&#8220;Sintfluten &#8211; von Mythen zur Wissenschaft&#8221;: Fach-Vortrag mit Gespr\u00e4ch 26.4., 19 Uhr, Frau Nasrin Haacke, TU Berlin, FG \u00d6kohydrologie &amp; Landschaftsbewertung, Institut f\u00fcr \u00d6kologie gehalten von Franziska T\u00fcgel, M.Sc., FG Wasserwirtschaft &amp; Hydrosystemmodellierung, Institut f\u00fcr Bauingenieurwesen, TU Berlin.<\/h3>\r\nAusstellung ab 17 Uhr. Der K\u00fcnstler Stephan Gro\u00df ist anwesend.\r\n<div id=\"attachment_9105\" style=\"width: 310px\" class=\"wp-caption alignnone\"><a href=\"https:\/\/gg3.eu\/wp-content\/uploads\/2018\/12\/erste-folie-haacke-tuegel.jpg\" rel=\"https:\/\/gg3.eu\/wp-content\/uploads\/2018\/12\/GG3_Tuegel_Haacke2019_V4-compressed.pdf\" data-rel=\"lightbox-image-5\" data-magnific_type=\"image\" data-rl_title=\"\" data-rl_caption=\"\"><img loading=\"lazy\" decoding=\"async\" aria-describedby=\"caption-attachment-9105\" class=\"wp-image-9105 size-medium\" title=\"\" src=\"https:\/\/gg3.eu\/wp-content\/uploads\/2018\/12\/erste-folie-haacke-tuegel-300x224.jpg\" alt=\"Vortrag &quot;Sintfluten - von Mythen zur Wissenschaft&quot; Sintflut heute\" width=\"300\" height=\"224\" srcset=\"https:\/\/gg3.eu\/wp-content\/uploads\/2018\/12\/erste-folie-haacke-tuegel-300x224.jpg 300w, https:\/\/gg3.eu\/wp-content\/uploads\/2018\/12\/erste-folie-haacke-tuegel-768x574.jpg 768w, https:\/\/gg3.eu\/wp-content\/uploads\/2018\/12\/erste-folie-haacke-tuegel.jpg 1024w\" sizes=\"auto, (max-width: 300px) 100vw, 300px\" \/><\/a><p id=\"caption-attachment-9105\" class=\"wp-caption-text\"><a href=\"https:\/\/gg3.eu\/wp-content\/uploads\/2018\/12\/GG3_Tuegel_Haacke2019_V4-compressed-1.pdf\">Vortrag, pdf, 69 Folien, 5,7MB<\/a><\/p><\/div>\r\n<\/li>\r\n<li>\r\n<h3>Ausstellung 3.5., 17- 20 Uhr. Die K\u00fcnstlerin <a href=\"https:\/\/www.charlotte-bastian.de\/\">Charlotte Bastian<\/a> ist anwesend.<\/h3>\r\n<\/li>\r\n<li>\r\n<h3>Finissage 10.5., 19 Uhr: <a href=\"https:\/\/vimeo.com\/335560881\">Performance &#8220;Atoll Hurawalhi&#8221;<\/a>(Video 6 Min.) von Amelie von Godin. Ausstellung ab 17 Uhr. Der K\u00fcnstler Tom Albrecht ist anwesend.<\/h3>\r\n<\/li>\r\n<\/ul>\r\n<p><strong>Jury: GG3 <\/strong><strong>, Curator<\/strong>: Tom Albrecht<\/p>\r\n\r\n\r\n\r\n\r\n\r\n\r\n\r\n\r\n\r\n\r\n\r\n\r\n\r\n\r\n\r\n\r\n\r\n\r\n\r\n\r\n\r\n<p>&nbsp;<\/p>","protected":false},"excerpt":{"rendered":"<p>Wir bedauern, dass unsere Ausstellung von 2019 heute in 2021 wieder aktuell ist. Dieses Mal m\u00fcssen wir leider auch von Toten sprechen. Es ist\u00a0 nicht das Wetter, sondern die Klimakrise. Ausstellung, Gespr\u00e4che, Vortrag 15.3. &#8211; 10.5.2019, freitags 17- 20 Uhr Reasons are climate change, increasing land sealing, increased stormwater drainage through sewer systems, short crop [&hellip;]<\/p>\n","protected":false},"author":5,"featured_media":0,"parent":9128,"menu_order":4,"comment_status":"closed","ping_status":"closed","template":"","meta":{"footnotes":""},"tags":[],"class_list":["post-8447","page","type-page","status-publish","hentry"],"yoast_head":"<!-- This site is optimized with the Yoast SEO plugin v27.4 - https:\/\/yoast.com\/product\/yoast-seo-wordpress\/ -->\n<title>The Flood today<\/title>\n<meta name=\"description\" content=\"Artists show their positions on &quot;heavy rain&quot;. The artists talk with guests about their works. Technical lecture &quot;Heavy rain\" \/>\n<meta name=\"robots\" content=\"index, follow, max-snippet:-1, max-image-preview:large, max-video-preview:-1\" \/>\n<link rel=\"canonical\" href=\"https:\/\/gg3.eu\/en\/2019-3\/the-flood-today\/\" \/>\n<meta property=\"og:locale\" content=\"en_US\" \/>\n<meta property=\"og:type\" content=\"article\" \/>\n<meta property=\"og:title\" content=\"The Flood today\" \/>\n<meta property=\"og:description\" content=\"Artists show their positions on &quot;heavy rain&quot;. The artists talk with guests about their works. Technical lecture &quot;Heavy rain\" \/>\n<meta property=\"og:url\" content=\"https:\/\/gg3.eu\/en\/2019-3\/the-flood-today\/\" \/>\n<meta property=\"og:site_name\" content=\"Galerie f\u00fcr nachhaltige Kunst in Berlin\" \/>\n<meta property=\"article:publisher\" content=\"https:\/\/www.facebook.com\/GroupGlobal3000\/\" \/>\n<meta property=\"article:modified_time\" content=\"2025-07-16T06:46:12+00:00\" \/>\n<meta name=\"twitter:card\" content=\"summary_large_image\" \/>\n<meta name=\"twitter:label1\" content=\"Est. reading time\" \/>\n\t<meta name=\"twitter:data1\" content=\"6 minutes\" \/>\n<script type=\"application\/ld+json\" class=\"yoast-schema-graph\">{\"@context\":\"https:\\\/\\\/schema.org\",\"@graph\":[{\"@type\":\"WebPage\",\"@id\":\"https:\\\/\\\/gg3.eu\\\/en\\\/2019-3\\\/the-flood-today\\\/\",\"url\":\"https:\\\/\\\/gg3.eu\\\/en\\\/2019-3\\\/the-flood-today\\\/\",\"name\":\"The Flood today\",\"isPartOf\":{\"@id\":\"https:\\\/\\\/gg3.eu\\\/en\\\/#website\"},\"primaryImageOfPage\":{\"@id\":\"https:\\\/\\\/gg3.eu\\\/en\\\/2019-3\\\/the-flood-today\\\/#primaryimage\"},\"image\":{\"@id\":\"https:\\\/\\\/gg3.eu\\\/en\\\/2019-3\\\/the-flood-today\\\/#primaryimage\"},\"thumbnailUrl\":\"https:\\\/\\\/gg3.eu\\\/wp-content\\\/uploads\\\/2018\\\/06\\\/schwemmgut-w-1-1024x768.jpg\",\"datePublished\":\"2018-12-11T16:15:56+00:00\",\"dateModified\":\"2025-07-16T06:46:12+00:00\",\"description\":\"Artists show their positions on \\\"heavy rain\\\". The artists talk with guests about their works. Technical lecture \\\"Heavy rain\",\"breadcrumb\":{\"@id\":\"https:\\\/\\\/gg3.eu\\\/en\\\/2019-3\\\/the-flood-today\\\/#breadcrumb\"},\"inLanguage\":\"en-US\",\"potentialAction\":[{\"@type\":\"ReadAction\",\"target\":[\"https:\\\/\\\/gg3.eu\\\/en\\\/2019-3\\\/the-flood-today\\\/\"]}]},{\"@type\":\"ImageObject\",\"inLanguage\":\"en-US\",\"@id\":\"https:\\\/\\\/gg3.eu\\\/en\\\/2019-3\\\/the-flood-today\\\/#primaryimage\",\"url\":\"https:\\\/\\\/gg3.eu\\\/wp-content\\\/uploads\\\/2018\\\/06\\\/schwemmgut-w-1-1024x768.jpg\",\"contentUrl\":\"https:\\\/\\\/gg3.eu\\\/wp-content\\\/uploads\\\/2018\\\/06\\\/schwemmgut-w-1-1024x768.jpg\"},{\"@type\":\"BreadcrumbList\",\"@id\":\"https:\\\/\\\/gg3.eu\\\/en\\\/2019-3\\\/the-flood-today\\\/#breadcrumb\",\"itemListElement\":[{\"@type\":\"ListItem\",\"position\":1,\"name\":\"Startseite\",\"item\":\"https:\\\/\\\/gg3.eu\\\/en\\\/\"},{\"@type\":\"ListItem\",\"position\":2,\"name\":\"2019\",\"item\":\"https:\\\/\\\/gg3.eu\\\/en\\\/2019-3\\\/\"},{\"@type\":\"ListItem\",\"position\":3,\"name\":\"The Flood today\"}]},{\"@type\":\"WebSite\",\"@id\":\"https:\\\/\\\/gg3.eu\\\/en\\\/#website\",\"url\":\"https:\\\/\\\/gg3.eu\\\/en\\\/\",\"name\":\"Galerie f\u00fcr nachhaltige Kunst in Berlin\",\"description\":\"\",\"potentialAction\":[{\"@type\":\"SearchAction\",\"target\":{\"@type\":\"EntryPoint\",\"urlTemplate\":\"https:\\\/\\\/gg3.eu\\\/en\\\/?s={search_term_string}\"},\"query-input\":{\"@type\":\"PropertyValueSpecification\",\"valueRequired\":true,\"valueName\":\"search_term_string\"}}],\"inLanguage\":\"en-US\"}]}<\/script>\n<!-- \/ Yoast SEO plugin. -->","yoast_head_json":{"title":"The Flood today","description":"Artists show their positions on \"heavy rain\". The artists talk with guests about their works. Technical lecture \"Heavy rain","robots":{"index":"index","follow":"follow","max-snippet":"max-snippet:-1","max-image-preview":"max-image-preview:large","max-video-preview":"max-video-preview:-1"},"canonical":"https:\/\/gg3.eu\/en\/2019-3\/the-flood-today\/","og_locale":"en_US","og_type":"article","og_title":"The Flood today","og_description":"Artists show their positions on \"heavy rain\". The artists talk with guests about their works. Technical lecture \"Heavy rain","og_url":"https:\/\/gg3.eu\/en\/2019-3\/the-flood-today\/","og_site_name":"Galerie f\u00fcr nachhaltige Kunst in Berlin","article_publisher":"https:\/\/www.facebook.com\/GroupGlobal3000\/","article_modified_time":"2025-07-16T06:46:12+00:00","twitter_card":"summary_large_image","twitter_misc":{"Est. reading time":"6 minutes"},"schema":{"@context":"https:\/\/schema.org","@graph":[{"@type":"WebPage","@id":"https:\/\/gg3.eu\/en\/2019-3\/the-flood-today\/","url":"https:\/\/gg3.eu\/en\/2019-3\/the-flood-today\/","name":"The Flood today","isPartOf":{"@id":"https:\/\/gg3.eu\/en\/#website"},"primaryImageOfPage":{"@id":"https:\/\/gg3.eu\/en\/2019-3\/the-flood-today\/#primaryimage"},"image":{"@id":"https:\/\/gg3.eu\/en\/2019-3\/the-flood-today\/#primaryimage"},"thumbnailUrl":"https:\/\/gg3.eu\/wp-content\/uploads\/2018\/06\/schwemmgut-w-1-1024x768.jpg","datePublished":"2018-12-11T16:15:56+00:00","dateModified":"2025-07-16T06:46:12+00:00","description":"Artists show their positions on \"heavy rain\". The artists talk with guests about their works. Technical lecture \"Heavy rain","breadcrumb":{"@id":"https:\/\/gg3.eu\/en\/2019-3\/the-flood-today\/#breadcrumb"},"inLanguage":"en-US","potentialAction":[{"@type":"ReadAction","target":["https:\/\/gg3.eu\/en\/2019-3\/the-flood-today\/"]}]},{"@type":"ImageObject","inLanguage":"en-US","@id":"https:\/\/gg3.eu\/en\/2019-3\/the-flood-today\/#primaryimage","url":"https:\/\/gg3.eu\/wp-content\/uploads\/2018\/06\/schwemmgut-w-1-1024x768.jpg","contentUrl":"https:\/\/gg3.eu\/wp-content\/uploads\/2018\/06\/schwemmgut-w-1-1024x768.jpg"},{"@type":"BreadcrumbList","@id":"https:\/\/gg3.eu\/en\/2019-3\/the-flood-today\/#breadcrumb","itemListElement":[{"@type":"ListItem","position":1,"name":"Startseite","item":"https:\/\/gg3.eu\/en\/"},{"@type":"ListItem","position":2,"name":"2019","item":"https:\/\/gg3.eu\/en\/2019-3\/"},{"@type":"ListItem","position":3,"name":"The Flood today"}]},{"@type":"WebSite","@id":"https:\/\/gg3.eu\/en\/#website","url":"https:\/\/gg3.eu\/en\/","name":"Galerie f\u00fcr nachhaltige Kunst in Berlin","description":"","potentialAction":[{"@type":"SearchAction","target":{"@type":"EntryPoint","urlTemplate":"https:\/\/gg3.eu\/en\/?s={search_term_string}"},"query-input":{"@type":"PropertyValueSpecification","valueRequired":true,"valueName":"search_term_string"}}],"inLanguage":"en-US"}]}},"_links":{"self":[{"href":"https:\/\/gg3.eu\/en\/wp-json\/wp\/v2\/pages\/8447","targetHints":{"allow":["GET"]}}],"collection":[{"href":"https:\/\/gg3.eu\/en\/wp-json\/wp\/v2\/pages"}],"about":[{"href":"https:\/\/gg3.eu\/en\/wp-json\/wp\/v2\/types\/page"}],"author":[{"embeddable":true,"href":"https:\/\/gg3.eu\/en\/wp-json\/wp\/v2\/users\/5"}],"replies":[{"embeddable":true,"href":"https:\/\/gg3.eu\/en\/wp-json\/wp\/v2\/comments?post=8447"}],"version-history":[{"count":3,"href":"https:\/\/gg3.eu\/en\/wp-json\/wp\/v2\/pages\/8447\/revisions"}],"predecessor-version":[{"id":33803,"href":"https:\/\/gg3.eu\/en\/wp-json\/wp\/v2\/pages\/8447\/revisions\/33803"}],"up":[{"embeddable":true,"href":"https:\/\/gg3.eu\/en\/wp-json\/wp\/v2\/pages\/9128"}],"wp:attachment":[{"href":"https:\/\/gg3.eu\/en\/wp-json\/wp\/v2\/media?parent=8447"}],"wp:term":[{"taxonomy":"post_tag","embeddable":true,"href":"https:\/\/gg3.eu\/en\/wp-json\/wp\/v2\/tags?post=8447"}],"curies":[{"name":"wp","href":"https:\/\/api.w.org\/{rel}","templated":true}]}}