{"id":7135,"date":"2018-09-13T16:15:17","date_gmt":"2018-09-13T14:15:17","guid":{"rendered":"https:\/\/groupglobal3000.de\/?page_id=7135"},"modified":"2021-10-10T11:35:51","modified_gmt":"2021-10-10T09:35:51","slug":"welcome-to-soil-of-which-we-live","status":"publish","type":"page","link":"https:\/\/gg3.eu\/en\/welcome-to-soil-of-which-we-live\/","title":{"rendered":"Welcome to the exhibition &#8220;The Soil of which we live&#8221;"},"content":{"rendered":"<h1><span id=\"result_box\" class=\"\" tabindex=\"-1\" lang=\"en\"><span title=\"Begr\u00fc\u00dfung zu der Ausstellung \u201eDer Boden von dem wir leben \u201c durch den Kurator Tom Albrecht zur Vernissage am 24.8.2018 \">By curator Tom Albrecht at the vernissage on 24.8.2018<\/span><\/span><\/h1>\n<div id=\"attachment_7130\" style=\"width: 235px\" class=\"wp-caption alignright\"><a href=\"https:\/\/gg3.eu\/wp-content\/uploads\/2018\/09\/Gaeste-vor-Bild-von-Clement-Loisel2.jpg\" data-rel=\"lightbox-image-0\" data-magnific_type=\"image\" data-rl_title=\"\" data-rl_caption=\"\"><img loading=\"lazy\" decoding=\"async\" aria-describedby=\"caption-attachment-7130\" class=\"wp-image-7130 size-medium\" title=\"\" src=\"https:\/\/gg3.eu\/wp-content\/uploads\/2018\/09\/Gaeste-vor-Bild-von-Clement-Loisel2-225x300.jpg\" alt=\"Guests at vernissage in front of picture by Clement Loisel. C.T.A.\" width=\"225\" height=\"300\"\/><\/a><p id=\"caption-attachment-7130\" class=\"wp-caption-text\">Guests at vernissage in front of picture by Clement Loisel. C.T.A.<\/p><\/div>\n<p><span title=\"Es geht uns darum den Wert des Boden zu zeigen, das Leben das in ihm steckt und sein Bedrohtsein. \">It is our interest to show the value of the soil, the life that is in it and its threat.<\/span><\/p>\n<p><span id=\"result_box\" class=\"\" tabindex=\"-1\" lang=\"en\"><span title=\"Drei K\u00fcnstler Matthias Fritsch, Irene Hoppenberg, Kirsten Wechslberger.\">Three artists Matthias Fritsch, Irene Hoppenberg, Kirsten Wechslberger. <\/span><span title=\"arbeiteten vier Wochen in der Akademie f\u00fcr Suffizienz in der Priegnitz und ihre Werke sind Teil dieser Ausstellung.\">worked four weeks in the Academy for Sufficiency in the Priegnitz and her works are part of this exhibition. <\/span><span title=\"Wir sind \u00fcberrascht \u00fcber ihre Produktvit\u00e4t dort. \">We are surprised about their productiveness there.<\/span><\/span><\/p>\n<p><span id=\"result_box\" class=\"\" tabindex=\"-1\" lang=\"en\"><span title=\"Ich stelle die K\u00fcnstler in alphabetischer Reihenfolge vor. \">I introduce the artists in alphabetical order.<\/span><\/span><\/p>\n<p><span id=\"result_box\" class=\"\" tabindex=\"-1\" lang=\"en\"><span title=\"Tom Albrecht wird nach dem K\u00fcnstlergespr\u00e4ch am 14.9.\">Tom Albrecht will attend the artist talk on 14.9. <\/span><span title=\"in einer kollektiven dialogischen Aktion B\u00f6den von G\u00e4sten umwerten.\">in a collective dialogical action valorises floors of guests. <\/span><span title=\"Werte G\u00e4ste, Sie sind gebeten, eine Handvoll Boden von einem Ort ihrer Wahl mit zu bringen. \">Dear Guests, You are asked to bring a handful of soil from a location of your choice.<\/span><\/span><\/p>\n<p><span id=\"result_box\" class=\"\" tabindex=\"-1\" lang=\"en\"><span title=\"Ana Brotas aus Portugal zeigt in ihrem Video eine wissenschaftliche \u201eFragmentierte Wald\u00fcbung\u201c, bei der quadratische Fl\u00e4chen des Waldes sorgf\u00e4ltig gereinigt werden. \">Ana Brotas from Portugal shows in her video a scientific &#8220;Fragmented Forest Exercise&#8221; in which square areas of the forest are carefully cleaned.<\/span><\/span><\/p>\n<p><span id=\"result_box\" class=\"\" tabindex=\"-1\" lang=\"en\"><span title=\"Lioba von den Driesch zeigt an modifiziertem Kinderspielzeug wie die westliche Industriegesellschaft auf die globale Pl\u00fcnderung des Bodens baut. \">Lioba von der Driesch shows modified children&#8217;s toys as the western industrial society builds on the global plunder of the soil.<\/span><\/span><\/p>\n<p><span id=\"result_box\" class=\"\" tabindex=\"-1\" lang=\"en\"><span title=\"Die forschungsgruppe kunst erschufen ein Symbol, das die mystisch-verwandtschaftliche Verbindung zwischen Flora, Fauna und der wichtigen Ressource Erde darstellen soll. \">The research group art created a symbol that represents the mystical-kinship connection between flora, fauna and the important resource earth.<\/span><\/span><\/p>\n<p><span id=\"result_box\" class=\"\" tabindex=\"-1\" lang=\"en\"><span title=\"Matthias Fritsch produzierte in der Residency Videos und M\u00f6bel-Prototypen aus geretteten, noch unbehandelten Materialien die zu einem sinnvolleren Umgang mit den endlichen Ressourcen und geschlossenen Stoffkreisl\u00e4ufen f\u00fchren.\">At the residency, Matthias Fritsch produced videos and furniture prototypes of salvaged, yet untreated materials that lead to a more sensible use of finite resources and closed material cycles. <\/span><span title=\"Obersten Rang hat dabei der Boden. \">The highest rank is the soil.<\/span><\/span><\/p>\n<p><span id=\"result_box\" class=\"\" tabindex=\"-1\" lang=\"en\"><span title=\"Stephan Gro\u00df Seine Collage &quot;Die Haut der Erde&quot; zeigt ein fragiles, komplexes und faszinierendes \u00d6kosystem, das sich immer wieder neu strukturiert.\">Stephan Gro\u00df: His collage &#8220;The Skin of the Earth&#8221; shows a fragile, complex and fascinating ecosystem that constantly restructures itself. <\/span><span title=\"Wie das gr\u00f6\u00dfte Organ des Menschen sieht er in B\u00f6den eine zentrale Bedingung unseres Lebens. \">Like the largest human organ, it sees soil as a central condition of our lives.<\/span><\/span><\/p>\n<p><span id=\"result_box\" class=\"\" tabindex=\"-1\" lang=\"en\"><span title=\"Regan Henley aus USA findet einen anderen Zugang zum Boden.\">Regan Henley from USA finds another way to the ground. <\/span><span title=\"Sie zielt in ihrem Video in einer &quot;Gef\u00fchrte Trauersitzung&quot; darauf ab, die Praxis der ritualisierten und geplanten Trauerarbeit zu analysieren und zu erleichtern.\">In her video in a Guided Mourning Session, she aims to analyze and facilitate the practice of ritualized and planned mourning. <\/span><span title=\"Die Objekte Blume und der Boden dienen als Erinnerung an den nat\u00fcrlichen Prozess des Sterbens. \">The objects flower and the ground serve as a reminder of the natural process of dying.<\/span><\/span><\/p>\n<p><span id=\"result_box\" class=\"\" tabindex=\"-1\" lang=\"en\"><span title=\"Irene Hoppenberg zeigt mit ihrer Kartoffelskulptur die Bedeutung der Kartoffel f\u00fcr uns als vertrautes, regionales, wohlschmeckendes Grundnahrungsmittel auf. \">Irene Hoppenberg shows with her potato sculpture the importance of the potato for us as a familiar, regional, tasty base food.<\/span><\/span><\/p>\n<p><span id=\"result_box\" class=\"\" tabindex=\"-1\" lang=\"en\"><span title=\"Barbara Karsch-Cha\u00efeb weist in ihrer Fotografie mit Veronerser gr\u00fcner Erde darauf hin, dass die Lebens-Grundlage f\u00fcr den Anbau von Nahrungsmittel der Boden ist mit dem sorgsamer umgegangen werden soll.\">Barbara Karsch-Cha\u00efeb points out in her photograph with Veroner&#8217;s green earth that the basis of life for the cultivation of food is the soil to be treated with more care. <\/span><span title=\"Sie wird gleich in ihrer Performance Erde und Boden als Mutter Erde Achtung geben. \">In her performance, she will immediately give respect to earth and soil as Mother Earth.<\/span><\/span><\/p>\n<p><span id=\"result_box\" class=\"\" tabindex=\"-1\" lang=\"en\"><span title=\"Maria Korporal In ihrer interaktiven Installation braucht die Erde unseren Atem, um fruchtbar zu sein. \">Maria Korporal: In her interactive installation, the earth needs our breath to be fruitful.<\/span><\/span><\/p>\n<p><span id=\"result_box\" class=\"\" tabindex=\"-1\" lang=\"en\"><span title=\"Clement Loisel Sein Gem\u00e4lde zeigt die Folgen einer Giftschlamm - Katastrophe in Brasilien als offene Wunde im Boden \">Clement Loisel: His painting shows the consequences of a toxic mud disaster in Brazil as an open wound in the ground.<\/span><\/span><\/p>\n<p><span id=\"result_box\" class=\"\" tabindex=\"-1\" lang=\"en\"><span title=\"Uwe Molkenthin stellt in seiner digital bearbeiteten Fotografie eine Beziehung her zwischen dem Menschen, einem verkarsteten Boden und der Oberfl\u00e4che eines Brotes. \">For his digitally processed photography, Uwe Molkenthin establishes a relationship between man, a karstified soil and the surface of a bread.<\/span><\/span><\/p>\n<p><span title=\"Annegret M\u00fcller sieht in ihrer heute stattfindenden Performance die Erde als Geschenk von dem wir leben und dem wir vertrauen. \">In today&#8217;s performance, Annegret M\u00fcller sees the earth as a gift from which we live and trust.<\/span><\/p>\n<p><span title=\"Sabine Naumann-Cleve zeigt in ihrer Zinkwanne wie fruchtbare Erde in jedem Haushalt durch das Fermentieren organischer K\u00fcchenabf\u00e4lle problemlos hergestellt werden kann.\">With her zinc tub, Sabine Naumann-Cleve demonstrates how fertile soil can easily be produced in any household by fermenting organic kitchen waste. <\/span><span title=\"Sie formt in in ihrem Objekt aus Graberde einen Kuchen der auch als Goldbarren gesehen werden kann. \">She forms in her object from Graberde a cake that can also be seen as a gold bar.<\/span><\/p>\n<p><span title=\"Rieko Okuda wird in ihrer audiovisuellen Improvisation mit Oliver Orthuber auf der Finissage eine Beziehung zum Heimatlichen, zum Geburtsort kn\u00fcpfen. \">In her audiovisual improvisation with Rieko Okuda, Oliver Orthuber will make a connection with the homeland, the place of birth at the finissage.<\/span><\/p>\n<p><span title=\"Oliver Orthuber m\u00f6chte durch seine Blumenmaschine den Aspekt der Technik herausarbeiten, die sich ausbeuterisch vom Boden ern\u00e4hrt und dem Menschen zugleich Fluch und Segen bereitet. \">Through his flower machine, Oliver Orthuber wants to work out the aspect of technology that exploits the soil in an exploitative way and at the same time gives people a curse and a blessing.<\/span><\/p>\n<p><span id=\"result_box\" class=\"\" tabindex=\"-1\" lang=\"en\"><span title=\"Kirsten Wechslberger r\u00fcckt mit ihren Skulpturen aus Bioplastik und Sand die f\u00fcr uns Menschen unsichtbaren Boden - Lebewesen in unser Blickfeld.\">Kirsten Wechslberger uses her sculptures made of bioplastics and sand to bring into our field of vision the living beings that are invisible to us humans.<\/span><\/span><\/p>\n","protected":false},"excerpt":{"rendered":"<p>By curator Tom Albrecht at the vernissage on 24.8.2018 It is our interest to show the value of the soil, the life that is in it and its threat. Three artists Matthias Fritsch, Irene Hoppenberg, Kirsten Wechslberger. worked four weeks in the Academy for Sufficiency in the Priegnitz and her works are part of this [&hellip;]<\/p>\n","protected":false},"author":5,"featured_media":0,"parent":0,"menu_order":0,"comment_status":"closed","ping_status":"closed","template":"","meta":{"footnotes":""},"tags":[],"class_list":["post-7135","page","type-page","status-publish","hentry"],"yoast_head":"<!-- This site is optimized with the Yoast SEO plugin v27.5 - https:\/\/yoast.com\/product\/yoast-seo-wordpress\/ -->\n<title>Welcome to the exhibition &quot;The Soil of which we live&quot;<\/title>\n<meta name=\"description\" content=\"Welcome to the exhibition &quot;The Soil of which we live&quot; by curator Tom Albrecht at the vernissage on 24.8.2018\" \/>\n<meta name=\"robots\" content=\"index, follow, max-snippet:-1, max-image-preview:large, max-video-preview:-1\" \/>\n<link rel=\"canonical\" href=\"https:\/\/gg3.eu\/en\/welcome-to-soil-of-which-we-live\/\" \/>\n<meta property=\"og:locale\" content=\"en_US\" \/>\n<meta property=\"og:type\" content=\"article\" \/>\n<meta property=\"og:title\" content=\"Welcome to the exhibition &quot;The Soil of which we live&quot;\" \/>\n<meta property=\"og:description\" content=\"Welcome to the exhibition &quot;The Soil of which we live&quot; by curator Tom Albrecht at the vernissage on 24.8.2018\" \/>\n<meta property=\"og:url\" content=\"https:\/\/gg3.eu\/en\/welcome-to-soil-of-which-we-live\/\" \/>\n<meta property=\"og:site_name\" content=\"Galerie f\u00fcr nachhaltige Kunst in Berlin\" \/>\n<meta property=\"article:publisher\" content=\"https:\/\/www.facebook.com\/GroupGlobal3000\/\" \/>\n<meta property=\"article:modified_time\" content=\"2021-10-10T09:35:51+00:00\" \/>\n<meta property=\"og:image\" content=\"https:\/\/gg3.eu\/wp-content\/uploads\/2018\/09\/Gaeste-vor-Bild-von-Clement-Loisel2-225x300.jpg\" \/>\n<meta name=\"twitter:card\" content=\"summary_large_image\" \/>\n<meta name=\"twitter:label1\" content=\"Est. reading time\" \/>\n\t<meta name=\"twitter:data1\" content=\"3 minutes\" \/>\n<script type=\"application\/ld+json\" class=\"yoast-schema-graph\">{\"@context\":\"https:\\\/\\\/schema.org\",\"@graph\":[{\"@type\":\"WebPage\",\"@id\":\"https:\\\/\\\/gg3.eu\\\/en\\\/welcome-to-soil-of-which-we-live\\\/\",\"url\":\"https:\\\/\\\/gg3.eu\\\/en\\\/welcome-to-soil-of-which-we-live\\\/\",\"name\":\"Welcome to the exhibition \\\"The Soil of which we live\\\"\",\"isPartOf\":{\"@id\":\"https:\\\/\\\/gg3.eu\\\/en\\\/#website\"},\"primaryImageOfPage\":{\"@id\":\"https:\\\/\\\/gg3.eu\\\/en\\\/welcome-to-soil-of-which-we-live\\\/#primaryimage\"},\"image\":{\"@id\":\"https:\\\/\\\/gg3.eu\\\/en\\\/welcome-to-soil-of-which-we-live\\\/#primaryimage\"},\"thumbnailUrl\":\"https:\\\/\\\/gg3.eu\\\/wp-content\\\/uploads\\\/2018\\\/09\\\/Gaeste-vor-Bild-von-Clement-Loisel2-225x300.jpg\",\"datePublished\":\"2018-09-13T14:15:17+00:00\",\"dateModified\":\"2021-10-10T09:35:51+00:00\",\"description\":\"Welcome to the exhibition \\\"The Soil of which we live\\\" by curator Tom Albrecht at the vernissage on 24.8.2018\",\"breadcrumb\":{\"@id\":\"https:\\\/\\\/gg3.eu\\\/en\\\/welcome-to-soil-of-which-we-live\\\/#breadcrumb\"},\"inLanguage\":\"en-US\",\"potentialAction\":[{\"@type\":\"ReadAction\",\"target\":[\"https:\\\/\\\/gg3.eu\\\/en\\\/welcome-to-soil-of-which-we-live\\\/\"]}]},{\"@type\":\"ImageObject\",\"inLanguage\":\"en-US\",\"@id\":\"https:\\\/\\\/gg3.eu\\\/en\\\/welcome-to-soil-of-which-we-live\\\/#primaryimage\",\"url\":\"https:\\\/\\\/gg3.eu\\\/wp-content\\\/uploads\\\/2018\\\/09\\\/Gaeste-vor-Bild-von-Clement-Loisel2-225x300.jpg\",\"contentUrl\":\"https:\\\/\\\/gg3.eu\\\/wp-content\\\/uploads\\\/2018\\\/09\\\/Gaeste-vor-Bild-von-Clement-Loisel2-225x300.jpg\"},{\"@type\":\"BreadcrumbList\",\"@id\":\"https:\\\/\\\/gg3.eu\\\/en\\\/welcome-to-soil-of-which-we-live\\\/#breadcrumb\",\"itemListElement\":[{\"@type\":\"ListItem\",\"position\":1,\"name\":\"Startseite\",\"item\":\"https:\\\/\\\/gg3.eu\\\/en\\\/\"},{\"@type\":\"ListItem\",\"position\":2,\"name\":\"Welcome to the exhibition &#8220;The Soil of which we live&#8221;\"}]},{\"@type\":\"WebSite\",\"@id\":\"https:\\\/\\\/gg3.eu\\\/en\\\/#website\",\"url\":\"https:\\\/\\\/gg3.eu\\\/en\\\/\",\"name\":\"Galerie f\u00fcr nachhaltige Kunst in Berlin\",\"description\":\"\",\"potentialAction\":[{\"@type\":\"SearchAction\",\"target\":{\"@type\":\"EntryPoint\",\"urlTemplate\":\"https:\\\/\\\/gg3.eu\\\/en\\\/?s={search_term_string}\"},\"query-input\":{\"@type\":\"PropertyValueSpecification\",\"valueRequired\":true,\"valueName\":\"search_term_string\"}}],\"inLanguage\":\"en-US\"}]}<\/script>\n<!-- \/ Yoast SEO plugin. -->","yoast_head_json":{"title":"Welcome to the exhibition \"The Soil of which we live\"","description":"Welcome to the exhibition \"The Soil of which we live\" by curator Tom Albrecht at the vernissage on 24.8.2018","robots":{"index":"index","follow":"follow","max-snippet":"max-snippet:-1","max-image-preview":"max-image-preview:large","max-video-preview":"max-video-preview:-1"},"canonical":"https:\/\/gg3.eu\/en\/welcome-to-soil-of-which-we-live\/","og_locale":"en_US","og_type":"article","og_title":"Welcome to the exhibition \"The Soil of which we live\"","og_description":"Welcome to the exhibition \"The Soil of which we live\" by curator Tom Albrecht at the vernissage on 24.8.2018","og_url":"https:\/\/gg3.eu\/en\/welcome-to-soil-of-which-we-live\/","og_site_name":"Galerie f\u00fcr nachhaltige Kunst in Berlin","article_publisher":"https:\/\/www.facebook.com\/GroupGlobal3000\/","article_modified_time":"2021-10-10T09:35:51+00:00","og_image":[{"url":"https:\/\/gg3.eu\/wp-content\/uploads\/2018\/09\/Gaeste-vor-Bild-von-Clement-Loisel2-225x300.jpg","type":"","width":"","height":""}],"twitter_card":"summary_large_image","twitter_misc":{"Est. reading time":"3 minutes"},"schema":{"@context":"https:\/\/schema.org","@graph":[{"@type":"WebPage","@id":"https:\/\/gg3.eu\/en\/welcome-to-soil-of-which-we-live\/","url":"https:\/\/gg3.eu\/en\/welcome-to-soil-of-which-we-live\/","name":"Welcome to the exhibition \"The Soil of which we live\"","isPartOf":{"@id":"https:\/\/gg3.eu\/en\/#website"},"primaryImageOfPage":{"@id":"https:\/\/gg3.eu\/en\/welcome-to-soil-of-which-we-live\/#primaryimage"},"image":{"@id":"https:\/\/gg3.eu\/en\/welcome-to-soil-of-which-we-live\/#primaryimage"},"thumbnailUrl":"https:\/\/gg3.eu\/wp-content\/uploads\/2018\/09\/Gaeste-vor-Bild-von-Clement-Loisel2-225x300.jpg","datePublished":"2018-09-13T14:15:17+00:00","dateModified":"2021-10-10T09:35:51+00:00","description":"Welcome to the exhibition \"The Soil of which we live\" by curator Tom Albrecht at the vernissage on 24.8.2018","breadcrumb":{"@id":"https:\/\/gg3.eu\/en\/welcome-to-soil-of-which-we-live\/#breadcrumb"},"inLanguage":"en-US","potentialAction":[{"@type":"ReadAction","target":["https:\/\/gg3.eu\/en\/welcome-to-soil-of-which-we-live\/"]}]},{"@type":"ImageObject","inLanguage":"en-US","@id":"https:\/\/gg3.eu\/en\/welcome-to-soil-of-which-we-live\/#primaryimage","url":"https:\/\/gg3.eu\/wp-content\/uploads\/2018\/09\/Gaeste-vor-Bild-von-Clement-Loisel2-225x300.jpg","contentUrl":"https:\/\/gg3.eu\/wp-content\/uploads\/2018\/09\/Gaeste-vor-Bild-von-Clement-Loisel2-225x300.jpg"},{"@type":"BreadcrumbList","@id":"https:\/\/gg3.eu\/en\/welcome-to-soil-of-which-we-live\/#breadcrumb","itemListElement":[{"@type":"ListItem","position":1,"name":"Startseite","item":"https:\/\/gg3.eu\/en\/"},{"@type":"ListItem","position":2,"name":"Welcome to the exhibition &#8220;The Soil of which we live&#8221;"}]},{"@type":"WebSite","@id":"https:\/\/gg3.eu\/en\/#website","url":"https:\/\/gg3.eu\/en\/","name":"Galerie f\u00fcr nachhaltige Kunst in Berlin","description":"","potentialAction":[{"@type":"SearchAction","target":{"@type":"EntryPoint","urlTemplate":"https:\/\/gg3.eu\/en\/?s={search_term_string}"},"query-input":{"@type":"PropertyValueSpecification","valueRequired":true,"valueName":"search_term_string"}}],"inLanguage":"en-US"}]}},"_links":{"self":[{"href":"https:\/\/gg3.eu\/en\/wp-json\/wp\/v2\/pages\/7135","targetHints":{"allow":["GET"]}}],"collection":[{"href":"https:\/\/gg3.eu\/en\/wp-json\/wp\/v2\/pages"}],"about":[{"href":"https:\/\/gg3.eu\/en\/wp-json\/wp\/v2\/types\/page"}],"author":[{"embeddable":true,"href":"https:\/\/gg3.eu\/en\/wp-json\/wp\/v2\/users\/5"}],"replies":[{"embeddable":true,"href":"https:\/\/gg3.eu\/en\/wp-json\/wp\/v2\/comments?post=7135"}],"version-history":[{"count":0,"href":"https:\/\/gg3.eu\/en\/wp-json\/wp\/v2\/pages\/7135\/revisions"}],"wp:attachment":[{"href":"https:\/\/gg3.eu\/en\/wp-json\/wp\/v2\/media?parent=7135"}],"wp:term":[{"taxonomy":"post_tag","embeddable":true,"href":"https:\/\/gg3.eu\/en\/wp-json\/wp\/v2\/tags?post=7135"}],"curies":[{"name":"wp","href":"https:\/\/api.w.org\/{rel}","templated":true}]}}