{"id":6048,"date":"2013-08-31T04:36:41","date_gmt":"2013-08-31T02:36:41","guid":{"rendered":"https:\/\/groupglobal3000.de\/?page_id=6048"},"modified":"2023-09-12T13:09:31","modified_gmt":"2023-09-12T11:09:31","slug":"recycling","status":"publish","type":"page","link":"https:\/\/gg3.eu\/en\/recycling\/","title":{"rendered":"Recycle"},"content":{"rendered":"<p>Recycling and downcycling is an (inadequate) answer of the throwaway society to the garbage problem. The theme motivates artists through the abundance of material, the free, the provocation. The exhibition of the 13 international and national artists shows with objects, installations, photos, collages, sound and performance created works for more sustainability.<\/p>\n<p>Artists: Anja Neim\u00f6ck, <a href=\"http:\/\/www.shredart.com\/\" target=\"_blank\" rel=\"noopener noreferrer\">Burchard Vossmann<\/a>, Enrique Cantillo, Hildegard Mahn, hubi w j\u00e4ger, Karl B\u00f6ttcher, <a href=\"http:\/\/www.markuskrug.de\/\" target=\"_blank\" rel=\"noopener noreferrer\">markus krug<\/a>, Monika Mori, <a href=\"http:\/\/olakoziol.blogspot.com\/\" target=\"_blank\" rel=\"noopener noreferrer\">Ola Koziol<\/a>, <a href=\"http:\/\/deliriousheterotopias.blogspot.de\/\" target=\"_blank\" rel=\"noopener noreferrer\">Pedro Bustamante<\/a>, <a href=\"http:\/\/www.stephaniehanna.de\/\" target=\"_blank\" rel=\"noopener noreferrer\">Stephanie Hanna<\/a>, <a title=\"Jurgen Krauss\" href=\"http:\/\/www.kmsb.de\">J\u00fcrgen Krauss<\/a>, <a href=\"http:\/\/tomalbrechtart.de\/\">Tom Albrecht<\/a><\/p>\n<h2>Recycle program<\/h2>\n<p>&#8220;Recycle&#8221; &#8211; August 9-30, 2013<\/p>\n<p>Exhibition, lecture, talks, performance &#8211; Exhibition: Fridays 5 to 8 p.m<\/p>\n<p><strong>Vernissage<\/strong> : Fr. 9.8, 7 p.m. with performance &#8220;Culture Destroyer&#8221;.<\/p>\n<p><strong>Artist<\/strong> Talk: Fr. 16.8. 19 o&#8217;clock<\/p>\n<p><strong>Lecture with discussion<\/strong> : Fri. 23.8. 7 p.m. &#8220;Nature recycling. What nature recycles for us.&#8221; Lecture and discussion with Lukas Sch\u00fctz, M.Sc Sustainable International Agriculture<\/p>\n<p><strong>Closing date<\/strong> : Fri. 30.8. 19 o&#8217;clock<\/p>\n<p>Curator: Tom Albrecht<\/p>\n<p>Press<\/p>\n<p><a href=\"https:\/\/gg3.eu\/wp-content\/uploads\/2013\/08\/katalog-recyceln-w.pdf\">&#8220;Recycle&#8221;<\/a> document, two pages<\/p>\n<div id=\"attachment_1054\" style=\"width: 235px\" class=\"wp-caption alignleft\"><a href=\"https:\/\/gg3.eu\/wp-content\/uploads\/2013\/08\/anja-neim%C3%B6ck001.jpg\" target=\"_blank\" rel=\"noopener noreferrer\" data-rel=\"lightbox-image-0\" data-magnific_type=\"image\" data-rl_title=\"\" data-rl_caption=\"\"><img loading=\"lazy\" decoding=\"async\" aria-describedby=\"caption-attachment-1054\" class=\"wp-image-1054 size-medium\" title=\"\" src=\"http:\/\/gg3.eu\/wp-content\/uploads\/2013\/08\/anja-neim%C3%B6ck001-225x300.jpg\" alt=\"Anja Neim\u00f6ck, Urtierchen, 2013, Bonn, plastic bottles, plastic packaging, nine pieces each 50 x 20 x 45 cm. J\u00fcrgen Krauss, Ursound, Berlin, 2013, sound collage, 4:59 min. - Recycle\" width=\"225\" height=\"300\"\/><\/a><p id=\"caption-attachment-1054\" class=\"wp-caption-text\">Anja Neim\u00f6ck, Urtierchen, 2013, Bonn, plastic bottles, plastic packaging, nine pieces each 50 x 20 x 45 cm.<br \/>J\u00fcrgen Krauss, Ursound, Berlin, 2013, sound collage, 4:59 min.<\/p><\/div>\n<div id=\"attachment_1055\" style=\"width: 245px\" class=\"wp-caption alignright\"><a href=\"https:\/\/gg3.eu\/wp-content\/uploads\/2013\/08\/asphaltblumen002.jpg\" target=\"_blank\" rel=\"noopener noreferrer\" data-rel=\"lightbox-image-1\" data-magnific_type=\"image\" data-rl_title=\"\" data-rl_caption=\"\"><img loading=\"lazy\" decoding=\"async\" aria-describedby=\"caption-attachment-1055\" class=\"wp-image-1055 size-medium\" title=\"\" src=\"http:\/\/gg3.eu\/wp-content\/uploads\/2013\/08\/asphaltblumen002-235x300.jpg\" alt=\"Hubi W. J\u00e4ger, Asphalt Flowers - Recycle\" width=\"235\" height=\"300\"\/><\/a><p id=\"caption-attachment-1055\" class=\"wp-caption-text\">Hubi W. J\u00e4ger, asphalt flowers, since 1999,<br \/>Berlin, collages, plastic, metal, textile and others from the street, 30 each approx. 15 to 25 cm diameter<\/p><\/div>\n<div id=\"attachment_1056\" style=\"width: 310px\" class=\"wp-caption alignleft\"><a href=\"https:\/\/gg3.eu\/wp-content\/uploads\/2013\/08\/burchard-vossmann003.jpg\" data-rel=\"lightbox-image-2\" data-magnific_type=\"image\" data-rl_title=\"\" data-rl_caption=\"\"><img loading=\"lazy\" decoding=\"async\" aria-describedby=\"caption-attachment-1056\" class=\"wp-image-1056 size-medium\" title=\"\" src=\"http:\/\/gg3.eu\/wp-content\/uploads\/2013\/08\/burchard-vossmann003-300x292.jpg\" alt=\"Burchard Vossmann, Kitchen Stripes - Recycle\" width=\"300\" height=\"292\"\/><\/a><p id=\"caption-attachment-1056\" class=\"wp-caption-text\">Burchard Vossmann, Kitchen-Stripes, 2009, Berlin, collage, kitchen towels &#8211; stripes on wood, 100 x100 x 5 cm<\/p><\/div>\n<div id=\"attachment_1057\" style=\"width: 310px\" class=\"wp-caption alignright\"><a href=\"https:\/\/gg3.eu\/wp-content\/uploads\/2013\/08\/enrique-pedro004.jpg\" data-rel=\"lightbox-image-3\" data-magnific_type=\"image\" data-rl_title=\"\" data-rl_caption=\"\"><img loading=\"lazy\" decoding=\"async\" aria-describedby=\"caption-attachment-1057\" class=\"wp-image-1057 size-medium\" title=\"\" src=\"http:\/\/gg3.eu\/wp-content\/uploads\/2013\/08\/enrique-pedro004-300x189.jpg\" alt=\"Pedro Bustamante, Enrique Cantillo (Performance) - Recycle\" width=\"300\" height=\"189\"\/><\/a><p id=\"caption-attachment-1057\" class=\"wp-caption-text\">Pedro Bustamante, Enrique Cantillo (performance), Kulturvernichter, Berlin, 2013, performance, installation, 1.5 x 1.5 x 0.9 m, shredder, table, advertising postcards, protective suit, mask<\/p><\/div>\n<div id=\"attachment_1058\" style=\"width: 235px\" class=\"wp-caption alignleft\"><a href=\"https:\/\/gg3.eu\/wp-content\/uploads\/2013\/08\/hildegard-mahn005.jpg\" data-rel=\"lightbox-image-4\" data-magnific_type=\"image\" data-rl_title=\"\" data-rl_caption=\"\"><img loading=\"lazy\" decoding=\"async\" aria-describedby=\"caption-attachment-1058\" class=\"wp-image-1058 size-medium\" title=\"\" src=\"http:\/\/gg3.eu\/wp-content\/uploads\/2013\/08\/hildegard-mahn005-225x300.jpg\" alt=\"Hildegard Mahn, Sustainability - Consequences - Recycle\" width=\"225\" height=\"300\"\/><\/a><p id=\"caption-attachment-1058\" class=\"wp-caption-text\">Hildegard Mahn, sustainability &#8211; consequences, 2011, Lehrte, collage, transparent, on both sides, PET film, plastic bags,<br \/>1,36 x 100 cm<\/p><\/div>\n<div id=\"attachment_1059\" style=\"width: 310px\" class=\"wp-caption alignright\"><a href=\"https:\/\/gg3.eu\/wp-content\/uploads\/2013\/08\/karl-boettcher006.jpg\" data-rel=\"lightbox-image-5\" data-magnific_type=\"image\" data-rl_title=\"\" data-rl_caption=\"\"><img loading=\"lazy\" decoding=\"async\" aria-describedby=\"caption-attachment-1059\" class=\"wp-image-1059 size-medium\" title=\"\" src=\"http:\/\/gg3.eu\/wp-content\/uploads\/2013\/08\/karl-boettcher006-300x225.jpg\" alt=\"Karl B\u00f6ttcher, SPO, Sankt Peter-Ording, 1997, photos, each 30 x 20 cm, object, toy car, 20 x 20 x 140 cm, found on the beach - recycling\" width=\"300\" height=\"225\"\/><\/a><p id=\"caption-attachment-1059\" class=\"wp-caption-text\">Karl B\u00f6ttcher, SPO, Sankt Peter-Ording, 1997, photos, each 30 x 20 cm, object, toy car, 20 x 20 x 140 cm, found on the beach<\/p><\/div>\n<div id=\"attachment_1060\" style=\"width: 268px\" class=\"wp-caption alignleft\"><a href=\"https:\/\/gg3.eu\/wp-content\/uploads\/2013\/08\/markus-krug007.jpg\" data-rel=\"lightbox-image-6\" data-magnific_type=\"image\" data-rl_title=\"\" data-rl_caption=\"\"><img loading=\"lazy\" decoding=\"async\" aria-describedby=\"caption-attachment-1060\" class=\"wp-image-1060 size-medium\" title=\"\"67 x 59 x7 cm\", \"68 x 54 x 7 cm\", \"69 x 53 x 8 cm\", \"73 x 58 x 8 cm\" - recycling\" src=\"http:\/\/gg3.eu\/wp-content\/uploads\/2013\/08\/markus-krug007-258x300.jpg\" alt=\"Markus Krug, \"67 x 59 x7 cm\", \"68 x 54 x 7 cm\", \"69 x 53 x 8 cm\", \"73 x 58 x 8 cm\", Munich, 1997 - 1999, acrylic and lacquer paint on styrofoam - recycle\" width=\"258\" height=\"300\"\/><\/a><p id=\"caption-attachment-1060\" class=\"wp-caption-text\">Markus Krug, &#8220;67 x 59 x7 cm&#8221;, &#8220;68 x 54 x 7 cm&#8221;, &#8220;69 x 53 x 8 cm&#8221;, &#8220;73 x 58 x 8 cm&#8221;, Munich, 1997 &#8211; 1999, acrylic and lacquer paint on styrofoam<\/p><\/div>\n<div id=\"attachment_1061\" style=\"width: 252px\" class=\"wp-caption alignright\"><a href=\"https:\/\/gg3.eu\/wp-content\/uploads\/2013\/08\/monika-mori008.jpg\" data-rel=\"lightbox-image-7\" data-magnific_type=\"image\" data-rl_title=\"\" data-rl_caption=\"\"><img loading=\"lazy\" decoding=\"async\" aria-describedby=\"caption-attachment-1061\" class=\"wp-image-1061 size-medium\" title=\"\" src=\"http:\/\/gg3.eu\/wp-content\/uploads\/2013\/08\/monika-mori008-242x300.jpg\" alt=\"Monika Mori, cigarette boxes, Maria Enzersdorf (A), 2011, painted cigarette boxes, 13 each 9 x 5.5 x 2 cm - recycling\" width=\"242\" height=\"300\"\/><\/a><p id=\"caption-attachment-1061\" class=\"wp-caption-text\">Monika Mori, cigarette boxes, Maria Enzersdorf (A), 2011, painted cigarette boxes, 13 each 9 x 5.5 x 2 cm<\/p><\/div>\n<div id=\"attachment_1062\" style=\"width: 310px\" class=\"wp-caption alignright\"><a href=\"https:\/\/gg3.eu\/wp-content\/uploads\/2013\/08\/ola-koziol009.jpg\" data-rel=\"lightbox-image-8\" data-magnific_type=\"image\" data-rl_title=\"\" data-rl_caption=\"\"><img loading=\"lazy\" decoding=\"async\" aria-describedby=\"caption-attachment-1062\" class=\"wp-image-1062 size-medium\" title=\"\" src=\"http:\/\/gg3.eu\/wp-content\/uploads\/2013\/08\/ola-koziol009-300x263.jpg\" alt=\"Ola Koziol, Crude Oil Blanket, \u0141\u00f3d\u017a (PL), 2013, collage, plastic bags, 2 x 2.10 m - Recycle\" width=\"300\" height=\"263\"\/><\/a><p id=\"caption-attachment-1062\" class=\"wp-caption-text\">Ola Koziol, Crude Oil Blanket, \u0141\u00f3d\u017a (PL), 2013, collage, plastic bags,<br \/>2 x 2,10 m<\/p><\/div>\n<div id=\"attachment_1063\" style=\"width: 310px\" class=\"wp-caption alignleft\"><a href=\"https:\/\/gg3.eu\/wp-content\/uploads\/2013\/08\/pedro-bustamante-cards010.jpg\" data-rel=\"lightbox-image-9\" data-magnific_type=\"image\" data-rl_title=\"\" data-rl_caption=\"\"><img loading=\"lazy\" decoding=\"async\" aria-describedby=\"caption-attachment-1063\" class=\"wp-image-1063 size-medium\" title=\"\" src=\"http:\/\/gg3.eu\/wp-content\/uploads\/2013\/08\/pedro-bustamante-cards010-300x225.jpg\" alt=\"Pedro Bustamante, Spectacle, 2013, Berlin, advertising postcards, written on both sides, 1.75 x 1.30 m - recycling\" width=\"300\" height=\"225\"\/><\/a><p id=\"caption-attachment-1063\" class=\"wp-caption-text\">Pedro Bustamante, Spectacle, 2013, Berlin, promotional postcards, inscribed on both sides, 1.75 x 1.30 m<\/p><\/div>\n<div id=\"attachment_1065\" style=\"width: 214px\" class=\"wp-caption alignright\"><a href=\"https:\/\/gg3.eu\/wp-content\/uploads\/2013\/08\/stephanie-hanna011.jpg\" data-rel=\"lightbox-image-10\" data-magnific_type=\"image\" data-rl_title=\"\" data-rl_caption=\"\"><img loading=\"lazy\" decoding=\"async\" aria-describedby=\"caption-attachment-1065\" class=\"wp-image-1065 size-medium\" title=\"\" src=\"http:\/\/gg3.eu\/wp-content\/uploads\/2013\/08\/stephanie-hanna011-204x300.jpg\" alt=\"Stephanie Hanna, signers fountain, Berlin, 2013, rubber boots, plastic bags, 0.60 x 0.80 x 2.40 m - recycling\" width=\"204\" height=\"300\"\/><\/a><p id=\"caption-attachment-1065\" class=\"wp-caption-text\">Stephanie Hanna, signers fountain, Berlin, 2013, rubber boots, plastic bags, 0.60 x 0.80 x 2.40 m<\/p><\/div>\n<div id=\"attachment_1066\" style=\"width: 310px\" class=\"wp-caption alignleft\"><a href=\"https:\/\/gg3.eu\/wp-content\/uploads\/2013\/08\/tom-albrecht012.jpg\" data-rel=\"lightbox-image-11\" data-magnific_type=\"image\" data-rl_title=\"\" data-rl_caption=\"\"><img loading=\"lazy\" decoding=\"async\" aria-describedby=\"caption-attachment-1066\" class=\"wp-image-1066 size-medium\" title=\"\" src=\"http:\/\/gg3.eu\/wp-content\/uploads\/2013\/08\/tom-albrecht012-300x247.jpg\" alt=\"Tom Albrecht, You never walk alone, Berlin, 2013, installation, interactive, disposable returnable bottles, sycamore bark, wooden box accessible, 81 x 81 x 13 cm\" width=\"300\" height=\"247\"\/><\/a><p id=\"caption-attachment-1066\" class=\"wp-caption-text\">Tom Albrecht, You never walk alone, Berlin, 2013, installation, interactive, disposable returnable bottles, sycamore bark, wooden box accessible, 81 x 81 x 13 cm<\/p><\/div>\n<audio class=\"wp-audio-shortcode\" id=\"audio-6048-1\" loop preload=\"auto\" style=\"width: 100%;\" controls=\"controls\"><source type=\"audio\/wav\" src=\"https:\/\/gg3.eu\/wp-content\/uploads\/2013\/08\/plastikfl-platanenrinde.wav?_=1\" \/><a href=\"https:\/\/gg3.eu\/wp-content\/uploads\/2013\/08\/plastikfl-platanenrinde.wav\">https:\/\/gg3.eu\/wp-content\/uploads\/2013\/08\/plastikfl-platanenrinde.wav<\/a><\/audio>\n<p>6. GG3<\/p>\n","protected":false},"excerpt":{"rendered":"<p>Recycling and downcycling is an (inadequate) answer of the throwaway society to the garbage problem. The theme motivates artists through the abundance of material, the free, the provocation. The exhibition of the 13 international and national artists shows with objects, installations, photos, collages, sound and performance created works for more sustainability. Artists: Anja Neim\u00f6ck, Burchard [&hellip;]<\/p>\n","protected":false},"author":5,"featured_media":0,"parent":0,"menu_order":0,"comment_status":"closed","ping_status":"open","template":"","meta":{"footnotes":""},"tags":[],"class_list":["post-6048","page","type-page","status-publish","hentry"],"yoast_head":"<!-- This site is optimized with the Yoast SEO plugin v27.4 - https:\/\/yoast.com\/product\/yoast-seo-wordpress\/ -->\n<title>The art exhibition RECYCELN shows work for more sustainability.<\/title>\n<meta name=\"description\" content=\"Recycling and downcycling is an (inadequate) answer of the throwaway society to the garbage problem. The theme motivates artists through the abundance of material, the free, the provocation. The exhibition shows work for more sustainability.\" \/>\n<meta name=\"robots\" content=\"index, follow, max-snippet:-1, max-image-preview:large, max-video-preview:-1\" \/>\n<link rel=\"canonical\" href=\"https:\/\/gg3.eu\/en\/recycling\/\" \/>\n<meta property=\"og:locale\" content=\"en_US\" \/>\n<meta property=\"og:type\" content=\"article\" \/>\n<meta property=\"og:title\" content=\"The art exhibition RECYCELN shows work for more sustainability.\" \/>\n<meta property=\"og:description\" content=\"Recycling and downcycling is an (inadequate) answer of the throwaway society to the garbage problem. The theme motivates artists through the abundance of material, the free, the provocation. The exhibition shows work for more sustainability.\" \/>\n<meta property=\"og:url\" content=\"https:\/\/gg3.eu\/en\/recycling\/\" \/>\n<meta property=\"og:site_name\" content=\"Galerie f\u00fcr nachhaltige Kunst in Berlin\" \/>\n<meta property=\"article:publisher\" content=\"https:\/\/www.facebook.com\/GroupGlobal3000\/\" \/>\n<meta property=\"article:modified_time\" content=\"2023-09-12T11:09:31+00:00\" \/>\n<meta property=\"og:image\" content=\"http:\/\/gg3.eu\/wp-content\/uploads\/2013\/08\/anja-neim%C3%B6ck001-225x300.jpg\" \/>\n<meta name=\"twitter:card\" content=\"summary_large_image\" \/>\n<meta name=\"twitter:label1\" content=\"Est. reading time\" \/>\n\t<meta name=\"twitter:data1\" content=\"2 minutes\" \/>\n<script type=\"application\/ld+json\" class=\"yoast-schema-graph\">{\"@context\":\"https:\\\/\\\/schema.org\",\"@graph\":[{\"@type\":\"WebPage\",\"@id\":\"https:\\\/\\\/gg3.eu\\\/en\\\/recycling\\\/\",\"url\":\"https:\\\/\\\/gg3.eu\\\/en\\\/recycling\\\/\",\"name\":\"The art exhibition RECYCELN shows work for more sustainability.\",\"isPartOf\":{\"@id\":\"https:\\\/\\\/gg3.eu\\\/en\\\/#website\"},\"primaryImageOfPage\":{\"@id\":\"https:\\\/\\\/gg3.eu\\\/en\\\/recycling\\\/#primaryimage\"},\"image\":{\"@id\":\"https:\\\/\\\/gg3.eu\\\/en\\\/recycling\\\/#primaryimage\"},\"thumbnailUrl\":\"http:\\\/\\\/gg3.eu\\\/wp-content\\\/uploads\\\/2013\\\/08\\\/anja-neim%C3%B6ck001-225x300.jpg\",\"datePublished\":\"2013-08-31T02:36:41+00:00\",\"dateModified\":\"2023-09-12T11:09:31+00:00\",\"description\":\"Recycling and downcycling is an (inadequate) answer of the throwaway society to the garbage problem. The theme motivates artists through the abundance of material, the free, the provocation. The exhibition shows work for more sustainability.\",\"breadcrumb\":{\"@id\":\"https:\\\/\\\/gg3.eu\\\/en\\\/recycling\\\/#breadcrumb\"},\"inLanguage\":\"en-US\",\"potentialAction\":[{\"@type\":\"ReadAction\",\"target\":[\"https:\\\/\\\/gg3.eu\\\/en\\\/recycling\\\/\"]}]},{\"@type\":\"ImageObject\",\"inLanguage\":\"en-US\",\"@id\":\"https:\\\/\\\/gg3.eu\\\/en\\\/recycling\\\/#primaryimage\",\"url\":\"http:\\\/\\\/gg3.eu\\\/wp-content\\\/uploads\\\/2013\\\/08\\\/anja-neim%C3%B6ck001-225x300.jpg\",\"contentUrl\":\"http:\\\/\\\/gg3.eu\\\/wp-content\\\/uploads\\\/2013\\\/08\\\/anja-neim%C3%B6ck001-225x300.jpg\"},{\"@type\":\"BreadcrumbList\",\"@id\":\"https:\\\/\\\/gg3.eu\\\/en\\\/recycling\\\/#breadcrumb\",\"itemListElement\":[{\"@type\":\"ListItem\",\"position\":1,\"name\":\"Startseite\",\"item\":\"https:\\\/\\\/gg3.eu\\\/en\\\/\"},{\"@type\":\"ListItem\",\"position\":2,\"name\":\"Recycle\"}]},{\"@type\":\"WebSite\",\"@id\":\"https:\\\/\\\/gg3.eu\\\/en\\\/#website\",\"url\":\"https:\\\/\\\/gg3.eu\\\/en\\\/\",\"name\":\"Galerie f\u00fcr nachhaltige Kunst in Berlin\",\"description\":\"\",\"potentialAction\":[{\"@type\":\"SearchAction\",\"target\":{\"@type\":\"EntryPoint\",\"urlTemplate\":\"https:\\\/\\\/gg3.eu\\\/en\\\/?s={search_term_string}\"},\"query-input\":{\"@type\":\"PropertyValueSpecification\",\"valueRequired\":true,\"valueName\":\"search_term_string\"}}],\"inLanguage\":\"en-US\"}]}<\/script>\n<!-- \/ Yoast SEO plugin. -->","yoast_head_json":{"title":"The art exhibition RECYCELN shows work for more sustainability.","description":"Recycling and downcycling is an (inadequate) answer of the throwaway society to the garbage problem. The theme motivates artists through the abundance of material, the free, the provocation. The exhibition shows work for more sustainability.","robots":{"index":"index","follow":"follow","max-snippet":"max-snippet:-1","max-image-preview":"max-image-preview:large","max-video-preview":"max-video-preview:-1"},"canonical":"https:\/\/gg3.eu\/en\/recycling\/","og_locale":"en_US","og_type":"article","og_title":"The art exhibition RECYCELN shows work for more sustainability.","og_description":"Recycling and downcycling is an (inadequate) answer of the throwaway society to the garbage problem. The theme motivates artists through the abundance of material, the free, the provocation. The exhibition shows work for more sustainability.","og_url":"https:\/\/gg3.eu\/en\/recycling\/","og_site_name":"Galerie f\u00fcr nachhaltige Kunst in Berlin","article_publisher":"https:\/\/www.facebook.com\/GroupGlobal3000\/","article_modified_time":"2023-09-12T11:09:31+00:00","og_image":[{"url":"http:\/\/gg3.eu\/wp-content\/uploads\/2013\/08\/anja-neim%C3%B6ck001-225x300.jpg","type":"","width":"","height":""}],"twitter_card":"summary_large_image","twitter_misc":{"Est. reading time":"2 minutes"},"schema":{"@context":"https:\/\/schema.org","@graph":[{"@type":"WebPage","@id":"https:\/\/gg3.eu\/en\/recycling\/","url":"https:\/\/gg3.eu\/en\/recycling\/","name":"The art exhibition RECYCELN shows work for more sustainability.","isPartOf":{"@id":"https:\/\/gg3.eu\/en\/#website"},"primaryImageOfPage":{"@id":"https:\/\/gg3.eu\/en\/recycling\/#primaryimage"},"image":{"@id":"https:\/\/gg3.eu\/en\/recycling\/#primaryimage"},"thumbnailUrl":"http:\/\/gg3.eu\/wp-content\/uploads\/2013\/08\/anja-neim%C3%B6ck001-225x300.jpg","datePublished":"2013-08-31T02:36:41+00:00","dateModified":"2023-09-12T11:09:31+00:00","description":"Recycling and downcycling is an (inadequate) answer of the throwaway society to the garbage problem. The theme motivates artists through the abundance of material, the free, the provocation. The exhibition shows work for more sustainability.","breadcrumb":{"@id":"https:\/\/gg3.eu\/en\/recycling\/#breadcrumb"},"inLanguage":"en-US","potentialAction":[{"@type":"ReadAction","target":["https:\/\/gg3.eu\/en\/recycling\/"]}]},{"@type":"ImageObject","inLanguage":"en-US","@id":"https:\/\/gg3.eu\/en\/recycling\/#primaryimage","url":"http:\/\/gg3.eu\/wp-content\/uploads\/2013\/08\/anja-neim%C3%B6ck001-225x300.jpg","contentUrl":"http:\/\/gg3.eu\/wp-content\/uploads\/2013\/08\/anja-neim%C3%B6ck001-225x300.jpg"},{"@type":"BreadcrumbList","@id":"https:\/\/gg3.eu\/en\/recycling\/#breadcrumb","itemListElement":[{"@type":"ListItem","position":1,"name":"Startseite","item":"https:\/\/gg3.eu\/en\/"},{"@type":"ListItem","position":2,"name":"Recycle"}]},{"@type":"WebSite","@id":"https:\/\/gg3.eu\/en\/#website","url":"https:\/\/gg3.eu\/en\/","name":"Galerie f\u00fcr nachhaltige Kunst in Berlin","description":"","potentialAction":[{"@type":"SearchAction","target":{"@type":"EntryPoint","urlTemplate":"https:\/\/gg3.eu\/en\/?s={search_term_string}"},"query-input":{"@type":"PropertyValueSpecification","valueRequired":true,"valueName":"search_term_string"}}],"inLanguage":"en-US"}]}},"_links":{"self":[{"href":"https:\/\/gg3.eu\/en\/wp-json\/wp\/v2\/pages\/6048","targetHints":{"allow":["GET"]}}],"collection":[{"href":"https:\/\/gg3.eu\/en\/wp-json\/wp\/v2\/pages"}],"about":[{"href":"https:\/\/gg3.eu\/en\/wp-json\/wp\/v2\/types\/page"}],"author":[{"embeddable":true,"href":"https:\/\/gg3.eu\/en\/wp-json\/wp\/v2\/users\/5"}],"replies":[{"embeddable":true,"href":"https:\/\/gg3.eu\/en\/wp-json\/wp\/v2\/comments?post=6048"}],"version-history":[{"count":0,"href":"https:\/\/gg3.eu\/en\/wp-json\/wp\/v2\/pages\/6048\/revisions"}],"wp:attachment":[{"href":"https:\/\/gg3.eu\/en\/wp-json\/wp\/v2\/media?parent=6048"}],"wp:term":[{"taxonomy":"post_tag","embeddable":true,"href":"https:\/\/gg3.eu\/en\/wp-json\/wp\/v2\/tags?post=6048"}],"curies":[{"name":"wp","href":"https:\/\/api.w.org\/{rel}","templated":true}]}}