{"id":32923,"date":"2025-02-21T11:26:56","date_gmt":"2025-02-21T10:26:56","guid":{"rendered":"https:\/\/gg3.eu\/fake-news-talking-down-the-energy-transition-with-fear-and-misinformation\/"},"modified":"2026-02-21T08:44:21","modified_gmt":"2026-02-21T07:44:21","slug":"fake-news-talking-down-the-energy-transition-with-fear-and-misinformation","status":"publish","type":"page","link":"https:\/\/gg3.eu\/en\/fake-news-talking-down-the-energy-transition-with-fear-and-misinformation\/","title":{"rendered":"Wit Power. Climate protection instead of fake news"},"content":{"rendered":"<p>Exhibition 4.7.2025 &#8211; 15.8. 2025<\/p>\n<p>17 international artists from Lithuania, Greece, Germany and the USA show their critical stance on fake news in 20 works with graphics, installations, photos, objects, videos, paintings and performances.<\/p>\n<p><a href=\"http:\/\/tomalbrechtart.de\" target=\"_blank\" rel=\"noopener\">Tom Albrecht,<\/a> <a href=\"http:\/\/www.thomas-behling.de\" target=\"_blank\" rel=\"noopener\">Thomas Behling<\/a>,  <a href=\"http:\/\/carstenborck.de\" target=\"_blank\" rel=\"noopener\">Carsten Borck<\/a>, <a href=\"http:\/\/www.merit-fakler.de\" target=\"_blank\" rel=\"noopener\">Merit Fakler<\/a>,   <a href=\"http:\/\/www.stephangross.net\" target=\"_blank\" rel=\"noopener\">Stephan Gross<\/a>, <a href=\"https:\/\/destedter-manufakturen.de\/ueber-uns\/beteiligte\/#norbert\" target=\"_blank\" rel=\"noopener\">Norbert Hillwig<\/a>,  \u0160ar\u016bn\u0117 Kalininait\u0117 (5sarunes),  <a href=\"http:\/\/www.tomlane.site\" target=\"_blank\" rel=\"noopener\">Tom Lane<\/a>,  <a href=\"http:\/\/www.veraleisibach.com\" target=\"_blank\" rel=\"noopener\">Vera Leisibach<\/a>, <a href=\"http:\/\/www.instagram.com\/didielenaa\" target=\"_blank\" rel=\"noopener\">Diana Elena Paun<\/a>,  <a href=\"http:\/\/s-raetsch.de\" target=\"_blank\" rel=\"noopener\">Stefanie Raetsch<\/a>,  Alexander Rommel (aerroscape),  <a href=\"http:\/\/lorinaspeder.com\" target=\"_blank\" rel=\"noopener\">Lorina Speder<\/a>,  <a href=\"https:\/\/annastaffel.de\/\">Anna Staffel<\/a>, <a href=\"http:\/\/tajda.xyz\" target=\"_blank\" rel=\"noopener\">Tajda Stiplov\u0161ek-Jug<\/a>, <a href=\"http:\/\/www.emilywisniewskiart.com\" target=\"_blank\" rel=\"noopener\">Emily Wisniewski<\/a>,   <a href=\"http:\/\/www.norazang.com\" target=\"_blank\" rel=\"noopener\">Nora Zang<\/a><\/p>\n<p><strong>Fake news<\/strong> is spread worldwide by politicians, the press and on social media and is usually defined as<strong> invented content that is intended to manipulate and influence opinion<\/strong>. Fake news often has a deliberately emotional character and is often difficult to distinguish from real news. Detailed in the wiki: <a href=\"https:\/\/de.wikipedia.org\/wiki\/Fake_News\">Fake News<\/a>  <\/p>\n<p>Newspapers of the Springer press in Germany headline: &#8220;Germany facing the solar debacle&#8221;. This is fake news. The energy transition is going much better than the right-wing alarmists from BILD, WELT and others would have us believe. Wind turbines and solar power complement each other well. We have enough power plants to generate enough electricity even during &#8220;dark doldrums&#8221;. Generating, distributing and using renewable energy from the sun and wind instead of fossil fuels is the energy transition.     <\/p>\n<p>The fake news here is &#8220;solar debacle&#8221;. Link to the topic in German:<a href=\"https:\/\/www.volksverpetzer.de\/faktencheck\/energiewende-luegen-widerlegt\/\"> https:\/\/www.volksverpetzer.de\/faktencheck\/energiewende-luegen-widerlegt\/<\/a><\/p>\n<p>More fake news: &#8220;BATTERIES OF SHAME&#8221;, &#8220;Germany lost in the solar dead end&#8221;, &#8220;Germany in the dark doldrums. &#8220;We are the ghost drivers of Europe&#8221;, &#8220;Windmills of shame&#8221;, &#8220;Trembling before the blackout&#8221;. <\/p>\n<p>Here we focus on the fake news against the transformation to sustainability, e.g. the energy transition. How do you debunk fake news? How do you set positive signals instead?  <\/p>\n<p>We invited artists from all over the world to submit their proposals. We are showing works that take up the theme and conserve resources in terms of transportation and materials. <\/p>\n<div id=\"attachment_33634\" style=\"width: 776px\" class=\"wp-caption alignnone\"><a href=\"https:\/\/gg3.eu\/wp-content\/uploads\/2025\/02\/Dunkelflaute-1.jpg\" data-rel=\"lightbox-image-0\" data-magnific_type=\"image\" data-rl_title=\"Dark doldrums. Stephan Gro\u00df, Berlin, 2025\" data-rl_caption=\"Dark doldrums. Stephan Gro\u00df, Berlin, 2025\"><img loading=\"lazy\" decoding=\"async\" aria-describedby=\"caption-attachment-33634\" class=\"wp-image-33634 size-large\" title=\"Dark doldrums. Stephan Gro\u00df, Berlin, 2025\" src=\"https:\/\/gg3.eu\/wp-content\/uploads\/2025\/02\/Dunkelflaute-1-1024x1024.jpg\" alt=\"Dark doldrums. Stephan Gro\u00df, Berlin, 2025 Wit Power. Climate protection instead of fake news\" width=\"766\" height=\"766\" srcset=\"https:\/\/gg3.eu\/wp-content\/uploads\/2025\/02\/Dunkelflaute-1-1024x1024.jpg 1024w, https:\/\/gg3.eu\/wp-content\/uploads\/2025\/02\/Dunkelflaute-1-300x300.jpg 300w, https:\/\/gg3.eu\/wp-content\/uploads\/2025\/02\/Dunkelflaute-1-150x150.jpg 150w, https:\/\/gg3.eu\/wp-content\/uploads\/2025\/02\/Dunkelflaute-1-768x768.jpg 768w, https:\/\/gg3.eu\/wp-content\/uploads\/2025\/02\/Dunkelflaute-1-1536x1536.jpg 1536w, https:\/\/gg3.eu\/wp-content\/uploads\/2025\/02\/Dunkelflaute-1-766x766.jpg 766w, https:\/\/gg3.eu\/wp-content\/uploads\/2025\/02\/Dunkelflaute-1.jpg 1594w\" sizes=\"auto, (max-width: 766px) 100vw, 766px\" \/><\/a><p id=\"caption-attachment-33634\" class=\"wp-caption-text\">Dunkelflaute. Stephan Gro\u00df, Berlin, 2025<\/p><\/div>\n<p><b>Jury<\/b> Team GG3: <a href=\"https:\/\/www.tomalbrechtart.de\/\" target=\"_blank\" rel=\"noopener\">Tom Albrecht<\/a>, <a href=\"http:\/\/www.stephangross.net\/\" target=\"_blank\" rel=\"noopener\">Stephan Gro\u00df<\/a>, <a href=\"https:\/\/www.mariakorporal.com\/\" target=\"_blank\" rel=\"noopener\">Maria Korporal<\/a>, <a href=\"http:\/\/www.veraleisibach.com\/\" target=\"_blank\" rel=\"noopener\">Vera Leisibach<\/a>, <a href=\"https:\/\/johnmaibohm.de\/\" target=\"_blank\" rel=\"noopener\">John Maibohm<\/a>, Andrea Striesova<br \/>\n<b>Curator<\/b>: <a href=\"https:\/\/www.tomalbrechtart.de\/\">Tom Albrecht<\/a><br \/>\n<strong>Co-curator<\/strong>: <a href=\"https:\/\/www.art-in-berlin.de\/incbautor.php?autor=Katja+Hock\">Katja Hock<\/a><br \/>\n<b>Address<\/b>: Leuschnerdamm 19, D 10999 Berlin, Germany<br \/>\n<strong>68.<\/strong> exhibition<br \/>\n<strong>Funding<\/strong>: Group Global 3000 e.V.<\/p>\n<p>&nbsp;<\/p>\n<a href=\"https:\/\/gg3.eu\/schlaustaerke-klimaschutz-statt-fake-news-dokumentation\/\" class=\"su-button su-button-style-default\" style=\"color:#FFFFFF;background-color:#e51e20;border-color:#b8181a;border-radius:5px\" target=\"_self\"><span style=\"color:#FFFFFF;padding:0px 16px;font-size:13px;line-height:26px;border-color:#ed6263;border-radius:5px;text-shadow:none\"><strong>   Documentation of the exhibition<\/strong><\/span><\/a>\n<p>&nbsp;<\/p>\n<h2 class=\"western\">Program<\/h2>\n<p>In the gallery on Fridays and Tuesdays 5-8 p.m., closed Tue. 22.7. <\/p>\n<h3 class=\"western\">Vernissage Fri., 4.7.2025, 7 pm<\/h3>\n<p class=\"western\">Welcome by Tom Albrecht, introduction to the exhibition by Katja Hock, Blues Kitchen play blues and folk with vocals and guitars.<\/p>\n<h3>Tue. 8.7. the artist <a href=\"http:\/\/www.merit-fakler.de\" target=\"_blank\" rel=\"noopener\">Merit Fakler<\/a> will be present. <\/h3>\n<h3 class=\"western\">Artist:Inside talk Fri. 11.7., 7 p.m.<\/h3>\n<p class=\"western\">Artists from the exhibition talk about their works on site and online with guests. Moderation <a href=\"https:\/\/www.art-in-berlin.de\/incbautor.php?autor=Katja+Hock\">Katja Hock<\/a><\/p>\n<p>The artist <a href=\"http:\/\/www.thomas-behling.de\" target=\"_blank\" rel=\"noopener\">Thomas Behling<\/a> will be present from 5 pm.<\/p>\n<h3>Tue. 15.7. the artist <a href=\"http:\/\/carstenborck.de\" target=\"_blank\" rel=\"noopener\">Carsten Borck<\/a> will be present from 5 pm. <\/h3>\n<h3>Debunking fake news. Fr. 18.7. 7 p.m., Dr. Antonia R\u00f6tger<\/h3>\n<div id=\"attachment_33847\" style=\"width: 160px\" class=\"wp-caption alignright\"><a href=\"https:\/\/gg3.eu\/wp-content\/uploads\/2025\/02\/Antonia-2023.jpg\" data-rel=\"lightbox-image-1\" data-magnific_type=\"image\" data-rl_title=\"\" data-rl_caption=\"\"><img loading=\"lazy\" decoding=\"async\" aria-describedby=\"caption-attachment-33847\" class=\"wp-image-33847 size-thumbnail\" title=\"\" src=\"https:\/\/gg3.eu\/wp-content\/uploads\/2025\/02\/Antonia-2023-150x150.jpg\" alt=\"Dr. Antonia R\u00f6tger\" width=\"150\" height=\"150\"\/><\/a><p id=\"caption-attachment-33847\" class=\"wp-caption-text\">Dr. Antonia R\u00f6tger<\/p><\/div>\n<p>Lecture for fact checking with simple techniques and practical exercises.<\/p>\n<p>The artist <a href=\"http:\/\/carstenborck.de\" target=\"_blank\" rel=\"noopener\">Carsten Borck<\/a> will be present from 5 pm.<\/p>\n<h3>Tue. 22.7. closed <\/h3>\n<h3>Happy Fake News Party Fri. 25.7., 7 pm <\/h3>\n<div id=\"attachment_33919\" style=\"width: 310px\" class=\"wp-caption alignright\"><a href=\"https:\/\/gg3.eu\/wp-content\/uploads\/2025\/02\/DSC02195-scaled.jpg\" data-rel=\"lightbox-image-2\" data-magnific_type=\"image\" data-rl_title=\"\" data-rl_caption=\"\"><img loading=\"lazy\" decoding=\"async\" aria-describedby=\"caption-attachment-33919\" class=\"wp-image-33919 size-medium\" title=\"\" src=\"https:\/\/gg3.eu\/wp-content\/uploads\/2025\/02\/DSC02195-300x200.jpg\" alt=\"Aluminum hats in gold, with golden antenna and in silver. Tom Albrecht, 2025, Berlin\" width=\"300\" height=\"200\" srcset=\"https:\/\/gg3.eu\/wp-content\/uploads\/2025\/02\/DSC02195-300x200.jpg 300w, https:\/\/gg3.eu\/wp-content\/uploads\/2025\/02\/DSC02195-1024x683.jpg 1024w, https:\/\/gg3.eu\/wp-content\/uploads\/2025\/02\/DSC02195-768x512.jpg 768w, https:\/\/gg3.eu\/wp-content\/uploads\/2025\/02\/DSC02195-1536x1024.jpg 1536w, https:\/\/gg3.eu\/wp-content\/uploads\/2025\/02\/DSC02195-2048x1365.jpg 2048w, https:\/\/gg3.eu\/wp-content\/uploads\/2025\/02\/DSC02195-766x511.jpg 766w\" sizes=\"auto, (max-width: 300px) 100vw, 300px\" \/><\/a><p id=\"caption-attachment-33919\" class=\"wp-caption-text\">Aluminum hats in gold, with golden antenna and in silver. Tom Albrecht, 2025, Berlin<\/p><\/div>\n<p>Humor dispels rumors. Guests collect fake news and sort it according to strength and subversion. Win valuable prizes with great symbolic power! Action by <a href=\"https:\/\/www.tomalbrechtart.de\/\">Tom Albrecht<\/a>. He will be present from 5 pm.<\/p>\n<h3>Tue. 29.7. is 17- 20 o&#8217;clock the member Andrea Striesova of the F\u00f6rderverein   <a href=\"https:\/\/gg3.eu\/en\/donate\/\">GG3. e.V. <\/a>  present.<\/h3>\n<h3>Fr. 1.8. the artist <a href=\"http:\/\/www.veraleisibach.com\" target=\"_blank\" rel=\"noopener\">Vera Leisibach<\/a> will be present from 5 pm.<\/h3>\n<h3>Dr. 5.8. the artist <a href=\"http:\/\/s-raetsch.de\" target=\"_blank\" rel=\"noopener\">Stefanie Raetsch<\/a> will be present from 5 &#8211; 8 pm. <\/h3>\n<h3><span dir=\"ltr\">Simply plug in: solar power for tenants and owners.  <\/span><span dir=\"ltr\">Fr. 8.8., 7 p.m.<\/span><\/h3>\n<p><a href=\"https:\/\/gg3.eu\/wp-content\/uploads\/2025\/02\/2025-06-12-12-47-40-236-scaled.jpg\" data-rel=\"lightbox-image-3\" data-magnific_type=\"image\" data-rl_title=\"Balkonsolar in der Nachbarschaft (Foto T.A.)\" data-rl_caption=\"Balkonsolar in der Nachbarschaft (Foto T.A.)\"><img loading=\"lazy\" decoding=\"async\" class=\"wp-image-33759 alignleft\" title=\"Balkonsolar in der Nachbarschaft (Foto T.A.)\" src=\"https:\/\/gg3.eu\/wp-content\/uploads\/2025\/02\/2025-06-12-12-47-40-236-300x225.jpg\" alt=\"Solar balcony, photo Tom Albrecht, Berlin, 2024\" width=\"171\" height=\"130\"\/><\/a><\/p>\n<div id=\"attachment_33762\" style=\"width: 160px\" class=\"wp-caption alignright\"><a href=\"https:\/\/gg3.eu\/wp-content\/uploads\/2025\/02\/hai-yen-le_b.png\" data-rel=\"lightbox-image-4\" data-magnific_type=\"image\" data-rl_title=\"\" data-rl_caption=\"\"><img loading=\"lazy\" decoding=\"async\" aria-describedby=\"caption-attachment-33762\" class=\"wp-image-33762 size-thumbnail\" title=\"\" src=\"https:\/\/gg3.eu\/wp-content\/uploads\/2025\/02\/hai-yen-le_b-150x150.png\" alt=\"Speaker M.Sc. Hai Yen Le\" width=\"150\" height=\"150\" srcset=\"https:\/\/gg3.eu\/wp-content\/uploads\/2025\/02\/hai-yen-le_b-150x150.png 150w, https:\/\/gg3.eu\/wp-content\/uploads\/2025\/02\/hai-yen-le_b-300x300.png 300w, https:\/\/gg3.eu\/wp-content\/uploads\/2025\/02\/hai-yen-le_b.png 450w\" sizes=\"auto, (max-width: 150px) 100vw, 150px\" \/><\/a><p id=\"caption-attachment-33762\" class=\"wp-caption-text\">Speaker M.Sc. Hai Yen Le<\/p><\/div>\n<p>&nbsp;<\/p>\n<p>&nbsp;<\/p>\n<p>&nbsp;<\/p>\n<p>&nbsp;<\/p>\n<p><span dir=\"ltr\">Lecture with discussion:<\/span> <span dir=\"ltr\">M.Sc. Hai Yen Le, <a href=\"https:\/\/www.berlin.de\/solarcity\/solarzentrum\/\">SolarZentrum<\/a> Berlin.   <\/span><span dir=\"ltr\">Law, financing, profitability, examples, advice.<\/span><span dir=\"ltr\"><br \/>\n<\/span><\/p>\n<p>The artist and curator <a href=\"http:\/\/tomalbrechtart.de\" target=\"_blank\" rel=\"noopener\">Tom Albrecht<\/a> will be present from 5 pm.<\/p>\n<h3>Tue. 12.8. 5 &#8211; 8 pm the artist <a href=\"http:\/\/s-raetsch.de\" target=\"_blank\" rel=\"noopener\">Stefanie Raetsch<\/a> will be present. <\/h3>\n<h3 class=\"western\">Finissage, performance <span class=\"smaller\">with voice and objects.<\/span> Fri. 15.8., 7 pm. <\/h3>\n<div style=\"width: 187px\" class=\"wp-caption alignright\"><img loading=\"lazy\" decoding=\"async\" class=\"attachment-960x960\" title=\"Anna Staffel - G\u00f6tterd\u00e4mmerung - Siegfried Photo: Hans Martin Sewcz\" src=\"http:\/\/annastaffel.de\/wp-content\/uploads\/Anna-Staffel-G%C3%B6tterd%C3%A4mmerung-8-.jpg\" alt=\"Anna Staffel - G\u00f6tterd\u00e4mmerung - SiegfriedPhoto: Hans Martin Sewcz\" width=\"177\" height=\"260\"\/><p class=\"wp-caption-text\">Anna Staffel &#8211; G\u00f6tterd\u00e4mmerung &#8211; Siegfried Photo: Hans Martin Sewcz<\/p><\/div>\n<p class=\"western\"><a href=\"https:\/\/annastaffel.de\/\">Anna Staffel<\/a>: FAKTEN ATTRAKTOR &#8211; an approach to reality or what Mandelbrot would have thought<\/p>\n<p>The artist \u0160ar\u016bn\u0117 Kalininait\u0117 will be present from 5 PM.<\/p>\n<h2>More information<\/h2>\n<p><a href=\"https:\/\/eu.boell.org\/en\/climate-disinformation\"><span class=\"grid-box-titlebox__innertitle\">Uncovering climate disinformation<\/span><\/a><\/p>\n<p class=\"entry-title\"><a href=\"https:\/\/www.volksverpetzer.de\/faktencheck\/energiewende-luegen-widerlegt\/\">What BILD &amp; Co are not telling you about the energy transition<\/a><\/p>\n<p>Wiki on <a href=\"https:\/\/de.wikipedia.org\/wiki\/Fake_News\">Fake News<\/a><\/p>\n<p class=\"mb-24\"><a href=\"https:\/\/www.spiegel.de\/wissenschaft\/mensch\/fake-news-wie-live-faktenchecks-gegen-falschinformationen-wirken-a-b096c8d7-3f5a-44a5-a494-4330d4746c5c\"><span class=\"block font-serifdisplayUI font-bold italic lg:text-6xl md:text-4xl sm:text-3xl leading-none\"><span class=\"align-middle leading-normal\">We need strategies against the flood of bullshit<\/span><\/span><\/a><\/p>\n<p><a href=\"https:\/\/umweltinstitut.org\/energie-und-klima\/faktencheck-klimakrise-und-energiewende\/\">Environmental Institute<\/a><\/p>\n<h2><a href=\"https:\/\/www.saferinternet.at\/welche-faktenchecker-gibt-es\">Check facts<\/a><\/h2>\n<p>Enter the term to be checked on the web, e.g. in the <a href=\"https:\/\/www.ecosia.org\/\">ECOSIA<\/a> search engine, and read the results on the following pages:<\/p>\n<div id=\"c10855\" class=\"frame frame-default frame-type-mask_list_links frame-layout-0\">\n<div class=\"frame-col\">\n<div class=\"list-link\">\n<ul>\n<li><a href=\"https:\/\/www.mimikama.org\/\" target=\"_blank\" rel=\"noopener noreferrer\">Mimikama<\/a><\/li>\n<li><a href=\"http:\/\/www.dpa.com\/de\/unternehmen\/faktencheck\" target=\"_blank\" rel=\"noopener noreferrer\">dpa fact check<\/a><\/li>\n<li><a href=\"https:\/\/correctiv.org\/\" target=\"_blank\" rel=\"noopener noreferrer\">Correctiv<\/a><\/li>\n<li><a href=\"http:\/\/www.tagesschau.de\/faktenfinder\" target=\"_blank\" rel=\"noopener noreferrer\">ARD fact finder<\/a><\/li>\n<li><a href=\"http:\/\/www.br.de\/nachrichten\/faktenfuchs-faktencheck,QzSIzl3\" target=\"_blank\" rel=\"noopener noreferrer\">Fact Fox (BR 24)<\/a><\/li>\n<li><a href=\"http:\/\/www.volksverpetzer.de\" target=\"_blank\" rel=\"noopener noreferrer\">Squealer of the people<\/a><\/li>\n<\/ul>\n<\/div>\n<\/div>\n<\/div>\n<p>&nbsp;<\/p>\n","protected":false},"excerpt":{"rendered":"<p>Exhibition 4.7.2025 &#8211; 15.8. 2025 17 international artists from Lithuania, Greece, Germany and the USA show their critical stance on fake news in 20 works with graphics, installations, photos, objects, videos, paintings and performances. Tom Albrecht, Thomas Behling, Carsten Borck, Merit Fakler, Stephan Gross, Norbert Hillwig, \u0160ar\u016bn\u0117 Kalininait\u0117 (5sarunes), Tom Lane, Vera Leisibach, Diana Elena [&hellip;]<\/p>\n","protected":false},"author":5,"featured_media":0,"parent":0,"menu_order":0,"comment_status":"closed","ping_status":"closed","template":"","meta":{"footnotes":""},"tags":[],"class_list":["post-32923","page","type-page","status-publish","hentry"],"yoast_head":"<!-- This site is optimized with the Yoast SEO plugin v27.4 - https:\/\/yoast.com\/product\/yoast-seo-wordpress\/ -->\n<title>Wit Power. Climate protection instead of fake news | Galerie f\u00fcr nachhaltige Kunst in Berlin<\/title>\n<meta name=\"description\" content=\"Art exhibition by Group Global 3000 in Berlin: Wit Power. Climate protection instead of fake news.\" \/>\n<meta name=\"robots\" content=\"index, follow, max-snippet:-1, max-image-preview:large, max-video-preview:-1\" \/>\n<link rel=\"canonical\" href=\"https:\/\/gg3.eu\/en\/fake-news-talking-down-the-energy-transition-with-fear-and-misinformation\/\" \/>\n<meta property=\"og:locale\" content=\"en_US\" \/>\n<meta property=\"og:type\" content=\"article\" \/>\n<meta property=\"og:title\" content=\"Wit Power. Climate protection instead of fake news | Galerie f\u00fcr nachhaltige Kunst in Berlin\" \/>\n<meta property=\"og:description\" content=\"Art exhibition by Group Global 3000 in Berlin: Wit Power. Climate protection instead of fake news.\" \/>\n<meta property=\"og:url\" content=\"https:\/\/gg3.eu\/en\/fake-news-talking-down-the-energy-transition-with-fear-and-misinformation\/\" \/>\n<meta property=\"og:site_name\" content=\"Galerie f\u00fcr nachhaltige Kunst in Berlin\" \/>\n<meta property=\"article:publisher\" content=\"https:\/\/www.facebook.com\/GroupGlobal3000\/\" \/>\n<meta property=\"article:modified_time\" content=\"2026-02-21T07:44:21+00:00\" \/>\n<meta property=\"og:image\" content=\"https:\/\/gg3.eu\/wp-content\/uploads\/2025\/02\/Dunkelflaute-1.jpg\" \/>\n\t<meta property=\"og:image:width\" content=\"1594\" \/>\n\t<meta property=\"og:image:height\" content=\"1594\" \/>\n\t<meta property=\"og:image:type\" content=\"image\/jpeg\" \/>\n<meta name=\"twitter:card\" content=\"summary_large_image\" \/>\n<meta name=\"twitter:label1\" content=\"Est. reading time\" \/>\n\t<meta name=\"twitter:data1\" content=\"6 minutes\" \/>\n<script type=\"application\/ld+json\" class=\"yoast-schema-graph\">{\"@context\":\"https:\\\/\\\/schema.org\",\"@graph\":[{\"@type\":\"WebPage\",\"@id\":\"https:\\\/\\\/gg3.eu\\\/en\\\/fake-news-talking-down-the-energy-transition-with-fear-and-misinformation\\\/\",\"url\":\"https:\\\/\\\/gg3.eu\\\/en\\\/fake-news-talking-down-the-energy-transition-with-fear-and-misinformation\\\/\",\"name\":\"Wit Power. Climate protection instead of fake news | Galerie f\u00fcr nachhaltige Kunst in Berlin\",\"isPartOf\":{\"@id\":\"https:\\\/\\\/gg3.eu\\\/en\\\/#website\"},\"primaryImageOfPage\":{\"@id\":\"https:\\\/\\\/gg3.eu\\\/en\\\/fake-news-talking-down-the-energy-transition-with-fear-and-misinformation\\\/#primaryimage\"},\"image\":{\"@id\":\"https:\\\/\\\/gg3.eu\\\/en\\\/fake-news-talking-down-the-energy-transition-with-fear-and-misinformation\\\/#primaryimage\"},\"thumbnailUrl\":\"https:\\\/\\\/gg3.eu\\\/wp-content\\\/uploads\\\/2025\\\/02\\\/Dunkelflaute-1-1024x1024.jpg\",\"datePublished\":\"2025-02-21T10:26:56+00:00\",\"dateModified\":\"2026-02-21T07:44:21+00:00\",\"description\":\"Art exhibition by Group Global 3000 in Berlin: Wit Power. Climate protection instead of fake news.\",\"breadcrumb\":{\"@id\":\"https:\\\/\\\/gg3.eu\\\/en\\\/fake-news-talking-down-the-energy-transition-with-fear-and-misinformation\\\/#breadcrumb\"},\"inLanguage\":\"en-US\",\"potentialAction\":[{\"@type\":\"ReadAction\",\"target\":[\"https:\\\/\\\/gg3.eu\\\/en\\\/fake-news-talking-down-the-energy-transition-with-fear-and-misinformation\\\/\"]}]},{\"@type\":\"ImageObject\",\"inLanguage\":\"en-US\",\"@id\":\"https:\\\/\\\/gg3.eu\\\/en\\\/fake-news-talking-down-the-energy-transition-with-fear-and-misinformation\\\/#primaryimage\",\"url\":\"https:\\\/\\\/gg3.eu\\\/wp-content\\\/uploads\\\/2025\\\/02\\\/Dunkelflaute-1-1024x1024.jpg\",\"contentUrl\":\"https:\\\/\\\/gg3.eu\\\/wp-content\\\/uploads\\\/2025\\\/02\\\/Dunkelflaute-1-1024x1024.jpg\"},{\"@type\":\"BreadcrumbList\",\"@id\":\"https:\\\/\\\/gg3.eu\\\/en\\\/fake-news-talking-down-the-energy-transition-with-fear-and-misinformation\\\/#breadcrumb\",\"itemListElement\":[{\"@type\":\"ListItem\",\"position\":1,\"name\":\"Startseite\",\"item\":\"https:\\\/\\\/gg3.eu\\\/en\\\/\"},{\"@type\":\"ListItem\",\"position\":2,\"name\":\"Wit Power. Climate protection instead of fake news\"}]},{\"@type\":\"WebSite\",\"@id\":\"https:\\\/\\\/gg3.eu\\\/en\\\/#website\",\"url\":\"https:\\\/\\\/gg3.eu\\\/en\\\/\",\"name\":\"Galerie f\u00fcr nachhaltige Kunst in Berlin\",\"description\":\"\",\"potentialAction\":[{\"@type\":\"SearchAction\",\"target\":{\"@type\":\"EntryPoint\",\"urlTemplate\":\"https:\\\/\\\/gg3.eu\\\/en\\\/?s={search_term_string}\"},\"query-input\":{\"@type\":\"PropertyValueSpecification\",\"valueRequired\":true,\"valueName\":\"search_term_string\"}}],\"inLanguage\":\"en-US\"}]}<\/script>\n<!-- \/ Yoast SEO plugin. -->","yoast_head_json":{"title":"Wit Power. Climate protection instead of fake news | Galerie f\u00fcr nachhaltige Kunst in Berlin","description":"Art exhibition by Group Global 3000 in Berlin: Wit Power. Climate protection instead of fake news.","robots":{"index":"index","follow":"follow","max-snippet":"max-snippet:-1","max-image-preview":"max-image-preview:large","max-video-preview":"max-video-preview:-1"},"canonical":"https:\/\/gg3.eu\/en\/fake-news-talking-down-the-energy-transition-with-fear-and-misinformation\/","og_locale":"en_US","og_type":"article","og_title":"Wit Power. Climate protection instead of fake news | Galerie f\u00fcr nachhaltige Kunst in Berlin","og_description":"Art exhibition by Group Global 3000 in Berlin: Wit Power. Climate protection instead of fake news.","og_url":"https:\/\/gg3.eu\/en\/fake-news-talking-down-the-energy-transition-with-fear-and-misinformation\/","og_site_name":"Galerie f\u00fcr nachhaltige Kunst in Berlin","article_publisher":"https:\/\/www.facebook.com\/GroupGlobal3000\/","article_modified_time":"2026-02-21T07:44:21+00:00","og_image":[{"width":1594,"height":1594,"url":"https:\/\/gg3.eu\/wp-content\/uploads\/2025\/02\/Dunkelflaute-1.jpg","type":"image\/jpeg"}],"twitter_card":"summary_large_image","twitter_misc":{"Est. reading time":"6 minutes"},"schema":{"@context":"https:\/\/schema.org","@graph":[{"@type":"WebPage","@id":"https:\/\/gg3.eu\/en\/fake-news-talking-down-the-energy-transition-with-fear-and-misinformation\/","url":"https:\/\/gg3.eu\/en\/fake-news-talking-down-the-energy-transition-with-fear-and-misinformation\/","name":"Wit Power. Climate protection instead of fake news | Galerie f\u00fcr nachhaltige Kunst in Berlin","isPartOf":{"@id":"https:\/\/gg3.eu\/en\/#website"},"primaryImageOfPage":{"@id":"https:\/\/gg3.eu\/en\/fake-news-talking-down-the-energy-transition-with-fear-and-misinformation\/#primaryimage"},"image":{"@id":"https:\/\/gg3.eu\/en\/fake-news-talking-down-the-energy-transition-with-fear-and-misinformation\/#primaryimage"},"thumbnailUrl":"https:\/\/gg3.eu\/wp-content\/uploads\/2025\/02\/Dunkelflaute-1-1024x1024.jpg","datePublished":"2025-02-21T10:26:56+00:00","dateModified":"2026-02-21T07:44:21+00:00","description":"Art exhibition by Group Global 3000 in Berlin: Wit Power. Climate protection instead of fake news.","breadcrumb":{"@id":"https:\/\/gg3.eu\/en\/fake-news-talking-down-the-energy-transition-with-fear-and-misinformation\/#breadcrumb"},"inLanguage":"en-US","potentialAction":[{"@type":"ReadAction","target":["https:\/\/gg3.eu\/en\/fake-news-talking-down-the-energy-transition-with-fear-and-misinformation\/"]}]},{"@type":"ImageObject","inLanguage":"en-US","@id":"https:\/\/gg3.eu\/en\/fake-news-talking-down-the-energy-transition-with-fear-and-misinformation\/#primaryimage","url":"https:\/\/gg3.eu\/wp-content\/uploads\/2025\/02\/Dunkelflaute-1-1024x1024.jpg","contentUrl":"https:\/\/gg3.eu\/wp-content\/uploads\/2025\/02\/Dunkelflaute-1-1024x1024.jpg"},{"@type":"BreadcrumbList","@id":"https:\/\/gg3.eu\/en\/fake-news-talking-down-the-energy-transition-with-fear-and-misinformation\/#breadcrumb","itemListElement":[{"@type":"ListItem","position":1,"name":"Startseite","item":"https:\/\/gg3.eu\/en\/"},{"@type":"ListItem","position":2,"name":"Wit Power. Climate protection instead of fake news"}]},{"@type":"WebSite","@id":"https:\/\/gg3.eu\/en\/#website","url":"https:\/\/gg3.eu\/en\/","name":"Galerie f\u00fcr nachhaltige Kunst in Berlin","description":"","potentialAction":[{"@type":"SearchAction","target":{"@type":"EntryPoint","urlTemplate":"https:\/\/gg3.eu\/en\/?s={search_term_string}"},"query-input":{"@type":"PropertyValueSpecification","valueRequired":true,"valueName":"search_term_string"}}],"inLanguage":"en-US"}]}},"_links":{"self":[{"href":"https:\/\/gg3.eu\/en\/wp-json\/wp\/v2\/pages\/32923","targetHints":{"allow":["GET"]}}],"collection":[{"href":"https:\/\/gg3.eu\/en\/wp-json\/wp\/v2\/pages"}],"about":[{"href":"https:\/\/gg3.eu\/en\/wp-json\/wp\/v2\/types\/page"}],"author":[{"embeddable":true,"href":"https:\/\/gg3.eu\/en\/wp-json\/wp\/v2\/users\/5"}],"replies":[{"embeddable":true,"href":"https:\/\/gg3.eu\/en\/wp-json\/wp\/v2\/comments?post=32923"}],"version-history":[{"count":89,"href":"https:\/\/gg3.eu\/en\/wp-json\/wp\/v2\/pages\/32923\/revisions"}],"predecessor-version":[{"id":35091,"href":"https:\/\/gg3.eu\/en\/wp-json\/wp\/v2\/pages\/32923\/revisions\/35091"}],"wp:attachment":[{"href":"https:\/\/gg3.eu\/en\/wp-json\/wp\/v2\/media?parent=32923"}],"wp:term":[{"taxonomy":"post_tag","embeddable":true,"href":"https:\/\/gg3.eu\/en\/wp-json\/wp\/v2\/tags?post=32923"}],"curies":[{"name":"wp","href":"https:\/\/api.w.org\/{rel}","templated":true}]}}