{"id":31143,"date":"2024-11-16T11:56:38","date_gmt":"2024-11-16T10:56:38","guid":{"rendered":"https:\/\/gg3.eu\/your-own-ecological-hand-and-footprint\/"},"modified":"2024-11-25T20:45:13","modified_gmt":"2024-11-25T19:45:13","slug":"your-own-ecological-hand-and-footprint","status":"publish","type":"page","link":"https:\/\/gg3.eu\/en\/your-own-ecological-hand-and-footprint\/","title":{"rendered":"Your own ecological hand and footprint"},"content":{"rendered":"<p><a href=\"https:\/\/gg3.eu\/augenwischer\/\">In the program of the exhibition &#8220;Augenwischer &#8220;<\/a><strong>15.11.2024, 7 pm: Lecture with workshop<\/strong> &#8220;Der eigene \u00f6kologische Hand- und Fu\u00dfabdruck. Limits and possibilities&#8221;, <a href=\"http:\/\/tomalbrechtart.de\" target=\"_blank\" rel=\"noopener\">Tom Albrecht<\/a><\/p>\n<div id=\"attachment_31204\" style=\"width: 776px\" class=\"wp-caption alignnone\"><a href=\"https:\/\/gg3.eu\/wp-content\/uploads\/2024\/11\/DSC02098-scaled.jpg\" data-rel=\"lightbox-image-0\" data-magnific_type=\"image\" data-rl_title=\"\" data-rl_caption=\"\"><img loading=\"lazy\" decoding=\"async\" aria-describedby=\"caption-attachment-31204\" class=\"wp-image-31204 size-large\" title=\"\" src=\"https:\/\/gg3.eu\/wp-content\/uploads\/2024\/11\/DSC02098-1024x683.jpg\" alt=\"v\" width=\"766\" height=\"511\" srcset=\"https:\/\/gg3.eu\/wp-content\/uploads\/2024\/11\/DSC02098-1024x683.jpg 1024w, https:\/\/gg3.eu\/wp-content\/uploads\/2024\/11\/DSC02098-300x200.jpg 300w, https:\/\/gg3.eu\/wp-content\/uploads\/2024\/11\/DSC02098-768x512.jpg 768w, https:\/\/gg3.eu\/wp-content\/uploads\/2024\/11\/DSC02098-1536x1024.jpg 1536w, https:\/\/gg3.eu\/wp-content\/uploads\/2024\/11\/DSC02098-2048x1365.jpg 2048w, https:\/\/gg3.eu\/wp-content\/uploads\/2024\/11\/DSC02098-766x511.jpg 766w\" sizes=\"auto, (max-width: 766px) 100vw, 766px\" \/><\/a><p id=\"caption-attachment-31204\" class=\"wp-caption-text\">Relationship between hand and footprint. Lecture by Tom Albrecht<\/p><\/div>\n<p><a href=\"https:\/\/gg3.eu\/wp-content\/uploads\/2024\/11\/vortrag-hand-und-fussabdruck-1.pdf\">13 pages pdf: Lecture hand and footprint<\/a><div id=\"attachment_31136\" style=\"width: 224px\" class=\"wp-caption alignright\"><a href=\"https:\/\/gg3.eu\/wp-content\/uploads\/2024\/11\/poster2-hand-fussabdruck-scaled.jpg\" data-rel=\"lightbox-image-1\" data-magnific_type=\"image\" data-rl_title=\"Ergebbnis Workshop: Der eigene \u00f6kologische Hand- und Fu\u00dfabdruckDer eigene \u00f6kologische Hand- und Fu\u00dfabdruck\" data-rl_caption=\"Ergebbnis Workshop: Der eigene \u00f6kologische Hand- und Fu\u00dfabdruckDer eigene \u00f6kologische Hand- und Fu\u00dfabdruck\"><img loading=\"lazy\" decoding=\"async\" aria-describedby=\"caption-attachment-31136\" class=\"wp-image-31136 size-medium\" title=\"Ergebbnis Workshop: Der eigene \u00f6kologische Hand- und Fu\u00dfabdruckDer eigene \u00f6kologische Hand- und Fu\u00dfabdruck\" src=\"https:\/\/gg3.eu\/wp-content\/uploads\/2024\/11\/poster2-hand-fussabdruck-214x300.jpg\" alt=\"Result of the workshop: Your own ecological hand and footprint\" width=\"214\" height=\"300\" srcset=\"https:\/\/gg3.eu\/wp-content\/uploads\/2024\/11\/poster2-hand-fussabdruck-214x300.jpg 214w, https:\/\/gg3.eu\/wp-content\/uploads\/2024\/11\/poster2-hand-fussabdruck-731x1024.jpg 731w, https:\/\/gg3.eu\/wp-content\/uploads\/2024\/11\/poster2-hand-fussabdruck-768x1076.jpg 768w, https:\/\/gg3.eu\/wp-content\/uploads\/2024\/11\/poster2-hand-fussabdruck-1096x1536.jpg 1096w, https:\/\/gg3.eu\/wp-content\/uploads\/2024\/11\/poster2-hand-fussabdruck-1461x2048.jpg 1461w, https:\/\/gg3.eu\/wp-content\/uploads\/2024\/11\/poster2-hand-fussabdruck-766x1074.jpg 766w, https:\/\/gg3.eu\/wp-content\/uploads\/2024\/11\/poster2-hand-fussabdruck-scaled.jpg 1827w\" sizes=\"auto, (max-width: 214px) 100vw, 214px\" \/><\/a><p id=\"caption-attachment-31136\" class=\"wp-caption-text\">Result of the workshop: Your own ecological hand and footprint<\/p><\/div><div id=\"attachment_31138\" style=\"width: 230px\" class=\"wp-caption alignleft\"><a href=\"https:\/\/gg3.eu\/wp-content\/uploads\/2024\/11\/poster1-hand-fussabdruck-scaled.jpg\" data-rel=\"lightbox-image-2\" data-magnific_type=\"image\" data-rl_title=\"\" data-rl_caption=\"\"><img loading=\"lazy\" decoding=\"async\" aria-describedby=\"caption-attachment-31138\" class=\"wp-image-31138 size-medium\" title=\"\" src=\"https:\/\/gg3.eu\/wp-content\/uploads\/2024\/11\/poster1-hand-fussabdruck-220x300.jpg\" alt=\"Result of the workshop: Your own ecological hand and footprint\" width=\"220\" height=\"300\" srcset=\"https:\/\/gg3.eu\/wp-content\/uploads\/2024\/11\/poster1-hand-fussabdruck-220x300.jpg 220w, https:\/\/gg3.eu\/wp-content\/uploads\/2024\/11\/poster1-hand-fussabdruck-750x1024.jpg 750w, https:\/\/gg3.eu\/wp-content\/uploads\/2024\/11\/poster1-hand-fussabdruck-768x1048.jpg 768w, https:\/\/gg3.eu\/wp-content\/uploads\/2024\/11\/poster1-hand-fussabdruck-1126x1536.jpg 1126w, https:\/\/gg3.eu\/wp-content\/uploads\/2024\/11\/poster1-hand-fussabdruck-1501x2048.jpg 1501w, https:\/\/gg3.eu\/wp-content\/uploads\/2024\/11\/poster1-hand-fussabdruck-766x1045.jpg 766w, https:\/\/gg3.eu\/wp-content\/uploads\/2024\/11\/poster1-hand-fussabdruck-scaled.jpg 1876w\" sizes=\"auto, (max-width: 220px) 100vw, 220px\" \/><\/a><p id=\"caption-attachment-31138\" class=\"wp-caption-text\">Result of the workshop: Your own ecological hand and footprint<\/p><\/div>\n","protected":false},"excerpt":{"rendered":"<p>In the program of the exhibition &#8220;Augenwischer &#8220;15.11.2024, 7 pm: Lecture with workshop &#8220;Der eigene \u00f6kologische Hand- und Fu\u00dfabdruck. Limits and possibilities&#8221;, Tom Albrecht 13 pages pdf: Lecture hand and footprint<\/p>\n","protected":false},"author":5,"featured_media":0,"parent":0,"menu_order":0,"comment_status":"closed","ping_status":"closed","template":"","meta":{"footnotes":""},"tags":[],"class_list":["post-31143","page","type-page","status-publish","hentry"],"yoast_head":"<!-- This site is optimized with the Yoast SEO plugin v27.4 - https:\/\/yoast.com\/product\/yoast-seo-wordpress\/ -->\n<title>Your own ecological hand and footprint | Galerie f\u00fcr nachhaltige Kunst in Berlin<\/title>\n<meta name=\"description\" content=\"Lecture with workshop &quot;Your own ecological hand and footprint&quot; Tom Albrecht\" \/>\n<meta name=\"robots\" content=\"index, follow, max-snippet:-1, max-image-preview:large, max-video-preview:-1\" \/>\n<link rel=\"canonical\" href=\"https:\/\/gg3.eu\/en\/your-own-ecological-hand-and-footprint\/\" \/>\n<meta property=\"og:locale\" content=\"en_US\" \/>\n<meta property=\"og:type\" content=\"article\" \/>\n<meta property=\"og:title\" content=\"Your own ecological hand and footprint | Galerie f\u00fcr nachhaltige Kunst in Berlin\" \/>\n<meta property=\"og:description\" content=\"Lecture with workshop &quot;Your own ecological hand and footprint&quot; Tom Albrecht\" \/>\n<meta property=\"og:url\" content=\"https:\/\/gg3.eu\/en\/your-own-ecological-hand-and-footprint\/\" \/>\n<meta property=\"og:site_name\" content=\"Galerie f\u00fcr nachhaltige Kunst in Berlin\" \/>\n<meta property=\"article:publisher\" content=\"https:\/\/www.facebook.com\/GroupGlobal3000\/\" \/>\n<meta property=\"article:modified_time\" content=\"2024-11-25T19:45:13+00:00\" \/>\n<meta property=\"og:image\" content=\"https:\/\/gg3.eu\/wp-content\/uploads\/2024\/11\/DSC02098-scaled.jpg\" \/>\n\t<meta property=\"og:image:width\" content=\"2560\" \/>\n\t<meta property=\"og:image:height\" content=\"1707\" \/>\n\t<meta property=\"og:image:type\" content=\"image\/jpeg\" \/>\n<meta name=\"twitter:card\" content=\"summary_large_image\" \/>\n<script type=\"application\/ld+json\" class=\"yoast-schema-graph\">{\"@context\":\"https:\\\/\\\/schema.org\",\"@graph\":[{\"@type\":\"WebPage\",\"@id\":\"https:\\\/\\\/gg3.eu\\\/en\\\/your-own-ecological-hand-and-footprint\\\/\",\"url\":\"https:\\\/\\\/gg3.eu\\\/en\\\/your-own-ecological-hand-and-footprint\\\/\",\"name\":\"Your own ecological hand and footprint | Galerie f\u00fcr nachhaltige Kunst in Berlin\",\"isPartOf\":{\"@id\":\"https:\\\/\\\/gg3.eu\\\/en\\\/#website\"},\"primaryImageOfPage\":{\"@id\":\"https:\\\/\\\/gg3.eu\\\/en\\\/your-own-ecological-hand-and-footprint\\\/#primaryimage\"},\"image\":{\"@id\":\"https:\\\/\\\/gg3.eu\\\/en\\\/your-own-ecological-hand-and-footprint\\\/#primaryimage\"},\"thumbnailUrl\":\"https:\\\/\\\/gg3.eu\\\/wp-content\\\/uploads\\\/2024\\\/11\\\/DSC02098-1024x683.jpg\",\"datePublished\":\"2024-11-16T10:56:38+00:00\",\"dateModified\":\"2024-11-25T19:45:13+00:00\",\"description\":\"Lecture with workshop \\\"Your own ecological hand and footprint\\\" Tom Albrecht\",\"breadcrumb\":{\"@id\":\"https:\\\/\\\/gg3.eu\\\/en\\\/your-own-ecological-hand-and-footprint\\\/#breadcrumb\"},\"inLanguage\":\"en-US\",\"potentialAction\":[{\"@type\":\"ReadAction\",\"target\":[\"https:\\\/\\\/gg3.eu\\\/en\\\/your-own-ecological-hand-and-footprint\\\/\"]}]},{\"@type\":\"ImageObject\",\"inLanguage\":\"en-US\",\"@id\":\"https:\\\/\\\/gg3.eu\\\/en\\\/your-own-ecological-hand-and-footprint\\\/#primaryimage\",\"url\":\"https:\\\/\\\/gg3.eu\\\/wp-content\\\/uploads\\\/2024\\\/11\\\/DSC02098-1024x683.jpg\",\"contentUrl\":\"https:\\\/\\\/gg3.eu\\\/wp-content\\\/uploads\\\/2024\\\/11\\\/DSC02098-1024x683.jpg\"},{\"@type\":\"BreadcrumbList\",\"@id\":\"https:\\\/\\\/gg3.eu\\\/en\\\/your-own-ecological-hand-and-footprint\\\/#breadcrumb\",\"itemListElement\":[{\"@type\":\"ListItem\",\"position\":1,\"name\":\"Startseite\",\"item\":\"https:\\\/\\\/gg3.eu\\\/en\\\/\"},{\"@type\":\"ListItem\",\"position\":2,\"name\":\"Your own ecological hand and footprint\"}]},{\"@type\":\"WebSite\",\"@id\":\"https:\\\/\\\/gg3.eu\\\/en\\\/#website\",\"url\":\"https:\\\/\\\/gg3.eu\\\/en\\\/\",\"name\":\"Galerie f\u00fcr nachhaltige Kunst in Berlin\",\"description\":\"\",\"potentialAction\":[{\"@type\":\"SearchAction\",\"target\":{\"@type\":\"EntryPoint\",\"urlTemplate\":\"https:\\\/\\\/gg3.eu\\\/en\\\/?s={search_term_string}\"},\"query-input\":{\"@type\":\"PropertyValueSpecification\",\"valueRequired\":true,\"valueName\":\"search_term_string\"}}],\"inLanguage\":\"en-US\"}]}<\/script>\n<!-- \/ Yoast SEO plugin. -->","yoast_head_json":{"title":"Your own ecological hand and footprint | Galerie f\u00fcr nachhaltige Kunst in Berlin","description":"Lecture with workshop \"Your own ecological hand and footprint\" Tom Albrecht","robots":{"index":"index","follow":"follow","max-snippet":"max-snippet:-1","max-image-preview":"max-image-preview:large","max-video-preview":"max-video-preview:-1"},"canonical":"https:\/\/gg3.eu\/en\/your-own-ecological-hand-and-footprint\/","og_locale":"en_US","og_type":"article","og_title":"Your own ecological hand and footprint | Galerie f\u00fcr nachhaltige Kunst in Berlin","og_description":"Lecture with workshop \"Your own ecological hand and footprint\" Tom Albrecht","og_url":"https:\/\/gg3.eu\/en\/your-own-ecological-hand-and-footprint\/","og_site_name":"Galerie f\u00fcr nachhaltige Kunst in Berlin","article_publisher":"https:\/\/www.facebook.com\/GroupGlobal3000\/","article_modified_time":"2024-11-25T19:45:13+00:00","og_image":[{"width":2560,"height":1707,"url":"https:\/\/gg3.eu\/wp-content\/uploads\/2024\/11\/DSC02098-scaled.jpg","type":"image\/jpeg"}],"twitter_card":"summary_large_image","schema":{"@context":"https:\/\/schema.org","@graph":[{"@type":"WebPage","@id":"https:\/\/gg3.eu\/en\/your-own-ecological-hand-and-footprint\/","url":"https:\/\/gg3.eu\/en\/your-own-ecological-hand-and-footprint\/","name":"Your own ecological hand and footprint | Galerie f\u00fcr nachhaltige Kunst in Berlin","isPartOf":{"@id":"https:\/\/gg3.eu\/en\/#website"},"primaryImageOfPage":{"@id":"https:\/\/gg3.eu\/en\/your-own-ecological-hand-and-footprint\/#primaryimage"},"image":{"@id":"https:\/\/gg3.eu\/en\/your-own-ecological-hand-and-footprint\/#primaryimage"},"thumbnailUrl":"https:\/\/gg3.eu\/wp-content\/uploads\/2024\/11\/DSC02098-1024x683.jpg","datePublished":"2024-11-16T10:56:38+00:00","dateModified":"2024-11-25T19:45:13+00:00","description":"Lecture with workshop \"Your own ecological hand and footprint\" Tom Albrecht","breadcrumb":{"@id":"https:\/\/gg3.eu\/en\/your-own-ecological-hand-and-footprint\/#breadcrumb"},"inLanguage":"en-US","potentialAction":[{"@type":"ReadAction","target":["https:\/\/gg3.eu\/en\/your-own-ecological-hand-and-footprint\/"]}]},{"@type":"ImageObject","inLanguage":"en-US","@id":"https:\/\/gg3.eu\/en\/your-own-ecological-hand-and-footprint\/#primaryimage","url":"https:\/\/gg3.eu\/wp-content\/uploads\/2024\/11\/DSC02098-1024x683.jpg","contentUrl":"https:\/\/gg3.eu\/wp-content\/uploads\/2024\/11\/DSC02098-1024x683.jpg"},{"@type":"BreadcrumbList","@id":"https:\/\/gg3.eu\/en\/your-own-ecological-hand-and-footprint\/#breadcrumb","itemListElement":[{"@type":"ListItem","position":1,"name":"Startseite","item":"https:\/\/gg3.eu\/en\/"},{"@type":"ListItem","position":2,"name":"Your own ecological hand and footprint"}]},{"@type":"WebSite","@id":"https:\/\/gg3.eu\/en\/#website","url":"https:\/\/gg3.eu\/en\/","name":"Galerie f\u00fcr nachhaltige Kunst in Berlin","description":"","potentialAction":[{"@type":"SearchAction","target":{"@type":"EntryPoint","urlTemplate":"https:\/\/gg3.eu\/en\/?s={search_term_string}"},"query-input":{"@type":"PropertyValueSpecification","valueRequired":true,"valueName":"search_term_string"}}],"inLanguage":"en-US"}]}},"_links":{"self":[{"href":"https:\/\/gg3.eu\/en\/wp-json\/wp\/v2\/pages\/31143","targetHints":{"allow":["GET"]}}],"collection":[{"href":"https:\/\/gg3.eu\/en\/wp-json\/wp\/v2\/pages"}],"about":[{"href":"https:\/\/gg3.eu\/en\/wp-json\/wp\/v2\/types\/page"}],"author":[{"embeddable":true,"href":"https:\/\/gg3.eu\/en\/wp-json\/wp\/v2\/users\/5"}],"replies":[{"embeddable":true,"href":"https:\/\/gg3.eu\/en\/wp-json\/wp\/v2\/comments?post=31143"}],"version-history":[{"count":2,"href":"https:\/\/gg3.eu\/en\/wp-json\/wp\/v2\/pages\/31143\/revisions"}],"predecessor-version":[{"id":31308,"href":"https:\/\/gg3.eu\/en\/wp-json\/wp\/v2\/pages\/31143\/revisions\/31308"}],"wp:attachment":[{"href":"https:\/\/gg3.eu\/en\/wp-json\/wp\/v2\/media?parent=31143"}],"wp:term":[{"taxonomy":"post_tag","embeddable":true,"href":"https:\/\/gg3.eu\/en\/wp-json\/wp\/v2\/tags?post=31143"}],"curies":[{"name":"wp","href":"https:\/\/api.w.org\/{rel}","templated":true}]}}