{"id":24549,"date":"2022-08-08T18:08:59","date_gmt":"2022-08-08T16:08:59","guid":{"rendered":"https:\/\/gg3.eu\/christmas-in-crisis\/"},"modified":"2025-07-20T09:27:02","modified_gmt":"2025-07-20T07:27:02","slug":"christmas-in-crisis","status":"publish","type":"page","link":"https:\/\/gg3.eu\/en\/christmas-in-crisis\/","title":{"rendered":"CrisisFEST"},"content":{"rendered":"<h1>Celebrating Christmas despite the climate crisis, war and energy prices<\/h1>\n<div id=\"attachment_24551\" style=\"width: 1034px\" class=\"wp-caption alignnone\"><a href=\"https:\/\/gg3.eu\/wp-content\/uploads\/2022\/08\/weihnachtsglueck.jpg\" data-rel=\"lightbox-image-0\" data-magnific_type=\"image\" data-rl_title=\"\" data-rl_caption=\"\"><img loading=\"lazy\" decoding=\"async\" aria-describedby=\"caption-attachment-24551\" class=\"wp-image-24551 size-full\" title=\"\" src=\"https:\/\/gg3.eu\/wp-content\/uploads\/2022\/08\/weihnachtsglueck.jpg\" alt=\"Christmas happiness (C TA) Christmas in crisis\" width=\"1024\" height=\"768\" srcset=\"https:\/\/gg3.eu\/wp-content\/uploads\/2022\/08\/weihnachtsglueck.jpg 1024w, https:\/\/gg3.eu\/wp-content\/uploads\/2022\/08\/weihnachtsglueck-300x225.jpg 300w, https:\/\/gg3.eu\/wp-content\/uploads\/2022\/08\/weihnachtsglueck-768x576.jpg 768w, https:\/\/gg3.eu\/wp-content\/uploads\/2022\/08\/weihnachtsglueck-766x575.jpg 766w\" sizes=\"auto, (max-width: 1024px) 100vw, 1024px\" \/><\/a><p id=\"caption-attachment-24551\" class=\"wp-caption-text\">Christmas Happiness (C GG3)<\/p><\/div>\n<h2>GG3 in Emser Street<\/h2>\n<p>  Exhibition 3.12.-17.12 2022 Open 4-7pm Thu. 8.12., Fri. 9.12., Thu. 15.12., Fri. 16.12.     Works by <a href=\"http:\/\/tomalbrechtart.de\/\">Tom Albrecht<\/a>, <a href=\"http:\/\/gottwick.de\/\">Mariel Gottwick<\/a>, <a href=\"http:\/\/www.stephangross.net\/\">Stephan Gro\u00df<\/a>, <a href=\"http:\/\/www.mariakorporal.com\/\">Maria Korporal <\/a>as guests at WerkStadt Berlin, Emser Stra\u00dfe 124, 12051 Berlin-Neuk\u00f6lln Two cooperative exhibitions by <a href=\"http:\/\/gg3.eu\">Group Global 3000<\/a> with WerkStadt Berlin on the same theme KrisenFEST. WerkStadt Berlin exhibits in the rooms of GG3 at Leuschnerdamm 19. People are feeling the climate crisis more and more, the war, the rising energy prices. That&#8217;s when it&#8217;s important to celebrate Christmas anyway. How does that work, what do we change?  <\/p>\n<h2>Program of GG3 in Emser Street<\/h2>\n<p><strong>Vernissage<\/strong> 3.12., 7 &#8211; 10 pm: Welcome Jason Benedict, introduction to the exhibition Jule B\u00f6ttner, WerkStadt e.V., performance &#8220;Arsch hochkriegen&#8221;, Tom Albrecht with Stephan Gro\u00df  <\/p>\n<div style=\"padding: 56.25% 0 0 0; position: relative;\"><iframe style=\"position: absolute; top: 0; left: 0; width: 100%; height: 100%;\" title=\"Get ass up.mp4\" src=\"https:\/\/player.vimeo.com\/video\/777787181?h=a12aee472e&amp;badge=0&amp;autopause=0&amp;player_id=0&amp;app_id=58479\" frameborder=\"0\" allowfullscreen=\"allowfullscreen\"><\/iframe><\/div>\n<p> <div id=\"attachment_24870\" style=\"width: 235px\" class=\"wp-caption alignleft\"><a href=\"https:\/\/gg3.eu\/wp-content\/uploads\/2022\/08\/tannenbaum-videos-w.jpg\" data-rel=\"lightbox-image-1\" data-magnific_type=\"image\" data-rl_title=\"\" data-rl_caption=\"\"><img loading=\"lazy\" decoding=\"async\" aria-describedby=\"caption-attachment-24870\" class=\"wp-image-24870 size-medium\" title=\"\" src=\"https:\/\/gg3.eu\/wp-content\/uploads\/2022\/08\/tannenbaum-videos-w-225x300.jpg\" alt=\"KrisenFEST Oh Tannenbaum - Videos (C) M.G.\" width=\"225\" height=\"300\" srcset=\"https:\/\/gg3.eu\/wp-content\/uploads\/2022\/08\/tannenbaum-videos-w-225x300.jpg 225w, https:\/\/gg3.eu\/wp-content\/uploads\/2022\/08\/tannenbaum-videos-w-766x1021.jpg 766w, https:\/\/gg3.eu\/wp-content\/uploads\/2022\/08\/tannenbaum-videos-w.jpg 768w\" sizes=\"auto, (max-width: 225px) 100vw, 225px\" \/><\/a><p id=\"caption-attachment-24870\" class=\"wp-caption-text\">KrisenFEST Oh Tannenbaum &#8211; Videos (C) M.G.<\/p><\/div><script src=\"https:\/\/player.vimeo.com\/api\/player.js\"><\/script><div id=\"attachment_24851\" style=\"width: 310px\" class=\"wp-caption alignright\"><a href=\"https:\/\/gg3.eu\/wp-content\/uploads\/2022\/08\/KrisenFEST-Videoabend.jpg\" data-rel=\"lightbox-image-2\" data-magnific_type=\"image\" data-rl_title=\"\" data-rl_caption=\"\"><img loading=\"lazy\" decoding=\"async\" aria-describedby=\"caption-attachment-24851\" class=\"wp-image-24851 size-medium\" title=\"\" src=\"https:\/\/gg3.eu\/wp-content\/uploads\/2022\/08\/KrisenFEST-Videoabend-300x294.jpg\" alt=\"KrisenFEST Video evening with artist:in conversation KrisenFEST\" width=\"300\" height=\"294\" srcset=\"https:\/\/gg3.eu\/wp-content\/uploads\/2022\/08\/KrisenFEST-Videoabend-300x294.jpg 300w, https:\/\/gg3.eu\/wp-content\/uploads\/2022\/08\/KrisenFEST-Videoabend-768x752.jpg 768w, https:\/\/gg3.eu\/wp-content\/uploads\/2022\/08\/KrisenFEST-Videoabend-766x750.jpg 766w, https:\/\/gg3.eu\/wp-content\/uploads\/2022\/08\/KrisenFEST-Videoabend.jpg 980w\" sizes=\"auto, (max-width: 300px) 100vw, 300px\" \/><\/a><p id=\"caption-attachment-24851\" class=\"wp-caption-text\">KrisenFEST Video evening with artist talkVideo evening<\/p><\/div><strong>with artist talk<\/strong> 10.12., 7 &#8211; 10 pm: Videos by the exhibiting artists and invited guests: Tom Albrecht, Marina Camargo, Lioba von den Driesch, Matthias Fritsch, Mariel Gottwick, Stephan Gro\u00df, Nanna Gro Henningsen, Maria Korporal, Juliane Kowalke, Super Vague (Keeley Haftner and Dr. David Saunders) Artist talk: Artists from the exhibition and videos talk to guests about their works. David Saunders) Artist talk: Artists from the exhibition and videos talk to guests about their works <strong>Finissage<\/strong> <strong>with workshop and party<\/strong> 17.12., 7 pm: 6-9 pm 6 pm Workshop: Saving Christmas? How do we deal with celebration and crisis, tradition and reality today? We bring together our plans and activities: Tree, celebrations, electricity, heating, ventilation, gifts, packaging, money Moderation: Tom Albrecht  <\/p>\n<h2 class=\"western\">Result: Workshop KrisenFEST 17.12.2022<\/h2>\n<h3 class=\"western\">Celebration and crisis: Corona, climate, Ukraine, species extinction<\/h3>\n<h4 class=\"western\">We celebrate Christmas as before with reaction to old crises<\/h4>\n<p>  Christmas is a chance to work creatively With family to be together. There is also pressure to enjoy the convivial atmosphere, beautiful memories, food, tradition, drink, candles, tree, stars, light, music, fragrance, baking, the smell of fir trees, eating less meat or, as an exception, giving wild gifts only for the children, no longer for the adults. Or something small to consume The pressure to give presents is a problem, the obligation to give presents, something suitable to wrap with paper from the previous year, ironing ribbons?   Traveling to escape  <\/p>\n<h4 class=\"western\">Crisis in feast with new crises<\/h4>\n<p>  The food banks have an influx, but are reaching their limits More donations? Donations instead of gifts? You see fewer light decorations on houses Heat more sparingly, ventilate in bursts Wear warmer clothes, no light evening wear Organic Christmas tree or self-made tree  <\/p>\n<h2>Video of the exhibition<\/h2>\n<div style=\"padding: 56.25% 0 0 0; position: relative;\"><iframe style=\"position: absolute; top: 0; left: 0; width: 100%; height: 100%;\" title=\"Exhibition KrisenFEST\" src=\"https:\/\/player.vimeo.com\/video\/783599307?h=395e1d9eb4&amp;badge=0&amp;autopause=0&amp;player_id=0&amp;app_id=58479\" frameborder=\"0\" allowfullscreen=\"allowfullscreen\"><\/iframe><\/div>\n<p><script src=\"https:\/\/player.vimeo.com\/api\/player.js\"><\/script><\/p>\n<h2>Location<\/h2>\n<p><a href=\"http:\/\/gg3.eu\">GG3 on the premises of WerkStadt Berlin<\/a>: Emser Stra\u00dfe 124, corner of Ilsestrasse, 12051 Berlin-Neuk\u00f6lln, S+U Hermannstra\u00dfe, S+U Neuk\u00f6lln, Bus 377 Emser Stra\u00dfe 60ste Ausstellung  <\/p>\n<h1><a href=\"https:\/\/werkstadt.berlin\/\">WerkStadt at the premises of Group Global 3000<\/a><\/h1>\n<div id=\"attachment_24824\" style=\"width: 951px\" class=\"wp-caption alignnone\"><a href=\"https:\/\/gg3.eu\/wp-content\/uploads\/2022\/08\/flyer-werkStadt-w.jpg\" data-rel=\"lightbox-image-3\" data-magnific_type=\"image\" data-rl_title=\"\" data-rl_caption=\"\"><img loading=\"lazy\" decoding=\"async\" aria-describedby=\"caption-attachment-24824\" class=\"wp-image-24824 size-full\" title=\"\" src=\"https:\/\/gg3.eu\/wp-content\/uploads\/2022\/08\/flyer-werkStadt-w.jpg\" alt=\"CrisisFEST WerkStadt\" width=\"941\" height=\"672\" srcset=\"https:\/\/gg3.eu\/wp-content\/uploads\/2022\/08\/flyer-werkStadt-w.jpg 941w, https:\/\/gg3.eu\/wp-content\/uploads\/2022\/08\/flyer-werkStadt-w-300x214.jpg 300w, https:\/\/gg3.eu\/wp-content\/uploads\/2022\/08\/flyer-werkStadt-w-768x548.jpg 768w, https:\/\/gg3.eu\/wp-content\/uploads\/2022\/08\/flyer-werkStadt-w-766x547.jpg 766w\" sizes=\"auto, (max-width: 941px) 100vw, 941px\" \/><\/a><p id=\"caption-attachment-24824\" class=\"wp-caption-text\">CrisisFEST WerkStadt<\/p><\/div>\n<p>WerkStadt in the rooms of Group Global 3000: Leuschnerdamm 19, 10999 Berlin, U8 Moritzplatz, U1 Kottbussertor, M29 Oranienplatz, Bus 147 Michaelkirchplatz<\/p>\n","protected":false},"excerpt":{"rendered":"<p>Celebrating Christmas despite the climate crisis, war and energy prices GG3 in Emser Street Exhibition 3.12.-17.12 2022 Open 4-7pm Thu. 8.12., Fri. 9.12., Thu. 15.12., Fri. 16.12. Works by Tom Albrecht, Mariel Gottwick, Stephan Gro\u00df, Maria Korporal as guests at WerkStadt Berlin, Emser Stra\u00dfe 124, 12051 Berlin-Neuk\u00f6lln Two cooperative exhibitions by Group Global 3000 with [&hellip;]<\/p>\n","protected":false},"author":5,"featured_media":0,"parent":0,"menu_order":0,"comment_status":"closed","ping_status":"closed","template":"","meta":{"footnotes":""},"tags":[],"class_list":["post-24549","page","type-page","status-publish","hentry"],"yoast_head":"<!-- This site is optimized with the Yoast SEO plugin v27.4 - https:\/\/yoast.com\/product\/yoast-seo-wordpress\/ -->\n<title>CrisisFEST<\/title>\n<meta name=\"description\" content=\"Crisis celebration. Celebrating Christmas despite the climate crisis, war and energy prices. An exhibition by Group Global 3000 with WerkStadt Neuk\u00f6lln.\" \/>\n<meta name=\"robots\" content=\"index, follow, max-snippet:-1, max-image-preview:large, max-video-preview:-1\" \/>\n<link rel=\"canonical\" href=\"https:\/\/gg3.eu\/en\/christmas-in-crisis\/\" \/>\n<meta property=\"og:locale\" content=\"en_US\" \/>\n<meta property=\"og:type\" content=\"article\" \/>\n<meta property=\"og:title\" content=\"CrisisFEST\" \/>\n<meta property=\"og:description\" content=\"Crisis celebration. Celebrating Christmas despite the climate crisis, war and energy prices. An exhibition by Group Global 3000 with WerkStadt Neuk\u00f6lln.\" \/>\n<meta property=\"og:url\" content=\"https:\/\/gg3.eu\/en\/christmas-in-crisis\/\" \/>\n<meta property=\"og:site_name\" content=\"Galerie f\u00fcr nachhaltige Kunst in Berlin\" \/>\n<meta property=\"article:publisher\" content=\"https:\/\/www.facebook.com\/GroupGlobal3000\/\" \/>\n<meta property=\"article:modified_time\" content=\"2025-07-20T07:27:02+00:00\" \/>\n<meta property=\"og:image\" content=\"https:\/\/gg3.eu\/wp-content\/uploads\/2022\/08\/weihnachtsglueck.jpg\" \/>\n\t<meta property=\"og:image:width\" content=\"1024\" \/>\n\t<meta property=\"og:image:height\" content=\"768\" \/>\n\t<meta property=\"og:image:type\" content=\"image\/jpeg\" \/>\n<meta name=\"twitter:card\" content=\"summary_large_image\" \/>\n<meta name=\"twitter:label1\" content=\"Est. reading time\" \/>\n\t<meta name=\"twitter:data1\" content=\"3 minutes\" \/>\n<script type=\"application\/ld+json\" class=\"yoast-schema-graph\">{\"@context\":\"https:\\\/\\\/schema.org\",\"@graph\":[{\"@type\":\"WebPage\",\"@id\":\"https:\\\/\\\/gg3.eu\\\/en\\\/christmas-in-crisis\\\/\",\"url\":\"https:\\\/\\\/gg3.eu\\\/en\\\/christmas-in-crisis\\\/\",\"name\":\"CrisisFEST\",\"isPartOf\":{\"@id\":\"https:\\\/\\\/gg3.eu\\\/en\\\/#website\"},\"primaryImageOfPage\":{\"@id\":\"https:\\\/\\\/gg3.eu\\\/en\\\/christmas-in-crisis\\\/#primaryimage\"},\"image\":{\"@id\":\"https:\\\/\\\/gg3.eu\\\/en\\\/christmas-in-crisis\\\/#primaryimage\"},\"thumbnailUrl\":\"https:\\\/\\\/gg3.eu\\\/wp-content\\\/uploads\\\/2022\\\/08\\\/weihnachtsglueck.jpg\",\"datePublished\":\"2022-08-08T16:08:59+00:00\",\"dateModified\":\"2025-07-20T07:27:02+00:00\",\"description\":\"Crisis celebration. Celebrating Christmas despite the climate crisis, war and energy prices. An exhibition by Group Global 3000 with WerkStadt Neuk\u00f6lln.\",\"breadcrumb\":{\"@id\":\"https:\\\/\\\/gg3.eu\\\/en\\\/christmas-in-crisis\\\/#breadcrumb\"},\"inLanguage\":\"en-US\",\"potentialAction\":[{\"@type\":\"ReadAction\",\"target\":[\"https:\\\/\\\/gg3.eu\\\/en\\\/christmas-in-crisis\\\/\"]}]},{\"@type\":\"ImageObject\",\"inLanguage\":\"en-US\",\"@id\":\"https:\\\/\\\/gg3.eu\\\/en\\\/christmas-in-crisis\\\/#primaryimage\",\"url\":\"https:\\\/\\\/gg3.eu\\\/wp-content\\\/uploads\\\/2022\\\/08\\\/weihnachtsglueck.jpg\",\"contentUrl\":\"https:\\\/\\\/gg3.eu\\\/wp-content\\\/uploads\\\/2022\\\/08\\\/weihnachtsglueck.jpg\"},{\"@type\":\"BreadcrumbList\",\"@id\":\"https:\\\/\\\/gg3.eu\\\/en\\\/christmas-in-crisis\\\/#breadcrumb\",\"itemListElement\":[{\"@type\":\"ListItem\",\"position\":1,\"name\":\"Startseite\",\"item\":\"https:\\\/\\\/gg3.eu\\\/en\\\/\"},{\"@type\":\"ListItem\",\"position\":2,\"name\":\"CrisisFEST\"}]},{\"@type\":\"WebSite\",\"@id\":\"https:\\\/\\\/gg3.eu\\\/en\\\/#website\",\"url\":\"https:\\\/\\\/gg3.eu\\\/en\\\/\",\"name\":\"Galerie f\u00fcr nachhaltige Kunst in Berlin\",\"description\":\"\",\"potentialAction\":[{\"@type\":\"SearchAction\",\"target\":{\"@type\":\"EntryPoint\",\"urlTemplate\":\"https:\\\/\\\/gg3.eu\\\/en\\\/?s={search_term_string}\"},\"query-input\":{\"@type\":\"PropertyValueSpecification\",\"valueRequired\":true,\"valueName\":\"search_term_string\"}}],\"inLanguage\":\"en-US\"}]}<\/script>\n<!-- \/ Yoast SEO plugin. -->","yoast_head_json":{"title":"CrisisFEST","description":"Crisis celebration. Celebrating Christmas despite the climate crisis, war and energy prices. An exhibition by Group Global 3000 with WerkStadt Neuk\u00f6lln.","robots":{"index":"index","follow":"follow","max-snippet":"max-snippet:-1","max-image-preview":"max-image-preview:large","max-video-preview":"max-video-preview:-1"},"canonical":"https:\/\/gg3.eu\/en\/christmas-in-crisis\/","og_locale":"en_US","og_type":"article","og_title":"CrisisFEST","og_description":"Crisis celebration. Celebrating Christmas despite the climate crisis, war and energy prices. An exhibition by Group Global 3000 with WerkStadt Neuk\u00f6lln.","og_url":"https:\/\/gg3.eu\/en\/christmas-in-crisis\/","og_site_name":"Galerie f\u00fcr nachhaltige Kunst in Berlin","article_publisher":"https:\/\/www.facebook.com\/GroupGlobal3000\/","article_modified_time":"2025-07-20T07:27:02+00:00","og_image":[{"width":1024,"height":768,"url":"https:\/\/gg3.eu\/wp-content\/uploads\/2022\/08\/weihnachtsglueck.jpg","type":"image\/jpeg"}],"twitter_card":"summary_large_image","twitter_misc":{"Est. reading time":"3 minutes"},"schema":{"@context":"https:\/\/schema.org","@graph":[{"@type":"WebPage","@id":"https:\/\/gg3.eu\/en\/christmas-in-crisis\/","url":"https:\/\/gg3.eu\/en\/christmas-in-crisis\/","name":"CrisisFEST","isPartOf":{"@id":"https:\/\/gg3.eu\/en\/#website"},"primaryImageOfPage":{"@id":"https:\/\/gg3.eu\/en\/christmas-in-crisis\/#primaryimage"},"image":{"@id":"https:\/\/gg3.eu\/en\/christmas-in-crisis\/#primaryimage"},"thumbnailUrl":"https:\/\/gg3.eu\/wp-content\/uploads\/2022\/08\/weihnachtsglueck.jpg","datePublished":"2022-08-08T16:08:59+00:00","dateModified":"2025-07-20T07:27:02+00:00","description":"Crisis celebration. Celebrating Christmas despite the climate crisis, war and energy prices. An exhibition by Group Global 3000 with WerkStadt Neuk\u00f6lln.","breadcrumb":{"@id":"https:\/\/gg3.eu\/en\/christmas-in-crisis\/#breadcrumb"},"inLanguage":"en-US","potentialAction":[{"@type":"ReadAction","target":["https:\/\/gg3.eu\/en\/christmas-in-crisis\/"]}]},{"@type":"ImageObject","inLanguage":"en-US","@id":"https:\/\/gg3.eu\/en\/christmas-in-crisis\/#primaryimage","url":"https:\/\/gg3.eu\/wp-content\/uploads\/2022\/08\/weihnachtsglueck.jpg","contentUrl":"https:\/\/gg3.eu\/wp-content\/uploads\/2022\/08\/weihnachtsglueck.jpg"},{"@type":"BreadcrumbList","@id":"https:\/\/gg3.eu\/en\/christmas-in-crisis\/#breadcrumb","itemListElement":[{"@type":"ListItem","position":1,"name":"Startseite","item":"https:\/\/gg3.eu\/en\/"},{"@type":"ListItem","position":2,"name":"CrisisFEST"}]},{"@type":"WebSite","@id":"https:\/\/gg3.eu\/en\/#website","url":"https:\/\/gg3.eu\/en\/","name":"Galerie f\u00fcr nachhaltige Kunst in Berlin","description":"","potentialAction":[{"@type":"SearchAction","target":{"@type":"EntryPoint","urlTemplate":"https:\/\/gg3.eu\/en\/?s={search_term_string}"},"query-input":{"@type":"PropertyValueSpecification","valueRequired":true,"valueName":"search_term_string"}}],"inLanguage":"en-US"}]}},"_links":{"self":[{"href":"https:\/\/gg3.eu\/en\/wp-json\/wp\/v2\/pages\/24549","targetHints":{"allow":["GET"]}}],"collection":[{"href":"https:\/\/gg3.eu\/en\/wp-json\/wp\/v2\/pages"}],"about":[{"href":"https:\/\/gg3.eu\/en\/wp-json\/wp\/v2\/types\/page"}],"author":[{"embeddable":true,"href":"https:\/\/gg3.eu\/en\/wp-json\/wp\/v2\/users\/5"}],"replies":[{"embeddable":true,"href":"https:\/\/gg3.eu\/en\/wp-json\/wp\/v2\/comments?post=24549"}],"version-history":[{"count":3,"href":"https:\/\/gg3.eu\/en\/wp-json\/wp\/v2\/pages\/24549\/revisions"}],"predecessor-version":[{"id":33962,"href":"https:\/\/gg3.eu\/en\/wp-json\/wp\/v2\/pages\/24549\/revisions\/33962"}],"wp:attachment":[{"href":"https:\/\/gg3.eu\/en\/wp-json\/wp\/v2\/media?parent=24549"}],"wp:term":[{"taxonomy":"post_tag","embeddable":true,"href":"https:\/\/gg3.eu\/en\/wp-json\/wp\/v2\/tags?post=24549"}],"curies":[{"name":"wp","href":"https:\/\/api.w.org\/{rel}","templated":true}]}}