{"id":23179,"date":"2022-03-18T12:15:11","date_gmt":"2022-03-18T11:15:11","guid":{"rendered":"https:\/\/gg3.eu\/?p=23179"},"modified":"2025-02-20T08:44:17","modified_gmt":"2025-02-20T07:44:17","slug":"the-good-life","status":"publish","type":"page","link":"https:\/\/gg3.eu\/en\/the-good-life\/","title":{"rendered":"The Good Life"},"content":{"rendered":"<div id=\"attachment_25186\" style=\"width: 736px\" class=\"wp-caption alignnone\"><a href=\"https:\/\/gg3.eu\/wp-content\/uploads\/2022\/03\/Thomas-Behling-Bessere-Zeiten-4-scaled.jpg\" data-rel=\"lightbox-image-0\" data-magnific_type=\"image\" data-rl_title=\"&quot;Bessere Zeiten d\u00e4mmern&quot;, Thomas Behling, 2016, Berlin, bedruckte Folie, Glas, Karton, Rahmen, LEDs, Sperrholz, Fliegennetz. Bessere Zeiten d\u00e4mmern \u2013 ein Aufbruch in eine bessre Zukunft? Streift uns das Morgenlicht einer neuen Zeit? Haben wir Grund zur Hoffnung, dass alles besser wird? Oder sind die potenziellen M\u00f6glichkeiten, dass wir unsere Welt tats\u00e4chlich weiser gestalten, nur in einem D\u00e4mmerzustand: Das Wissen ist da, viele kluge K\u00f6pfe haben sich schlaue Gedanken gemacht, eine bessere Welt ist denkbar \u2013 und das nicht nur als Fantast, sondern fundiert. Aber: Wir setzten sie nicht um. Zerst\u00f6ren f\u00fcr partikulare Interessen unseren Planeten und damit zusehens die M\u00f6glichkeit, dass es doch besser sein k\u00f6nnte oder zumindest glimpflich ausgeht. Oder errichten wir gar mit viel Aufwand die Illusion einer besseren Zukunft durch technischen Fortschritt, nur um uns einzulullen und in einen D\u00e4mmerzustand zu verharren, in dem wir glauben, ein paar kleine Stellschr\u00e4ubchen drehen w\u00fcrde reichen, aber im Gro\u00dfen und Ganzen k\u00f6nnten wir so weiter machen wie bisher?\" data-rl_caption=\"&quot;Bessere Zeiten d\u00e4mmern&quot;, Thomas Behling, 2016, Berlin, bedruckte Folie, Glas, Karton, Rahmen, LEDs, Sperrholz, Fliegennetz. Bessere Zeiten d\u00e4mmern \u2013 ein Aufbruch in eine bessre Zukunft? Streift uns das Morgenlicht einer neuen Zeit? Haben wir Grund zur Hoffnung, dass alles besser wird? Oder sind die potenziellen M\u00f6glichkeiten, dass wir unsere Welt tats\u00e4chlich weiser gestalten, nur in einem D\u00e4mmerzustand: Das Wissen ist da, viele kluge K\u00f6pfe haben sich schlaue Gedanken gemacht, eine bessere Welt ist denkbar \u2013 und das nicht nur als Fantast, sondern fundiert. Aber: Wir setzten sie nicht um. Zerst\u00f6ren f\u00fcr partikulare Interessen unseren Planeten und damit zusehens die M\u00f6glichkeit, dass es doch besser sein k\u00f6nnte oder zumindest glimpflich ausgeht. Oder errichten wir gar mit viel Aufwand die Illusion einer besseren Zukunft durch technischen Fortschritt, nur um uns einzulullen und in einen D\u00e4mmerzustand zu verharren, in dem wir glauben, ein paar kleine Stellschr\u00e4ubchen drehen w\u00fcrde reichen, aber im Gro\u00dfen und Ganzen k\u00f6nnten wir so weiter machen wie bisher?\"><img loading=\"lazy\" decoding=\"async\" aria-describedby=\"caption-attachment-25186\" class=\"wp-image-25186 size-large\" title=\"&quot;Bessere Zeiten d\u00e4mmern&quot;, Thomas Behling, 2016, Berlin, bedruckte Folie, Glas, Karton, Rahmen, LEDs, Sperrholz, Fliegennetz. Bessere Zeiten d\u00e4mmern \u2013 ein Aufbruch in eine bessre Zukunft? Streift uns das Morgenlicht einer neuen Zeit? Haben wir Grund zur Hoffnung, dass alles besser wird? Oder sind die potenziellen M\u00f6glichkeiten, dass wir unsere Welt tats\u00e4chlich weiser gestalten, nur in einem D\u00e4mmerzustand: Das Wissen ist da, viele kluge K\u00f6pfe haben sich schlaue Gedanken gemacht, eine bessere Welt ist denkbar \u2013 und das nicht nur als Fantast, sondern fundiert. Aber: Wir setzten sie nicht um. Zerst\u00f6ren f\u00fcr partikulare Interessen unseren Planeten und damit zusehens die M\u00f6glichkeit, dass es doch besser sein k\u00f6nnte oder zumindest glimpflich ausgeht. Oder errichten wir gar mit viel Aufwand die Illusion einer besseren Zukunft durch technischen Fortschritt, nur um uns einzulullen und in einen D\u00e4mmerzustand zu verharren, in dem wir glauben, ein paar kleine Stellschr\u00e4ubchen drehen w\u00fcrde reichen, aber im Gro\u00dfen und Ganzen k\u00f6nnten wir so weiter machen wie bisher?\" src=\"https:\/\/gg3.eu\/wp-content\/uploads\/2022\/03\/Thomas-Behling-Bessere-Zeiten-4-726x1024.jpg\" alt=\"The Good Life Better Times \u00a9 Thomas Behling\" width=\"726\" height=\"1024\" srcset=\"https:\/\/gg3.eu\/wp-content\/uploads\/2022\/03\/Thomas-Behling-Bessere-Zeiten-4-scaled.jpg 726w, https:\/\/gg3.eu\/wp-content\/uploads\/2022\/03\/Thomas-Behling-Bessere-Zeiten-4-213x300.jpg 213w, https:\/\/gg3.eu\/wp-content\/uploads\/2022\/03\/Thomas-Behling-Bessere-Zeiten-4-768x1083.jpg 768w, https:\/\/gg3.eu\/wp-content\/uploads\/2022\/03\/Thomas-Behling-Bessere-Zeiten-4-1090x1536.jpg 1090w, https:\/\/gg3.eu\/wp-content\/uploads\/2022\/03\/Thomas-Behling-Bessere-Zeiten-4-766x1080.jpg 766w\" sizes=\"auto, (max-width: 726px) 100vw, 726px\" \/><\/a><p id=\"caption-attachment-25186\" class=\"wp-caption-text\">Better times are dawning \u00a9 Thomas Behling<\/p><\/div>\n<h2>Utopias for eye, ear, nose, mind<\/h2>\n<p>We invite you in our rooms to a journey of Good Sustainable Living with addressing the eyes, hands, body, ears and nose. The exhibition follows the exhibition<a href=\"https:\/\/gg3.eu\/en\/transformation-by-sustainable-art\/\">&#8220;Transformation<\/a>&#8221; and the many criticisms we have repeatedly made of the unsustainable life of society. It shows a vision, a positive utopia with object, image, audio, installation and video.<\/p>\n<p>Exhibit May 5 &#8211; June 16, 2023, Fridays and Tuesdays 5-8 p.m., events starting at 7 p.m.<\/p>\n<p>Artists: <a href=\"http:\/\/tomalbrechtart.de\">Tom Albrecht<\/a>, <a href=\"https:\/\/www.thomas-behling.de\">Thomas Behling<\/a>, <a href=\"https:\/\/gottwick.de\/\">Mariel Gottwick<\/a>, <a href=\"http:\/\/stephangross.net\/\">Stephan Gro\u00df<\/a>, <a href=\"https:\/\/www.mariakorporal.com\/de\/\">Maria Korporal<\/a>, <a href=\"https:\/\/lioba-vddriesch.de\/\">Lioba von den Driesch<\/a><\/p>\n<h2>Works<\/h2>\n<p><code class=\"rl-shortcode\" data-number=\"0\"><div class=\"rl-gallery-container rl-loading\" id=\"rl-gallery-container-1\" data-gallery_id=\"26268\"> <div class=\"rl-gallery rl-basicmasonry-gallery \" id=\"rl-gallery-1\" data-gallery_no=\"1\"> <div class=\"rl-gutter-sizer\"><\/div><div class=\"rl-grid-sizer\"><\/div> <div class=\"rl-gallery-item rl-gallery-item-width-4\" > <div class=\"rl-gallery-item-content\"> <a href=\"https:\/\/gg3.eu\/wp-content\/uploads\/2023\/06\/DSC01033-scaled.jpg\" title=\"Das Gute Leben (C) Tom Albrecht, Berlin 2023. Installation: Sprache, Player, duftende Blumen regional, LED-Spot, 8 Min.\" data-rl_title=\"Das Gute Leben (C) Tom Albrecht, Berlin 2023. Installation: Sprache, Player, duftende Blumen regional, LED-Spot, 8 Min.\" class=\"rl-gallery-link\" data-rl_caption=\"Das Gute Leben (C) Tom Albrecht, Berlin 2023. Installation: Sprache, Player, duftende Blumen regional, LED-Spot, 8 Min. Die Vision beschreibt sprachlich eine Utopie des guten nachhaltigen Lebens auf fachlicher sozialer, wirtschaftlicher und \u00f6kologischer Ebene. Im Text wird sie fachlich beschrieben und gesprochen, als ob sie real w\u00e4re. Von der guten Vision zu tr\u00e4umen, kann Kraft zur Ver\u00e4nderung der Gegenwart freisetzen.\" data-rel=\"lightbox-gallery-1\" data-magnific_type=\"gallery\"><img loading=\"lazy\" decoding=\"async\" src=\"https:\/\/gg3.eu\/wp-content\/uploads\/2023\/06\/DSC01033-300x200.jpg\" width=\"300\" height=\"200\" alt=\"Das Gute Leben (C) Tom Albrecht, Berlin 2023. Installation: Sprache, Player, duftende Blumen regional, LED-Spot, 8 Min. Die Vision beschreibt sprachlich eine Utopie des guten nachhaltigen Lebens auf fachlicher sozialer, wirtschaftlicher und \u00f6kologischer Ebene. Im Text wird sie fachlich beschrieben und gesprochen, als ob sie real w\u00e4re. Von der guten Vision zu tr\u00e4umen, kann Kraft zur Ver\u00e4nderung der Gegenwart freisetzen.\" \/><span class=\"rl-gallery-caption\"><span class=\"rl-gallery-item-title\">Das Gute Leben (C) Tom Albrecht, Berlin 2023. Installation: Sprache, Player, duftende Blumen regional, LED-Spot, 8 Min.<\/span><span class=\"rl-gallery-item-caption\">Das Gute Leben (C) Tom Albrecht, Berlin 2023. Installation: Sprache, Player, duftende Blumen regional, LED-Spot, 8 Min. Die Vision beschreibt sprachlich eine Utopie des guten nachhaltigen Lebens auf fachlicher sozialer, wirtschaftlicher und \u00f6kologischer Ebene. Im Text wird sie fachlich beschrieben und gesprochen, als ob sie real w\u00e4re. Von der guten Vision zu tr\u00e4umen, kann Kraft zur Ver\u00e4nderung der Gegenwart freisetzen.<\/span><\/span><\/a> <\/div> <\/div> <div class=\"rl-gallery-item\" > <div class=\"rl-gallery-item-content\"> <a href=\"https:\/\/gg3.eu\/wp-content\/uploads\/2023\/09\/Lioba-v.-d.-Driesch-w.jpg\" title=\"Lioba v. d. Driesch: Froh zu sein\" data-rl_title=\"Lioba v. d. Driesch: Froh zu sein\" class=\"rl-gallery-link\" data-rl_caption=\"Lioba von den Driesch: Froh zu sein \/ 2023, Berlin, 50 x 50 x 120 cm, Papier, Karton, Holz, weitere Materialien. &quot;Es gibt kein richtiges Leben im falschen&quot;(Theodor W. Adorno). Kein gutes Leben im schlechten - aber ein gl\u00fcckliches im unfairen - wider besseres Wissen und F\u00fchlen - im privilegierten Deutschland?\" data-rel=\"lightbox-gallery-1\" data-magnific_type=\"gallery\"><img loading=\"lazy\" decoding=\"async\" src=\"https:\/\/gg3.eu\/wp-content\/uploads\/2023\/09\/Lioba-v.-d.-Driesch-w-200x300.jpg\" width=\"200\" height=\"300\" alt=\"Lioba von den Driesch: Froh zu sein \/ 2023, Berlin, 50 x 50 x 120 cm, Papier, Karton, Holz, weitere Materialien. &quot;Es gibt kein richtiges Leben im falschen&quot;(Theodor W. Adorno). Kein gutes Leben im schlechten - aber ein gl\u00fcckliches im unfairen - wider besseres Wissen und F\u00fchlen - im privilegierten Deutschland?\" \/><span class=\"rl-gallery-caption\"><span class=\"rl-gallery-item-title\">Lioba v. d. Driesch: Froh zu sein<\/span><span class=\"rl-gallery-item-caption\">Lioba von den Driesch: Froh zu sein \/ 2023, Berlin, 50 x 50 x 120 cm, Papier, Karton, Holz, weitere Materialien. &quot;Es gibt kein richtiges Leben im falschen&quot;(Theodor W. Adorno). Kein gutes Leben im schlechten - aber ein gl\u00fcckliches im unfairen - wider besseres Wissen und F\u00fchlen - im privilegierten Deutschland?<\/span><\/span><\/a> <\/div> <\/div> <div class=\"rl-gallery-item\" > <div class=\"rl-gallery-item-content\"> <a href=\"https:\/\/gg3.eu\/wp-content\/uploads\/2023\/09\/The-Wishing-Table-by-Maria-Korporal-22-scaled.jpg\" title=\"The-Wishing-Table-by-Maria-Korporal\" data-rl_title=\"The-Wishing-Table-by-Maria-Korporal\" class=\"rl-gallery-link\" data-rl_caption=\"Maria Korporal: The Wishing Table (Tischlein deck dich) \/ 2023, Berlin, Experimentelles Video, animierte Kohlezeichnung. Der Zaubertisch im ber\u00fchmten M\u00e4rchen der Gebr\u00fcder Grimm wird mit Speisen und Getr\u00e4nken gedeckt, nachdem die Zauberformel &quot;Tischlein deck dich!&quot; gesprochen wird. In diesem Video werden eine Reihe sehr aktueller Formeln oder Schl\u00fcsselkonzepte wie nachhaltige Landwirtschaft, Verringerung der Lebensmittelverschwendung, Permakultur und viele mehr vorgestellt. All diese Ideen beziehen sich auf nachhaltige landwirtschaftliche und biologische Anbaumethoden sowie auf nachhaltige Distributions- und Konsumsysteme als praktikable Alternativen zu den derzeitigen katastrophalen industriellen Verfahren der Lebensmittelproduktion, des Vertriebs und des Konsums. Das Video ist eine lebendige Animation von Kohlezeichnungen, die dem nat\u00fcrlichen Kreislauf von Nahrungsmittelproduktion, -verteilung und -konsum folgt. Es schlie\u00dft mit einer reichhaltigen, Grimm&#039;schen Palette gesunder Lebensmittel, die eine realisierbare Vision des Guten Lebens bietet.\" data-rel=\"lightbox-gallery-1\" data-magnific_type=\"gallery\"><img loading=\"lazy\" decoding=\"async\" src=\"https:\/\/gg3.eu\/wp-content\/uploads\/2023\/09\/The-Wishing-Table-by-Maria-Korporal-22-300x169.jpg\" width=\"300\" height=\"169\" alt=\"Maria Korporal: The Wishing Table (Tischlein deck dich) \/ 2023, Berlin, Experimentelles Video, animierte Kohlezeichnung. Der Zaubertisch im ber\u00fchmten M\u00e4rchen der Gebr\u00fcder Grimm wird mit Speisen und Getr\u00e4nken gedeckt, nachdem die Zauberformel &quot;Tischlein deck dich!&quot; gesprochen wird. In diesem Video werden eine Reihe sehr aktueller Formeln oder Schl\u00fcsselkonzepte wie nachhaltige Landwirtschaft, Verringerung der Lebensmittelverschwendung, Permakultur und viele mehr vorgestellt. All diese Ideen beziehen sich auf nachhaltige landwirtschaftliche und biologische Anbaumethoden sowie auf nachhaltige Distributions- und Konsumsysteme als praktikable Alternativen zu den derzeitigen katastrophalen industriellen Verfahren der Lebensmittelproduktion, des Vertriebs und des Konsums. Das Video ist eine lebendige Animation von Kohlezeichnungen, die dem nat\u00fcrlichen Kreislauf von Nahrungsmittelproduktion, -verteilung und -konsum folgt. Es schlie\u00dft mit einer reichhaltigen, Grimm&#039;schen Palette gesunder Lebensmittel, die eine realisierbare Vision des Guten Lebens bietet.\" \/><span class=\"rl-gallery-caption\"><span class=\"rl-gallery-item-title\">The-Wishing-Table-by-Maria-Korporal<\/span><span class=\"rl-gallery-item-caption\">Maria Korporal: The Wishing Table (Tischlein deck dich) \/ 2023, Berlin, Experimentelles Video, animierte Kohlezeichnung. Der Zaubertisch im ber\u00fchmten M\u00e4rchen der Gebr\u00fcder Grimm wird mit Speisen und Getr\u00e4nken gedeckt, nachdem die Zauberformel &quot;Tischlein deck dich!&quot; gesprochen wird. In diesem Video werden eine Reihe sehr aktueller Formeln oder Schl\u00fcsselkonzepte wie nachhaltige Landwirtschaft, Verringerung der Lebensmittelverschwendung, Permakultur und viele mehr vorgestellt. All diese Ideen beziehen sich auf nachhaltige landwirtschaftliche und biologische Anbaumethoden sowie auf nachhaltige Distributions- und Konsumsysteme als praktikable Alternativen zu den derzeitigen katastrophalen industriellen Verfahren der Lebensmittelproduktion, des Vertriebs und des Konsums. Das Video ist eine lebendige Animation von Kohlezeichnungen, die dem nat\u00fcrlichen Kreislauf von Nahrungsmittelproduktion, -verteilung und -konsum folgt. Es schlie\u00dft mit einer reichhaltigen, Grimm&#039;schen Palette gesunder Lebensmittel, die eine realisierbare Vision des Guten Lebens bietet.<\/span><\/span><\/a> <\/div> <\/div> <div class=\"rl-gallery-item\" > <div class=\"rl-gallery-item-content\"> <a href=\"https:\/\/gg3.eu\/wp-content\/uploads\/2023\/09\/Mariel-Gottwick-wa-scaled.jpg\" title=\"\u201eLebe Deinen Satz III\u201c Mariel Gottwick\" data-rl_title=\"\u201eLebe Deinen Satz III\u201c Mariel Gottwick\" class=\"rl-gallery-link\" data-rl_caption=\"\u201eLebe Deinen Satz III\u201c Mariel Gottwick. 2019\/2023, Berlin, Tisch 95,5 x 70,5 cm, Wandtafel. Interaktive Installation. \u201eLebe Deinen Satz\u201c ist ein Spiel mit Worten, genauer gesagt, ein Spiel mit Werbeslogans, die alle der \u201eSammlung Deutscher Werts\u00e4tze\u201c entstammen. Vor ca. 20 Jahren habe ich begonnen, deutsche Werbes\u00e4tze zu sammeln, S\u00e4tze die die Welt bewerten, die mit s\u00fc\u00dfen Verhei\u00dfungen und gro\u00dfspurigen Versprechungen \u2019Das Gute Leben\u2018 in Aussicht stellen. Die mit hehren Werten und Emotionen aufgeladenen Werbes\u00e4tze, werden von mir neutralisiert. Ich zerlege sie in einzelne Worte und bringe diese in eine grammatikalische Ordnung: Substantive, Verben, Adjektive \u2026 So geordnet liegen sie bereit f\u00fcr neue, ganz eigene Satzsch\u00f6pfungen. Eigene, pers\u00f6nliche S\u00e4tze vom \u2019Guten Leben\u2018 formulieren? Aus einem eingeschr\u00e4nkten Worte-Pool, der ausschlie\u00dflich dem Wortschatz der Werbemedien entstammt? Ohne dabei die Platit\u00fcden des \u201eWerbesprech\u201c zu wiederholen? Man hat es einfach allzu oft geh\u00f6rt. Es durchdringt unser Leben wie selbstverst\u00e4ndlich.\" data-rel=\"lightbox-gallery-1\" data-magnific_type=\"gallery\"><img loading=\"lazy\" decoding=\"async\" src=\"https:\/\/gg3.eu\/wp-content\/uploads\/2023\/09\/Mariel-Gottwick-wa-200x300.jpg\" width=\"200\" height=\"300\" alt=\"\u201eLebe Deinen Satz III\u201c Mariel Gottwick. 2019\/2023, Berlin, Tisch 95,5 x 70,5 cm, Wandtafel. Interaktive Installation. \u201eLebe Deinen Satz\u201c ist ein Spiel mit Worten, genauer gesagt, ein Spiel mit Werbeslogans, die alle der \u201eSammlung Deutscher Werts\u00e4tze\u201c entstammen. Vor ca. 20 Jahren habe ich begonnen, deutsche Werbes\u00e4tze zu sammeln, S\u00e4tze die die Welt bewerten, die mit s\u00fc\u00dfen Verhei\u00dfungen und gro\u00dfspurigen Versprechungen \u2019Das Gute Leben\u2018 in Aussicht stellen. Die mit hehren Werten und Emotionen aufgeladenen Werbes\u00e4tze, werden von mir neutralisiert. Ich zerlege sie in einzelne Worte und bringe diese in eine grammatikalische Ordnung: Substantive, Verben, Adjektive \u2026 So geordnet liegen sie bereit f\u00fcr neue, ganz eigene Satzsch\u00f6pfungen. Eigene, pers\u00f6nliche S\u00e4tze vom \u2019Guten Leben\u2018 formulieren? Aus einem eingeschr\u00e4nkten Worte-Pool, der ausschlie\u00dflich dem Wortschatz der Werbemedien entstammt? Ohne dabei die Platit\u00fcden des \u201eWerbesprech\u201c zu wiederholen? Man hat es einfach allzu oft geh\u00f6rt. Es durchdringt unser Leben wie selbstverst\u00e4ndlich.\" \/><span class=\"rl-gallery-caption\"><span class=\"rl-gallery-item-title\">\u201eLebe Deinen Satz III\u201c Mariel Gottwick<\/span><span class=\"rl-gallery-item-caption\">\u201eLebe Deinen Satz III\u201c Mariel Gottwick. 2019\/2023, Berlin, Tisch 95,5 x 70,5 cm, Wandtafel. Interaktive Installation. \u201eLebe Deinen Satz\u201c ist ein Spiel mit Worten, genauer gesagt, ein Spiel mit Werbeslogans, die alle der \u201eSammlung Deutscher Werts\u00e4tze\u201c entstammen. Vor ca. 20 Jahren habe ich begonnen, deutsche Werbes\u00e4tze zu sammeln, S\u00e4tze die die Welt bewerten, die mit s\u00fc\u00dfen Verhei\u00dfungen und gro\u00dfspurigen Versprechungen \u2019Das Gute Leben\u2018 in Aussicht stellen. Die mit hehren Werten und Emotionen aufgeladenen Werbes\u00e4tze, werden von mir neutralisiert. Ich zerlege sie in einzelne Worte und bringe diese in eine grammatikalische Ordnung: Substantive, Verben, Adjektive \u2026 So geordnet liegen sie bereit f\u00fcr neue, ganz eigene Satzsch\u00f6pfungen. Eigene, pers\u00f6nliche S\u00e4tze vom \u2019Guten Leben\u2018 formulieren? Aus einem eingeschr\u00e4nkten Worte-Pool, der ausschlie\u00dflich dem Wortschatz der Werbemedien entstammt? Ohne dabei die Platit\u00fcden des \u201eWerbesprech\u201c zu wiederholen? Man hat es einfach allzu oft geh\u00f6rt. Es durchdringt unser Leben wie selbstverst\u00e4ndlich.<\/span><\/span><\/a> <\/div> <\/div> <div class=\"rl-gallery-item\" > <div class=\"rl-gallery-item-content\"> <a href=\"https:\/\/gg3.eu\/wp-content\/uploads\/2023\/09\/Bio-fuer-alle-wa-scaled.jpg\" title=\"Bio f\u00fcr alle\" data-rl_title=\"Bio f\u00fcr alle\" class=\"rl-gallery-link\" data-rl_caption=\"BIO FOR ALL. Stephan Gro\u00df, 2023, Berlin, ca. 230 x 220 cm, generative Computergrafik, Digitaldruck auf Papier. Die generative Computergrafik BIO FOR ALL stellt ein fiktives Logo eines Biolebensmittelkonzerns dar. Der fraktale Charakter der Grafik verleiht der imagin\u00e4ren Marke, die den utopischen Anspruch einer ganzen Branche vertritt, den Eindruck nat\u00fcrlicher Opulenz, \u00e4hnlich der Ver\u00e4stelungsstruktur von Pflanzen oder dem Aufbau der menschlichen Bronchien. Die Gef\u00e4lligkeit und gleichzeitige Unnachgiebigkeit, mit der die Botschaft ausgehend von der archetypischen Grundfigur noch in die letzten Winkel vordringt, verleiht der Gestaltung eine leicht ironische Note. Das Heilsversprechen der organischen Ern\u00e4hrung scheint Zeichen und Siegel einer okkulten Vereinigung zu tragen.\" data-rel=\"lightbox-gallery-1\" data-magnific_type=\"gallery\"><img loading=\"lazy\" decoding=\"async\" src=\"https:\/\/gg3.eu\/wp-content\/uploads\/2023\/09\/Bio-fuer-alle-wa-300x200.jpg\" width=\"300\" height=\"200\" alt=\"BIO FOR ALL. Stephan Gro\u00df, 2023, Berlin, ca. 230 x 220 cm, generative Computergrafik, Digitaldruck auf Papier. Die generative Computergrafik BIO FOR ALL stellt ein fiktives Logo eines Biolebensmittelkonzerns dar. Der fraktale Charakter der Grafik verleiht der imagin\u00e4ren Marke, die den utopischen Anspruch einer ganzen Branche vertritt, den Eindruck nat\u00fcrlicher Opulenz, \u00e4hnlich der Ver\u00e4stelungsstruktur von Pflanzen oder dem Aufbau der menschlichen Bronchien.\" \/><span class=\"rl-gallery-caption\"><span class=\"rl-gallery-item-title\">Bio f\u00fcr alle<\/span><span class=\"rl-gallery-item-caption\">BIO FOR ALL. Stephan Gro\u00df, 2023, Berlin, ca. 230 x 220 cm, generative Computergrafik, Digitaldruck auf Papier. Die generative Computergrafik BIO FOR ALL stellt ein fiktives Logo eines Biolebensmittelkonzerns dar. Der fraktale Charakter der Grafik verleiht der imagin\u00e4ren Marke, die den utopischen Anspruch einer ganzen Branche vertritt, den Eindruck nat\u00fcrlicher Opulenz, \u00e4hnlich der Ver\u00e4stelungsstruktur von Pflanzen oder dem Aufbau der menschlichen Bronchien. Die Gef\u00e4lligkeit und gleichzeitige Unnachgiebigkeit, mit der die Botschaft ausgehend von der archetypischen Grundfigur noch in die letzten Winkel vordringt, verleiht der Gestaltung eine leicht ironische Note. Das Heilsversprechen der organischen Ern\u00e4hrung scheint Zeichen und Siegel einer okkulten Vereinigung zu tragen.<\/span><\/span><\/a> <\/div> <\/div> <div class=\"rl-gallery-item\" > <div class=\"rl-gallery-item-content\"> <a href=\"https:\/\/gg3.eu\/wp-content\/uploads\/2022\/03\/Thomas-Behling-Bessere-Zeiten-4-scaled.jpg\" title=\"Thomas Behling Bessere Zeiten 4\" data-rl_title=\"Thomas Behling Bessere Zeiten 4\" class=\"rl-gallery-link\" data-rl_caption=\"&quot;Bessere Zeiten d\u00e4mmern&quot;, Thomas Behling, 2016, Berlin, bedruckte Folie, Glas, Karton, Rahmen, LEDs, Sperrholz, Fliegennetz. Bessere Zeiten d\u00e4mmern \u2013 ein Aufbruch in eine bessre Zukunft? Streift uns das Morgenlicht einer neuen Zeit? Haben wir Grund zur Hoffnung, dass alles besser wird? Oder sind die potenziellen M\u00f6glichkeiten, dass wir unsere Welt tats\u00e4chlich weiser gestalten, nur in einem D\u00e4mmerzustand: Das Wissen ist da, viele kluge K\u00f6pfe haben sich schlaue Gedanken gemacht, eine bessere Welt ist denkbar \u2013 und das nicht nur als Fantast, sondern fundiert. Aber: Wir setzten sie nicht um. Zerst\u00f6ren f\u00fcr partikulare Interessen unseren Planeten und damit zusehens die M\u00f6glichkeit, dass es doch besser sein k\u00f6nnte oder zumindest glimpflich ausgeht. Oder errichten wir gar mit viel Aufwand die Illusion einer besseren Zukunft durch technischen Fortschritt, nur um uns einzulullen und in einen D\u00e4mmerzustand zu verharren, in dem wir glauben, ein paar kleine Stellschr\u00e4ubchen drehen w\u00fcrde reichen, aber im Gro\u00dfen und Ganzen k\u00f6nnten wir so weiter machen wie bisher?\" data-rel=\"lightbox-gallery-1\" data-magnific_type=\"gallery\"><img loading=\"lazy\" decoding=\"async\" src=\"https:\/\/gg3.eu\/wp-content\/uploads\/2022\/03\/Thomas-Behling-Bessere-Zeiten-4-213x300.jpg\" width=\"213\" height=\"300\" alt=\"&quot;Bessere Zeiten d\u00e4mmern&quot;, Thomas Behling, 2016, Berlin, bedruckte Folie, Glas, Karton, Rahmen, LEDs, Sperrholz, Fliegennetz. Bessere Zeiten d\u00e4mmern \u2013 ein Aufbruch in eine bessre Zukunft? Streift uns das Morgenlicht einer neuen Zeit? Haben wir Grund zur Hoffnung, dass alles besser wird? Oder sind die potenziellen M\u00f6glichkeiten, dass wir unsere Welt tats\u00e4chlich weiser gestalten, nur in einem D\u00e4mmerzustand: Das Wissen ist da, viele kluge K\u00f6pfe haben sich schlaue Gedanken gemacht, eine bessere Welt ist denkbar \u2013 und das nicht nur als Fantast, sondern fundiert. Aber: Wir setzten sie nicht um. Zerst\u00f6ren f\u00fcr partikulare Interessen unseren Planeten und damit zusehens die M\u00f6glichkeit, dass es doch besser sein k\u00f6nnte oder zumindest glimpflich ausgeht. Oder errichten wir gar mit viel Aufwand die Illusion einer besseren Zukunft durch technischen Fortschritt, nur um uns einzulullen und in einen D\u00e4mmerzustand zu verharren, in dem wir glauben, ein paar kleine Stellschr\u00e4ubchen drehen w\u00fcrde reichen, aber im Gro\u00dfen und Ganzen k\u00f6nnten wir so weiter machen wie bisher?\" \/><span class=\"rl-gallery-caption\"><span class=\"rl-gallery-item-title\">Thomas Behling Bessere Zeiten 4<\/span><span class=\"rl-gallery-item-caption\">&quot;Bessere Zeiten d\u00e4mmern&quot;, Thomas Behling, 2016, Berlin, bedruckte Folie, Glas, Karton, Rahmen, LEDs, Sperrholz, Fliegennetz. Bessere Zeiten d\u00e4mmern \u2013 ein Aufbruch in eine bessre Zukunft? Streift uns das Morgenlicht einer neuen Zeit? Haben wir Grund zur Hoffnung, dass alles besser wird? Oder sind die potenziellen M\u00f6glichkeiten, dass wir unsere Welt tats\u00e4chlich weiser gestalten, nur in einem D\u00e4mmerzustand: Das Wissen ist da, viele kluge K\u00f6pfe haben sich schlaue Gedanken gemacht, eine bessere Welt ist denkbar \u2013 und das nicht nur als Fantast, sondern fundiert. Aber: Wir setzten sie nicht um. Zerst\u00f6ren f\u00fcr partikulare Interessen unseren Planeten und damit zusehens die M\u00f6glichkeit, dass es doch besser sein k\u00f6nnte oder zumindest glimpflich ausgeht. Oder errichten wir gar mit viel Aufwand die Illusion einer besseren Zukunft durch technischen Fortschritt, nur um uns einzulullen und in einen D\u00e4mmerzustand zu verharren, in dem wir glauben, ein paar kleine Stellschr\u00e4ubchen drehen w\u00fcrde reichen, aber im Gro\u00dfen und Ganzen k\u00f6nnten wir so weiter machen wie bisher?<\/span><\/span><\/a> <\/div> <\/div> <\/div> <\/div><\/code><\/p>\n<p>Tom Albrecht: <a href=\"https:\/\/gg3.eu\/en\/the-good-life-as-a-factual-image\/\">&#8220;The Good Life as a factual image&#8221;<\/a>.<\/p>\n<h2>program<\/h2>\n<h3>Fri, 5\/5, 7 p.m. <strong>Vernissage<\/strong><\/h3>\n<p>Welcome, <a href=\"https:\/\/gg3.eu\/en\/what-does-the-good-life-mean-in-our-world-today\/\">introduction to the exhibition and artistic positions of \u015eehnaz Lay\u0131kel Prange <\/a>.  <strong><br \/>\n<\/strong><\/p>\n<p>Tues. 9\/5 5-8 p.m. Thomas Behling will be in attendance.<\/p>\n<h3>Fri., 12.5. , 7 p.m. Artist <strong>talk: <\/strong>Artists of the exhibition talk with guests about their works. Moderation \u015eehnaz Lay\u0131kel Prange.<\/h3>\n<p>Thomas Behling will be present starting at 5 p.m.<\/p>\n<p>Tues, 5\/16 5-8pm Mariel Gottwick will be in attendance.<\/p>\n<p>Fri, 5\/19 5-8pm Lioba von den Driesch will be present.<\/p>\n<div id=\"attachment_25358\" style=\"width: 310px\" class=\"wp-caption alignright\"><a href=\"https:\/\/gg3.eu\/wp-content\/uploads\/2022\/03\/poster-NH-als-Thema-w.jpg\" data-rel=\"lightbox-image-7\" data-magnific_type=\"image\" data-rl_title=\"Ergebnis: Workshop f\u00fcr K\u00fcnstler:innen und Ausstellungsmacher:innen \u201eNachhaltigkeit als Thema f\u00fcr Werke und Ausstellungen\u201c\" data-rl_caption=\"Ergebnis: Workshop f\u00fcr K\u00fcnstler:innen und Ausstellungsmacher:innen \u201eNachhaltigkeit als Thema f\u00fcr Werke und Ausstellungen\u201c\"><img loading=\"lazy\" decoding=\"async\" aria-describedby=\"caption-attachment-25358\" class=\"wp-image-25358 size-medium\" title=\"Ergebnis: Workshop f\u00fcr K\u00fcnstler:innen und Ausstellungsmacher:innen \u201eNachhaltigkeit als Thema f\u00fcr Werke und Ausstellungen\u201c\"Sustainability as a theme for works and exhibitions\", (C) TA\" src=\"https:\/\/gg3.eu\/wp-content\/uploads\/2022\/03\/poster-NH-als-Thema-w-300x211.jpg\" alt=\"The Good Life Workshop for Result: Workshop for artists and exhibition makers \"Sustainability as a theme for works and exhibitions\", (C) TA\" width=\"300\" height=\"211\" srcset=\"https:\/\/gg3.eu\/wp-content\/uploads\/2022\/03\/poster-NH-als-Thema-w-300x211.jpg 300w, https:\/\/gg3.eu\/wp-content\/uploads\/2022\/03\/poster-NH-als-Thema-w-768x539.jpg 768w, https:\/\/gg3.eu\/wp-content\/uploads\/2022\/03\/poster-NH-als-Thema-w-766x538.jpg 766w, https:\/\/gg3.eu\/wp-content\/uploads\/2022\/03\/poster-NH-als-Thema-w.jpg 1024w\" sizes=\"auto, (max-width: 300px) 100vw, 300px\" \/><\/a><p id=\"caption-attachment-25358\" class=\"wp-caption-text\">Result: Workshop for artists and exhibition makers &#8220;Sustainability as a theme for works and exhibitions&#8221;, (C) TA<\/p><\/div>\n<h3>Tues., May 23, 7 p.m. <strong>Workshop<\/strong> for artists and exhibition makers &#8220;Sustainability as a theme for works and exhibitions,&#8221; moderated by Tom Albrecht<\/h3>\n<h3><a href=\"https:\/\/gg3.eu\/en\/sustainability-as-a-theme-for-works-and-exhibitions\/\">Here: transcript of the results<\/a><\/h3>\n<p>Tom Albrecht will be present starting at 5 p.m.<\/p>\n<h3>Fri, 5\/26 <strong>Reading<\/strong>: &#8220;Climate Futures 2050&#8221; by Robin Bergauf and Burkhard Wetekam.<\/h3>\n<p>The authors question the utopian aspects of climate futures. What vision can a computer develop, what promise lies in building artificial self-sufficient countries in the ocean?<\/p>\n<p>At the end of April, the anthology &#8220;Klimazuk\u00fcnfte 2050&#8221; (Climate futures 2050), which emerged from the literary competition of the same name, was presented at the Leipzig Book Fair. We are pleased to present the book in cooperation with Hirnkost-Verlag as part of our exhibition.<\/p>\n<div id=\"attachment_25401\" style=\"width: 160px\" class=\"wp-caption alignleft\"><a href=\"https:\/\/gg3.eu\/wp-content\/uploads\/2022\/03\/Burkhard-Wetekam-w.jpg\" data-rel=\"lightbox-image-8\" data-magnific_type=\"image\" data-rl_title=\"Burkhard Wetekam\" data-rl_caption=\"Burkhard Wetekam\"><img loading=\"lazy\" decoding=\"async\" aria-describedby=\"caption-attachment-25401\" class=\"wp-image-25401 size-thumbnail\" title=\"Burkhard Wetekam\" src=\"https:\/\/gg3.eu\/wp-content\/uploads\/2022\/03\/Burkhard-Wetekam-w-150x150.jpg\" alt=\"Burkhard Wetekam (C) TA\" width=\"150\" height=\"150\"\/><\/a><p id=\"caption-attachment-25401\" class=\"wp-caption-text\">Burkhard Wetekam (C) TA<\/p><\/div>\n<p>Klaus Farin and Stephan Gro\u00df will be the moderators.<br \/>\nStephan Gro\u00df will be present from 5 pm.<\/p>\n<div id=\"attachment_25372\" style=\"width: 160px\" class=\"wp-caption alignnone\"><a href=\"https:\/\/gg3.eu\/wp-content\/uploads\/2022\/03\/Klimazukuenfte_Cover-w.jpg\" data-rel=\"lightbox-image-9\" data-magnific_type=\"image\" data-rl_title=\"Buch: Klimazukuenfte\" data-rl_caption=\"Buch: Klimazukuenfte\"><img loading=\"lazy\" decoding=\"async\" aria-describedby=\"caption-attachment-25372\" class=\"wp-image-25372 size-thumbnail\" title=\"Buch: Klimazukuenfte\" src=\"https:\/\/gg3.eu\/wp-content\/uploads\/2022\/03\/Klimazukuenfte_Cover-w-150x150.jpg\" alt=\"{%ALT_TEXT%}\" width=\"150\" height=\"150\"\/><\/a><p id=\"caption-attachment-25372\" class=\"wp-caption-text\">{%CAPTION%}<\/p><\/div>\n<div id=\"attachment_25399\" style=\"width: 160px\" class=\"wp-caption alignnone\"><a href=\"https:\/\/gg3.eu\/wp-content\/uploads\/2022\/03\/Robin-Bergauf-w.jpg\" data-rel=\"lightbox-image-10\" data-magnific_type=\"image\" data-rl_title=\"Robin Uphill\" data-rl_caption=\"Robin Uphill\"><img loading=\"lazy\" decoding=\"async\" aria-describedby=\"caption-attachment-25399\" class=\"wp-image-25399 size-thumbnail\" title=\"Robin Uphill\" src=\"https:\/\/gg3.eu\/wp-content\/uploads\/2022\/03\/Robin-Bergauf-w-150x150.jpg\" alt=\"Robin Bergauf (C) TA\" width=\"150\" height=\"150\"\/><\/a><p id=\"caption-attachment-25399\" class=\"wp-caption-text\">Robin Bergauf (C) TA<\/p><\/div>\n<p>Tues, 5\/30 5-8pm Stephan Gro\u00df will be in attendance.<\/p>\n<h3>Fri, 6\/2, 7pm <strong>Lecture with discussion: <\/strong><a href=\"https:\/\/de.scientists4future.org\/\">Scientists for Future<\/a>,  <a href=\"https:\/\/www.uni-potsdam.de\/de\/soz-praev-med\/mitarbeiter\/michael-rapp\">Prof. Dr. med. Dr. phil. Michael Rapp<\/a>, Uni Potsdam &#8220;The good life for you and the planet&#8221;.<\/h3>\n<p class=\"western\" lang=\"en-US\"><span lang=\"de-DE\">Climate crisis: what are the options for individual and collective resilience? How can a good life be designed for you and the planet in the future? The consequences of the climate crisis are becoming more and more visible. In addition to the consequences for the environment and biodiversity, the climate crisis will have health consequences for all of us.  <\/span><span lang=\"de-DE\">The<\/span><span lang=\"de-DE\">  mental and physical health of many people will be affected. Michael Rapp presents scientific findings on these questions in a generally understandable way and thus wants to initiate an open discussion on the topic.<\/span><\/p>\n<p>Tom Albrecht will be present starting at 5 p.m.<\/p>\n<div id=\"attachment_25412\" style=\"width: 160px\" class=\"wp-caption alignnone\"><a href=\"https:\/\/gg3.eu\/wp-content\/uploads\/2022\/03\/m-Rapp-mit-folie.jpg\" data-rel=\"lightbox-image-11\" data-magnific_type=\"image\" data-rl_title=\"Vortrag mit Gespr\u00e4ch: Scientists for Future, Prof. Dr. med. Dr. phil. Michael Rapp, Uni Potsdam \u201cDas gute Leben f\u00fcr Dich und den Planeten\u201d\" data-rl_caption=\"Vortrag mit Gespr\u00e4ch: Scientists for Future, Prof. Dr. med. Dr. phil. Michael Rapp, Uni Potsdam \u201cDas gute Leben f\u00fcr Dich und den Planeten\u201d\"><img loading=\"lazy\" decoding=\"async\" aria-describedby=\"caption-attachment-25412\" class=\"wp-image-25412 size-thumbnail\" title=\"Vortrag mit Gespr\u00e4ch: Scientists for Future, Prof. Dr. med. Dr. phil. Michael Rapp, Uni Potsdam \u201cDas gute Leben f\u00fcr Dich und den Planeten\u201d\"The good life for you and the planet\", Photo: (C) TA\" src=\"https:\/\/gg3.eu\/wp-content\/uploads\/2022\/03\/m-Rapp-mit-folie-150x150.jpg\" alt=\"The Good Life Lecture with talk: Scientists for Future, Prof. Dr. med. Dr. phil. Michael Rapp, Uni Potsdam \"The good life for you and the planet\", Photo: (C) TA\" width=\"150\" height=\"150\"\/><\/a><p id=\"caption-attachment-25412\" class=\"wp-caption-text\">Lecture with talk: Scientists for Future, Prof. Dr. med. Dr. phil. Michael Rapp, Uni Potsdam &#8220;The good life for you and the planet&#8221;, Photo (C) TA<\/p><\/div>\n<div id=\"attachment_25414\" style=\"width: 160px\" class=\"wp-caption alignnone\"><a href=\"https:\/\/gg3.eu\/wp-content\/uploads\/2022\/03\/erkenntnis-bis-sammlung.jpg\" data-rel=\"lightbox-image-12\" data-magnific_type=\"image\" data-rl_title=\"Erkenntnis bis Sammlung\" data-rl_caption=\"Erkenntnis bis Sammlung\"><img loading=\"lazy\" decoding=\"async\" aria-describedby=\"caption-attachment-25414\" class=\"wp-image-25414 size-thumbnail\" title=\"Erkenntnis bis Sammlung\" src=\"https:\/\/gg3.eu\/wp-content\/uploads\/2022\/03\/erkenntnis-bis-sammlung-150x150.jpg\" alt=\"Prof. Dr. med. Dr. phil. Michael Rapp: Cognition to Collection, Photo: (C) TA\" width=\"150\" height=\"150\"\/><\/a><p id=\"caption-attachment-25414\" class=\"wp-caption-text\">Prof. Dr. med. Dr. phil. Michael Rapp: Cognition to Collection, Photo: (C) TA<\/p><\/div>\n<div style=\"padding: 75% 0 0 0; position: relative;\"><iframe style=\"position: absolute; top: 0; left: 0; width: 100%; height: 100%;\" title=\"michael rapp DGL\" src=\"https:\/\/player.vimeo.com\/video\/832882804?h=0b35bfbcb8&amp;badge=0&amp;autopause=0&amp;player_id=0&amp;app_id=58479\" frameborder=\"0\" allowfullscreen=\"allowfullscreen\"><\/iframe><\/div>\n<p><script src=\"https:\/\/player.vimeo.com\/api\/player.js\"><\/script><\/p>\n<p><a href=\"https:\/\/gg3.eu\/wp-content\/uploads\/2022\/03\/Das-gute-Leben.pdf\">M. Rapp slides: &#8220;The good life for you and the planet&#8221;, PDF, 5 MB  <\/a><\/p>\n<p>Tues, 6\/6 5-8pm Maria Korporal will be present.<\/p>\n<p>Fri., 9.6. 5-8 p.m. Lioba von den Driesch will be present.<\/p>\n<p>Dr. 13.6. 5-8 p.m. Maria Korporal will be present.<\/p>\n<h3>Fri, 6\/16 Exhibition from 5pm.<\/h3>\n<p>Mariel Gottwick is present.<\/p>\n<h3>6 p.m. joint action with Tom Albrecht:<a href=\"https:\/\/www.tomalbrechtart.de\/gebet-fuer-das-gute-nachhaltige-leben\/\">&#8220;Prayer for Good Sustainable Living<\/a>&#8220;.<\/h3>\n<p>Praying for &#8220;Good Sustainable Living&#8221; (GNL) is independent of religion or known faith communities. Prayer is to awaken and strengthen strength for the GNL. GNL supports the 17 Sustainable Development Goals of the <a href=\"https:\/\/unric.org\/de\/17ziele\/\">United Nations<\/a>.<\/p>\n<h3>7 p.m. <strong>Finissage<\/strong> with music performance by<a href=\"https:\/\/kopikaputa.org\/\"> Kopi Kaputa<\/a>: &#8220;Last but not least&#8221;.<\/h3>\n<div id=\"attachment_25794\" style=\"width: 1034px\" class=\"wp-caption alignnone\"><a href=\"https:\/\/gg3.eu\/wp-content\/uploads\/2022\/03\/kopikaputa1w.jpg\" data-rel=\"lightbox-image-13\" data-magnific_type=\"image\" data-rl_title=\"\" data-rl_caption=\"\"><img loading=\"lazy\" decoding=\"async\" aria-describedby=\"caption-attachment-25794\" class=\"wp-image-25794 size-full\" title=\"\"Zu guter Letzt\", photo (C) TA\" src=\"https:\/\/gg3.eu\/wp-content\/uploads\/2022\/03\/kopikaputa1w.jpg\" alt=\"Kopi Kaputa with Alfred Banze and Stephan Gro\u00df: \"Zu guter Letzt\", photo (C) TA\" width=\"1024\" height=\"683\" srcset=\"https:\/\/gg3.eu\/wp-content\/uploads\/2022\/03\/kopikaputa1w.jpg 1024w, https:\/\/gg3.eu\/wp-content\/uploads\/2022\/03\/kopikaputa1w-300x200.jpg 300w, https:\/\/gg3.eu\/wp-content\/uploads\/2022\/03\/kopikaputa1w-768x512.jpg 768w, https:\/\/gg3.eu\/wp-content\/uploads\/2022\/03\/kopikaputa1w-766x511.jpg 766w\" sizes=\"auto, (max-width: 1024px) 100vw, 1024px\" \/><\/a><p id=\"caption-attachment-25794\" class=\"wp-caption-text\">Kopi Kaputa with Alfred Banze and Stephan Gro\u00df: &#8220;Zu guter Letzt&#8221;, photo (C) TA<\/p><\/div>\n<div id=\"attachment_25796\" style=\"width: 1034px\" class=\"wp-caption alignnone\"><a href=\"https:\/\/gg3.eu\/wp-content\/uploads\/2022\/03\/kopikaputa2w.jpg\" data-rel=\"lightbox-image-14\" data-magnific_type=\"image\" data-rl_title=\"\" data-rl_caption=\"\"><img loading=\"lazy\" decoding=\"async\" aria-describedby=\"caption-attachment-25796\" class=\"wp-image-25796 size-full\" title=\"\"Last but not least\", Photo (C) TA\" src=\"https:\/\/gg3.eu\/wp-content\/uploads\/2022\/03\/kopikaputa2w.jpg\" alt=\"Kopi Kaputa with Stephan Gro\u00df: \"Last but not least\", Photo (C) TA\" width=\"1024\" height=\"683\" srcset=\"https:\/\/gg3.eu\/wp-content\/uploads\/2022\/03\/kopikaputa2w.jpg 1024w, https:\/\/gg3.eu\/wp-content\/uploads\/2022\/03\/kopikaputa2w-300x200.jpg 300w, https:\/\/gg3.eu\/wp-content\/uploads\/2022\/03\/kopikaputa2w-768x512.jpg 768w, https:\/\/gg3.eu\/wp-content\/uploads\/2022\/03\/kopikaputa2w-766x511.jpg 766w\" sizes=\"auto, (max-width: 1024px) 100vw, 1024px\" \/><\/a><p id=\"caption-attachment-25796\" class=\"wp-caption-text\">Kopi Kaputa with Stephan Gro\u00df: &#8220;Last but not least&#8221;, Photo (C) TA<\/p><\/div>\n<h2>Links<\/h2>\n<p class=\"headline\"><a href=\"https:\/\/taz.de\/Wohlstand-fuer-die-ganze-Welt\/!5919308\/\"><span class=\"kicker\">Prosperity for the whole world.  <\/span><\/a>Can growth be climate-friendly?<\/p>\n<p><a href=\"https:\/\/www.sueddeutsche.de\/kultur\/philosophoie-das-gute-leben-1.2507168-3\"><span class=\"css-1bhnxuf\" data-manual=\"title\">Newspaper: Learn to enjoy yourself!<\/span><\/a><\/p>\n<p>Book: Vivian Dittmar. Real Prosperity. Why investing in inner wealth pays off.<\/p>\n<h2>61st exhibition<\/h2>\n","protected":false},"excerpt":{"rendered":"<p>Utopias for eye, ear, nose, mind We invite you in our rooms to a journey of Good Sustainable Living with addressing the eyes, hands, body, ears and nose. The exhibition follows the exhibition&#8220;Transformation&#8221; and the many criticisms we have repeatedly made of the unsustainable life of society. It shows a vision, a positive utopia with [&hellip;]<\/p>\n","protected":false},"author":5,"featured_media":0,"parent":0,"menu_order":0,"comment_status":"closed","ping_status":"closed","template":"","meta":{"footnotes":""},"tags":[],"class_list":["post-23179","page","type-page","status-publish","hentry"],"yoast_head":"<!-- This site is optimized with the Yoast SEO plugin v27.4 - https:\/\/yoast.com\/product\/yoast-seo-wordpress\/ -->\n<title>The Good Life<\/title>\n<meta name=\"description\" content=\"The Good Life: Utopias for eye, ear, nose, mind by 6 artists:interiors, with artist:interiors talk, reading, lecture, workshop, action, music.\" \/>\n<meta name=\"robots\" content=\"index, follow, max-snippet:-1, max-image-preview:large, max-video-preview:-1\" \/>\n<link rel=\"canonical\" href=\"https:\/\/gg3.eu\/en\/the-good-life\/\" \/>\n<meta property=\"og:locale\" content=\"en_US\" \/>\n<meta property=\"og:type\" content=\"article\" \/>\n<meta property=\"og:title\" content=\"The Good Life\" \/>\n<meta property=\"og:description\" content=\"The Good Life: Utopias for eye, ear, nose, mind by 6 artists:interiors, with artist:interiors talk, reading, lecture, workshop, action, music.\" \/>\n<meta property=\"og:url\" content=\"https:\/\/gg3.eu\/en\/the-good-life\/\" \/>\n<meta property=\"og:site_name\" content=\"Galerie f\u00fcr nachhaltige Kunst in Berlin\" \/>\n<meta property=\"article:publisher\" content=\"https:\/\/www.facebook.com\/GroupGlobal3000\/\" \/>\n<meta property=\"article:modified_time\" content=\"2025-02-20T07:44:17+00:00\" \/>\n<meta property=\"og:image\" content=\"https:\/\/gg3.eu\/wp-content\/uploads\/2022\/03\/Thomas-Behling-Bessere-Zeiten-4-scaled.jpg\" \/>\n\t<meta property=\"og:image:width\" content=\"726\" \/>\n\t<meta property=\"og:image:height\" content=\"1024\" \/>\n\t<meta property=\"og:image:type\" content=\"image\/jpeg\" \/>\n<meta name=\"twitter:card\" content=\"summary_large_image\" \/>\n<meta name=\"twitter:label1\" content=\"Est. reading time\" \/>\n\t<meta name=\"twitter:data1\" content=\"4 minutes\" \/>\n<script type=\"application\/ld+json\" class=\"yoast-schema-graph\">{\"@context\":\"https:\\\/\\\/schema.org\",\"@graph\":[{\"@type\":\"WebPage\",\"@id\":\"https:\\\/\\\/gg3.eu\\\/en\\\/the-good-life\\\/\",\"url\":\"https:\\\/\\\/gg3.eu\\\/en\\\/the-good-life\\\/\",\"name\":\"The Good Life\",\"isPartOf\":{\"@id\":\"https:\\\/\\\/gg3.eu\\\/en\\\/#website\"},\"primaryImageOfPage\":{\"@id\":\"https:\\\/\\\/gg3.eu\\\/en\\\/the-good-life\\\/#primaryimage\"},\"image\":{\"@id\":\"https:\\\/\\\/gg3.eu\\\/en\\\/the-good-life\\\/#primaryimage\"},\"thumbnailUrl\":\"https:\\\/\\\/gg3.eu\\\/wp-content\\\/uploads\\\/2022\\\/03\\\/Thomas-Behling-Bessere-Zeiten-4-726x1024.jpg\",\"datePublished\":\"2022-03-18T11:15:11+00:00\",\"dateModified\":\"2025-02-20T07:44:17+00:00\",\"description\":\"The Good Life: Utopias for eye, ear, nose, mind by 6 artists:interiors, with artist:interiors talk, reading, lecture, workshop, action, music.\",\"breadcrumb\":{\"@id\":\"https:\\\/\\\/gg3.eu\\\/en\\\/the-good-life\\\/#breadcrumb\"},\"inLanguage\":\"en-US\",\"potentialAction\":[{\"@type\":\"ReadAction\",\"target\":[\"https:\\\/\\\/gg3.eu\\\/en\\\/the-good-life\\\/\"]}]},{\"@type\":\"ImageObject\",\"inLanguage\":\"en-US\",\"@id\":\"https:\\\/\\\/gg3.eu\\\/en\\\/the-good-life\\\/#primaryimage\",\"url\":\"https:\\\/\\\/gg3.eu\\\/wp-content\\\/uploads\\\/2022\\\/03\\\/Thomas-Behling-Bessere-Zeiten-4-726x1024.jpg\",\"contentUrl\":\"https:\\\/\\\/gg3.eu\\\/wp-content\\\/uploads\\\/2022\\\/03\\\/Thomas-Behling-Bessere-Zeiten-4-726x1024.jpg\"},{\"@type\":\"BreadcrumbList\",\"@id\":\"https:\\\/\\\/gg3.eu\\\/en\\\/the-good-life\\\/#breadcrumb\",\"itemListElement\":[{\"@type\":\"ListItem\",\"position\":1,\"name\":\"Startseite\",\"item\":\"https:\\\/\\\/gg3.eu\\\/en\\\/\"},{\"@type\":\"ListItem\",\"position\":2,\"name\":\"The Good Life\"}]},{\"@type\":\"WebSite\",\"@id\":\"https:\\\/\\\/gg3.eu\\\/en\\\/#website\",\"url\":\"https:\\\/\\\/gg3.eu\\\/en\\\/\",\"name\":\"Galerie f\u00fcr nachhaltige Kunst in Berlin\",\"description\":\"\",\"potentialAction\":[{\"@type\":\"SearchAction\",\"target\":{\"@type\":\"EntryPoint\",\"urlTemplate\":\"https:\\\/\\\/gg3.eu\\\/en\\\/?s={search_term_string}\"},\"query-input\":{\"@type\":\"PropertyValueSpecification\",\"valueRequired\":true,\"valueName\":\"search_term_string\"}}],\"inLanguage\":\"en-US\"}]}<\/script>\n<!-- \/ Yoast SEO plugin. -->","yoast_head_json":{"title":"The Good Life","description":"The Good Life: Utopias for eye, ear, nose, mind by 6 artists:interiors, with artist:interiors talk, reading, lecture, workshop, action, music.","robots":{"index":"index","follow":"follow","max-snippet":"max-snippet:-1","max-image-preview":"max-image-preview:large","max-video-preview":"max-video-preview:-1"},"canonical":"https:\/\/gg3.eu\/en\/the-good-life\/","og_locale":"en_US","og_type":"article","og_title":"The Good Life","og_description":"The Good Life: Utopias for eye, ear, nose, mind by 6 artists:interiors, with artist:interiors talk, reading, lecture, workshop, action, music.","og_url":"https:\/\/gg3.eu\/en\/the-good-life\/","og_site_name":"Galerie f\u00fcr nachhaltige Kunst in Berlin","article_publisher":"https:\/\/www.facebook.com\/GroupGlobal3000\/","article_modified_time":"2025-02-20T07:44:17+00:00","og_image":[{"width":726,"height":1024,"url":"https:\/\/gg3.eu\/wp-content\/uploads\/2022\/03\/Thomas-Behling-Bessere-Zeiten-4-scaled.jpg","type":"image\/jpeg"}],"twitter_card":"summary_large_image","twitter_misc":{"Est. reading time":"4 minutes"},"schema":{"@context":"https:\/\/schema.org","@graph":[{"@type":"WebPage","@id":"https:\/\/gg3.eu\/en\/the-good-life\/","url":"https:\/\/gg3.eu\/en\/the-good-life\/","name":"The Good Life","isPartOf":{"@id":"https:\/\/gg3.eu\/en\/#website"},"primaryImageOfPage":{"@id":"https:\/\/gg3.eu\/en\/the-good-life\/#primaryimage"},"image":{"@id":"https:\/\/gg3.eu\/en\/the-good-life\/#primaryimage"},"thumbnailUrl":"https:\/\/gg3.eu\/wp-content\/uploads\/2022\/03\/Thomas-Behling-Bessere-Zeiten-4-726x1024.jpg","datePublished":"2022-03-18T11:15:11+00:00","dateModified":"2025-02-20T07:44:17+00:00","description":"The Good Life: Utopias for eye, ear, nose, mind by 6 artists:interiors, with artist:interiors talk, reading, lecture, workshop, action, music.","breadcrumb":{"@id":"https:\/\/gg3.eu\/en\/the-good-life\/#breadcrumb"},"inLanguage":"en-US","potentialAction":[{"@type":"ReadAction","target":["https:\/\/gg3.eu\/en\/the-good-life\/"]}]},{"@type":"ImageObject","inLanguage":"en-US","@id":"https:\/\/gg3.eu\/en\/the-good-life\/#primaryimage","url":"https:\/\/gg3.eu\/wp-content\/uploads\/2022\/03\/Thomas-Behling-Bessere-Zeiten-4-726x1024.jpg","contentUrl":"https:\/\/gg3.eu\/wp-content\/uploads\/2022\/03\/Thomas-Behling-Bessere-Zeiten-4-726x1024.jpg"},{"@type":"BreadcrumbList","@id":"https:\/\/gg3.eu\/en\/the-good-life\/#breadcrumb","itemListElement":[{"@type":"ListItem","position":1,"name":"Startseite","item":"https:\/\/gg3.eu\/en\/"},{"@type":"ListItem","position":2,"name":"The Good Life"}]},{"@type":"WebSite","@id":"https:\/\/gg3.eu\/en\/#website","url":"https:\/\/gg3.eu\/en\/","name":"Galerie f\u00fcr nachhaltige Kunst in Berlin","description":"","potentialAction":[{"@type":"SearchAction","target":{"@type":"EntryPoint","urlTemplate":"https:\/\/gg3.eu\/en\/?s={search_term_string}"},"query-input":{"@type":"PropertyValueSpecification","valueRequired":true,"valueName":"search_term_string"}}],"inLanguage":"en-US"}]}},"_links":{"self":[{"href":"https:\/\/gg3.eu\/en\/wp-json\/wp\/v2\/pages\/23179","targetHints":{"allow":["GET"]}}],"collection":[{"href":"https:\/\/gg3.eu\/en\/wp-json\/wp\/v2\/pages"}],"about":[{"href":"https:\/\/gg3.eu\/en\/wp-json\/wp\/v2\/types\/page"}],"author":[{"embeddable":true,"href":"https:\/\/gg3.eu\/en\/wp-json\/wp\/v2\/users\/5"}],"replies":[{"embeddable":true,"href":"https:\/\/gg3.eu\/en\/wp-json\/wp\/v2\/comments?post=23179"}],"version-history":[{"count":1,"href":"https:\/\/gg3.eu\/en\/wp-json\/wp\/v2\/pages\/23179\/revisions"}],"predecessor-version":[{"id":32888,"href":"https:\/\/gg3.eu\/en\/wp-json\/wp\/v2\/pages\/23179\/revisions\/32888"}],"wp:attachment":[{"href":"https:\/\/gg3.eu\/en\/wp-json\/wp\/v2\/media?parent=23179"}],"wp:term":[{"taxonomy":"post_tag","embeddable":true,"href":"https:\/\/gg3.eu\/en\/wp-json\/wp\/v2\/tags?post=23179"}],"curies":[{"name":"wp","href":"https:\/\/api.w.org\/{rel}","templated":true}]}}