{"id":21140,"date":"2020-06-15T18:53:27","date_gmt":"2020-06-15T16:53:27","guid":{"rendered":"https:\/\/gg3.eu\/?page_id=21140"},"modified":"2026-02-21T08:47:30","modified_gmt":"2026-02-21T07:47:30","slug":"corona-and-climate-crisis","status":"publish","type":"page","link":"https:\/\/gg3.eu\/en\/corona-and-climate-crisis\/","title":{"rendered":"Corona and climate crisis"},"content":{"rendered":"<h2>Exhibition 16.10-11.12.2020<\/h2>\n<p>For corona protection reasons here only online with guided tour of the exhibition, photos of the works, videos of the exhibition and program.<\/p>\n<div id=\"attachment_21340\" style=\"width: 1034px\" class=\"wp-caption aligncenter\"><a href=\"https:\/\/gg3.eu\/wp-content\/uploads\/2020\/09\/Jochen-Schnepf-TENTAKEL-w.jpg\" data-rel=\"lightbox-image-0\" data-magnific_type=\"image\" data-rl_title=\"\" data-rl_caption=\"\"><img loading=\"lazy\" decoding=\"async\" aria-describedby=\"caption-attachment-21340\" class=\"wp-image-21340 size-full\" title=\"\" src=\"https:\/\/gg3.eu\/wp-content\/uploads\/2020\/09\/Jochen-Schnepf-TENTAKEL-w.jpg\" alt=\"TENTAKEL, (C) Jochen Schnepf Corona and climate crisis\" width=\"1024\" height=\"1024\" srcset=\"https:\/\/gg3.eu\/wp-content\/uploads\/2020\/09\/Jochen-Schnepf-TENTAKEL-w.jpg 1024w, https:\/\/gg3.eu\/wp-content\/uploads\/2020\/09\/Jochen-Schnepf-TENTAKEL-w-300x300.jpg 300w, https:\/\/gg3.eu\/wp-content\/uploads\/2020\/09\/Jochen-Schnepf-TENTAKEL-w-150x150.jpg 150w, https:\/\/gg3.eu\/wp-content\/uploads\/2020\/09\/Jochen-Schnepf-TENTAKEL-w-768x768.jpg 768w, https:\/\/gg3.eu\/wp-content\/uploads\/2020\/09\/Jochen-Schnepf-TENTAKEL-w-766x766.jpg 766w\" sizes=\"auto, (max-width: 1024px) 100vw, 1024px\" \/><\/a><p id=\"caption-attachment-21340\" class=\"wp-caption-text\">TENTAKEL, (C) Jochen Schnepf<\/p><\/div>\n<p>The <a href=\"https:\/\/de.wikipedia.org\/wiki\/COVID-19-Pandemie\">corona pandemic<\/a> demands our attention. But the other existential issue of<a href=\"https:\/\/de.wikipedia.org\/wiki\/Klimawandel\">&#8220;climate change<\/a>&#8221; continues to have significance. Our main question is, &#8220;What do we learn from the current &#8220;Corona&#8221; visitation to avoid the climate crisis?&#8221; GG3 uses the term crisis instead of change because change sounds too gentle and controllable.<\/p>\n<p>Both crises have global, strong mobility as a common cause. Another is the lifestyle of people, the depletion of resources. Different is the threat. It is acute in Corona. The state is responding strongly, following the advice of science. <a href=\"https:\/\/www.deutschlandfunk.de\/corona-und-klimawandel-epidemiologin-haben-erlebt-wie-es.697.de.html?dram:article_id=482563\">Epidemiologist<\/a>: At Corona, we have seen what it looks like when a crisis is taken seriously. In contrast, future generations are particularly threatened by the climate crisis. This threat can then no longer be kept in check by acute measures. The state responds inadequately, does not follow the science.<\/p>\n<p>What do we humans learn from this, what do we change? In the Corona crisis, consumerism and online chats work instead of travel, the home office. These are advantages for the management of the Corona &#8211; crisis. The climate crisis could also benefit from this, because cutting back on consumption, online chats or home offices reduce CO2 emissions.<\/p>\n<p>We don&#8217;t know what will remain of this positive development for avoiding the climate crisis after the Corona crisis. Berlin&#8217;s new pop-up bike lanes created on car lanes should stay. This is not enough; society must not leave it at that. Scientists propose an intergenerational &#8220;Climate Corona Treaty&#8221; characterized by reason and the principle of social justice.<\/p>\n<p>We see Corona as a global pandemic that, like the climate crisis, is forcing widespread behavioral changes. We no longer want to be pawns of fate, but agents!<\/p>\n<h2>Artists<\/h2>\n<p>We show works of 14 international artists with object, sculpture, installation, photo, painting, drawing, printmaking, video, performance, reading.<\/p>\n<p class=\"western\" lang=\"en-US\"><a href=\"http:\/\/www.tomalbrechtart.de\">Tom Albrecht, <\/a><a href=\"https:\/\/www.youtube.com\/channel\/UCgze4X0veMMeNxhUjdmT25Q\/videos\">Silvia Amancei &amp; Bogdan Armanu<\/a>, Ann Besier, <a href=\"https:\/\/bortsova6.wixsite.com\/bortsova\">Kateryna Bortsova<\/a>, <a href=\"http:\/\/www.natashacantwell.com\">Natasha Cantwell<\/a>, Clarissa Falco, <a href=\"https:\/\/gottwick.de\/\">Mariel Gottwick<\/a>, Ines Kaufmann, <span style=\"color: #0563c1;\"><a href=\"https:\/\/www.mariakorporal.com\/\">Maria Korporal<\/a> <\/span>,<a href=\"http:\/\/www.annegret-skulptur.weebly.com\">Annegret M\u00fcller<\/a>, <a href=\"http:\/\/www.kerirosebraugh.com\">Keri Rosebraugh<\/a> \/ <a href=\"http:\/\/www.adamguy.com\/\">Adam Guy<\/a>, <a href=\"http:\/\/jschnepf.de\">Jochen Schnepf <\/a>,<a href=\"http:\/\/www.mvieragallo.com\">Manuela Viera-Gallo<\/a>,<br \/>\n<a href=\"http:\/\/www.vivoart-design.com\">Violeta Vollmer<\/a><\/p>\n<p lang=\"en-US\"><div class=\"rl-gallery-container rl-loading\" id=\"rl-gallery-container-1\" data-gallery_id=\"21611\"> <div class=\"rl-gallery rl-basicmasonry-gallery \" id=\"rl-gallery-1\" data-gallery_no=\"1\"> <div class=\"rl-gutter-sizer\"><\/div><div class=\"rl-grid-sizer\"><\/div> <div class=\"rl-gallery-item rl-gallery-item-width-4\" > <div class=\"rl-gallery-item-content\"> <a href=\"https:\/\/gg3.eu\/wp-content\/uploads\/2020\/11\/Tom-Albrecht-Krisenkeule-2020-Objekt-interaktiv-Holz-verkohlt-Plastikfolie-Schraubhaken-Anleitung-C-A.H..jpg\" title=\"Tom Albrecht &#8211; Krisenkeule, (2020) Objekt interaktiv, Holz verkohlt, Plastikfolie, Schraubhaken, Anleitung, (C) A.H.\" data-rl_title=\"Tom Albrecht &#8211; Krisenkeule, (2020) Objekt interaktiv, Holz verkohlt, Plastikfolie, Schraubhaken, Anleitung, (C) A.H.\" class=\"rl-gallery-link\" data-rl_caption=\"Die Keule schl\u00e4gt nach Vereinbarung dosiert gegen den Kopf des\/der Partners\/in. Im besten Fall wohl dosiert. Dies steht einmal bei Corona f\u00fcr die Beziehung zwischen Spreader und Virenempf\u00e4nger\/in. Und zum anderen f\u00fcr die Klimakrise, die, wenn wir weiter so viel fossile Energie freisetzen, heftig gegen K\u00f6pfe auf aller Welt schlagen wird. Unumg\u00e4nglich. Endg\u00fcltig.\" data-rel=\"lightbox-gallery-1\" data-magnific_type=\"gallery\"><img loading=\"lazy\" decoding=\"async\" src=\"https:\/\/gg3.eu\/wp-content\/uploads\/2020\/11\/Tom-Albrecht-Krisenkeule-2020-Objekt-interaktiv-Holz-verkohlt-Plastikfolie-Schraubhaken-Anleitung-C-A.H.-150x150.jpg\" width=\"150\" height=\"150\" alt=\"Die Keule schl\u00e4gt nach Vereinbarung dosiert gegen den Kopf des\/der Partners\/in. Im besten Fall wohl dosiert. Dies steht einmal bei Corona f\u00fcr die Beziehung zwischen Spreader und Virenempf\u00e4nger\/in. Und zum anderen f\u00fcr die Klimakrise, die, wenn wir weiter so viel fossile Energie freisetzen, heftig gegen K\u00f6pfe auf aller Welt schlagen wird. Unumg\u00e4nglich. Endg\u00fcltig.\" \/><span class=\"rl-gallery-caption\"><span class=\"rl-gallery-item-title\">Tom Albrecht &#8211; Krisenkeule, (2020) Objekt interaktiv, Holz verkohlt, Plastikfolie, Schraubhaken, Anleitung, (C) A.H.<\/span><span class=\"rl-gallery-item-caption\">Die Keule schl\u00e4gt nach Vereinbarung dosiert gegen den Kopf des\/der Partners\/in. Im besten Fall wohl dosiert. Dies steht einmal bei Corona f\u00fcr die Beziehung zwischen Spreader und Virenempf\u00e4nger\/in. Und zum anderen f\u00fcr die Klimakrise, die, wenn wir weiter so viel fossile Energie freisetzen, heftig gegen K\u00f6pfe auf aller Welt schlagen wird. Unumg\u00e4nglich. Endg\u00fcltig.<\/span><\/span><\/a> <\/div> <\/div> <div class=\"rl-gallery-item\" > <div class=\"rl-gallery-item-content\"> <a href=\"https:\/\/gg3.eu\/wp-content\/uploads\/2020\/11\/Silvia-Amancei-Bogdan-Armanu_Unlovable-Prospects.-Sabas-look-on-the-Future-2020-video-14-40min-C-S.A-B.A-.jpg\" title=\"Silvia Amancei \/ Bogdan Armanu &#8211; Unlovable Prospects. Saba&#8217;s look on the Future, (2020), video, 14:40min (C) S.A\/B.A\" data-rl_title=\"Silvia Amancei \/ Bogdan Armanu &#8211; Unlovable Prospects. Saba&#8217;s look on the Future, (2020), video, 14:40min (C) S.A\/B.A\" class=\"rl-gallery-link\" data-rl_caption=\"&quot;Unliebsame Aussichten. Sabas Blick in die Zukunft&quot; ist ein Kurzfilm in Form einer Sci-Fi-Miniserie (vom Typ Twilight Zone), der w\u00e4hrend der COVID-Sperre im Fr\u00fchjahr 2020 in Iasi, Rum\u00e4nien, produziert wurde. Vor der COVID-19-Krise waren die Szenarien, die jetzt zur t\u00e4glichen Routine geworden sind, spezifisch f\u00fcr Hollywood, da sie im Bereich der Fiktion isoliert waren. Ausgehend von der Parallele zwischen Fiktion zwischen Film und Realit\u00e4t schl\u00e4gt &quot;Unlovable Prospects. Sabas Blick in die Zukunft &quot; vier dystopische Szenarien der Zukunft nach COVID vor. Dieses Projekt kombiniert empirische Informationen mit Spekulation und kreativer Modellierung und zielt darauf ab, das kapitalistische System kritisch zu analysieren und zu untersuchen, wie Menschen sich in kritischen Zeiten organisieren k\u00f6nnen (oder auch nicht). Das Video wurde von &quot;Fundatia 9&quot; im Rahmen ihres Stipendiums ARTISTSROOMS&quot; in Auftrag gegeben.\" data-rel=\"lightbox-gallery-1\" data-magnific_type=\"gallery\"><img loading=\"lazy\" decoding=\"async\" src=\"https:\/\/gg3.eu\/wp-content\/uploads\/2020\/11\/Silvia-Amancei-Bogdan-Armanu_Unlovable-Prospects.-Sabas-look-on-the-Future-2020-video-14-40min-C-S.A-B.A--150x150.jpg\" width=\"150\" height=\"150\" alt=\"Corona und Klimakrise\" \/><span class=\"rl-gallery-caption\"><span class=\"rl-gallery-item-title\">Silvia Amancei \/ Bogdan Armanu &#8211; Unlovable Prospects. Saba&#8217;s look on the Future, (2020), video, 14:40min (C) S.A\/B.A<\/span><span class=\"rl-gallery-item-caption\">&quot;Unliebsame Aussichten. Sabas Blick in die Zukunft&quot; ist ein Kurzfilm in Form einer Sci-Fi-Miniserie (vom Typ Twilight Zone), der w\u00e4hrend der COVID-Sperre im Fr\u00fchjahr 2020 in Iasi, Rum\u00e4nien, produziert wurde. Vor der COVID-19-Krise waren die Szenarien, die jetzt zur t\u00e4glichen Routine geworden sind, spezifisch f\u00fcr Hollywood, da sie im Bereich der Fiktion isoliert waren. Ausgehend von der Parallele zwischen Fiktion zwischen Film und Realit\u00e4t schl\u00e4gt &quot;Unlovable Prospects. Sabas Blick in die Zukunft &quot; vier dystopische Szenarien der Zukunft nach COVID vor. Dieses Projekt kombiniert empirische Informationen mit Spekulation und kreativer Modellierung und zielt darauf ab, das kapitalistische System kritisch zu analysieren und zu untersuchen, wie Menschen sich in kritischen Zeiten organisieren k\u00f6nnen (oder auch nicht). Das Video wurde von &quot;Fundatia 9&quot; im Rahmen ihres Stipendiums ARTISTSROOMS&quot; in Auftrag gegeben.<\/span><\/span><\/a> <\/div> <\/div> <div class=\"rl-gallery-item\" > <div class=\"rl-gallery-item-content\"> <a href=\"https:\/\/gg3.eu\/wp-content\/uploads\/2020\/11\/Ann-Besier-DANTE-Serie-2020-Acryl-auf-Leinen-Bucheinband-Holz-21-22x33cm-C-A.B..jpg\" title=\"Ann Besier &#8211; DANTE Serie, (2020) Acryl auf Leinen, Bucheinband, Holz, 21-22x33cm (C) A.B.\" data-rl_title=\"Ann Besier &#8211; DANTE Serie, (2020) Acryl auf Leinen, Bucheinband, Holz, 21-22x33cm (C) A.B.\" class=\"rl-gallery-link\" data-rl_caption=\"Angelehnt an Dante Alighieri`s Inferno aus der G\u00f6ttlichen Kom\u00f6die, das mit dem Paradieso schlie\u00dft, zeigen die Arbeiten Ausschnitte aus dem aktuellen Weltgeschehen, wie Corona Pandemie, Waldbr\u00e4nde in Australien, Californien sowie S\u00fcdamerika und damit verbundene Rodungen.\" data-rel=\"lightbox-gallery-1\" data-magnific_type=\"gallery\"><img loading=\"lazy\" decoding=\"async\" src=\"https:\/\/gg3.eu\/wp-content\/uploads\/2020\/11\/Ann-Besier-DANTE-Serie-2020-Acryl-auf-Leinen-Bucheinband-Holz-21-22x33cm-C-A.B.-150x150.jpg\" width=\"150\" height=\"150\" alt=\"Corona und Klimakrise\" \/><span class=\"rl-gallery-caption\"><span class=\"rl-gallery-item-title\">Ann Besier &#8211; DANTE Serie, (2020) Acryl auf Leinen, Bucheinband, Holz, 21-22x33cm (C) A.B.<\/span><span class=\"rl-gallery-item-caption\">Angelehnt an Dante Alighieri`s Inferno aus der G\u00f6ttlichen Kom\u00f6die, das mit dem Paradieso schlie\u00dft, zeigen die Arbeiten Ausschnitte aus dem aktuellen Weltgeschehen, wie Corona Pandemie, Waldbr\u00e4nde in Australien, Californien sowie S\u00fcdamerika und damit verbundene Rodungen.<\/span><\/span><\/a> <\/div> <\/div> <div class=\"rl-gallery-item\" > <div class=\"rl-gallery-item-content\"> <a href=\"https:\/\/gg3.eu\/wp-content\/uploads\/2020\/11\/Kateryna-Bortsova-The-fall-of-Europe-2020-acryl-auf-Papier-124x86cm-C-K.B..jpg\" title=\"Kateryna Bortsova &#8211; The fall of Europe, (2020) acryl auf Papier, 124x86cm (C) K.B.\" data-rl_title=\"Kateryna Bortsova &#8211; The fall of Europe, (2020) acryl auf Papier, 124x86cm (C) K.B.\" class=\"rl-gallery-link\" data-rl_caption=\"Da ich gerne reise, zeige ich in meinem Projekt die Karten von den Reisen, bei denen sie mir gute Dienste erwiesen haben. Auf den Kartenoberfl\u00e4che sind Bilder von M\u00e4nnern und Frauen in verschiedenen Posen aufgelegt. Alleen, Stra\u00dfen und Gassen wie Adern durchbrechen ihren K\u00f6rper. Wir alle sind mit Ihnen eine Art Parasiten, die im K\u00f6rper unserer St\u00e4dte leben. Einige unserer Aktivit\u00e4ten kommen unserem Wohnort zugute, andere schaden ihm. Sehr wichtige Aspekte meines Projekts sind die Darstellung der schwierigen Situation, die durch die Migrationskrise in Europa und die Pandemie in der Welt entstanden ist. Jeder Zuh\u00f6rer kann also f\u00fcr eine Minute innehalten und sich wundern: &quot;Wie finde ich den Weg zu meinem Herzen?&quot;.\" data-rel=\"lightbox-gallery-1\" data-magnific_type=\"gallery\"><img loading=\"lazy\" decoding=\"async\" src=\"https:\/\/gg3.eu\/wp-content\/uploads\/2020\/11\/Kateryna-Bortsova-The-fall-of-Europe-2020-acryl-auf-Papier-124x86cm-C-K.B.-150x150.jpg\" width=\"150\" height=\"150\" alt=\"Corona und Klimakrise\" \/><span class=\"rl-gallery-caption\"><span class=\"rl-gallery-item-title\">Kateryna Bortsova &#8211; The fall of Europe, (2020) acryl auf Papier, 124x86cm (C) K.B.<\/span><span class=\"rl-gallery-item-caption\">Da ich gerne reise, zeige ich in meinem Projekt die Karten von den Reisen, bei denen sie mir gute Dienste erwiesen haben. Auf den Kartenoberfl\u00e4che sind Bilder von M\u00e4nnern und Frauen in verschiedenen Posen aufgelegt. Alleen, Stra\u00dfen und Gassen wie Adern durchbrechen ihren K\u00f6rper. Wir alle sind mit Ihnen eine Art Parasiten, die im K\u00f6rper unserer St\u00e4dte leben. Einige unserer Aktivit\u00e4ten kommen unserem Wohnort zugute, andere schaden ihm. Sehr wichtige Aspekte meines Projekts sind die Darstellung der schwierigen Situation, die durch die Migrationskrise in Europa und die Pandemie in der Welt entstanden ist. Jeder Zuh\u00f6rer kann also f\u00fcr eine Minute innehalten und sich wundern: &quot;Wie finde ich den Weg zu meinem Herzen?&quot;.<\/span><\/span><\/a> <\/div> <\/div> <div class=\"rl-gallery-item\" > <div class=\"rl-gallery-item-content\"> <a href=\"https:\/\/gg3.eu\/wp-content\/uploads\/2020\/11\/Natascha-Cantwell-Chicken-Dinner-2020-video-47sec-C-N.C..jpg\" title=\"Natascha Cantwell &#8211; Chicken Dinner, (2020) video, 47sec (C) N.C.\" data-rl_title=\"Natascha Cantwell &#8211; Chicken Dinner, (2020) video, 47sec (C) N.C.\" class=\"rl-gallery-link\" data-rl_caption=\"Dieser Film, der w\u00e4hrend der COVID-19-Pandemie gedreht wurde, ist ein Theaterst\u00fcck \u00fcber &quot;Gewinner Gewinner, H\u00fchnerabendessen&quot;, ein Ausdruck, der von Australiern oft benutzt wird, um den pers\u00f6nlichen Sieg zu feiern. Er reflektiert den Egoismus, der in Melbourne vorherrschte, als wir auf einen Lockdown zusteuerten. Das Horten begann mit Konserven, ging dann \u00fcber zu Tiefk\u00fchlwaren, und schon bald wurden sogar die G\u00e4nge mit frischen Lebensmitteln im Supermarkt geleert. Panikk\u00e4ufe f\u00fchrten dazu, dass sich die Menschen mit Lebensmitteln umgaben, die sie niemals essen k\u00f6nnten, ohne an die Verschwendung oder die Umweltauswirkungen zu denken.\" data-rel=\"lightbox-gallery-1\" data-magnific_type=\"gallery\"><img loading=\"lazy\" decoding=\"async\" src=\"https:\/\/gg3.eu\/wp-content\/uploads\/2020\/11\/Natascha-Cantwell-Chicken-Dinner-2020-video-47sec-C-N.C.-150x150.jpg\" width=\"150\" height=\"150\" alt=\"Corona und Klimakrise\" \/><span class=\"rl-gallery-caption\"><span class=\"rl-gallery-item-title\">Natascha Cantwell &#8211; Chicken Dinner, (2020) video, 47sec (C) N.C.<\/span><span class=\"rl-gallery-item-caption\">Dieser Film, der w\u00e4hrend der COVID-19-Pandemie gedreht wurde, ist ein Theaterst\u00fcck \u00fcber &quot;Gewinner Gewinner, H\u00fchnerabendessen&quot;, ein Ausdruck, der von Australiern oft benutzt wird, um den pers\u00f6nlichen Sieg zu feiern. Er reflektiert den Egoismus, der in Melbourne vorherrschte, als wir auf einen Lockdown zusteuerten. Das Horten begann mit Konserven, ging dann \u00fcber zu Tiefk\u00fchlwaren, und schon bald wurden sogar die G\u00e4nge mit frischen Lebensmitteln im Supermarkt geleert. Panikk\u00e4ufe f\u00fchrten dazu, dass sich die Menschen mit Lebensmitteln umgaben, die sie niemals essen k\u00f6nnten, ohne an die Verschwendung oder die Umweltauswirkungen zu denken.<\/span><\/span><\/a> <\/div> <\/div> <div class=\"rl-gallery-item\" > <div class=\"rl-gallery-item-content\"> <a href=\"https:\/\/gg3.eu\/wp-content\/uploads\/2020\/11\/Clarissa-Falco-SIX-FEET-Welcome-in-2020-2020-Performance-C-C.F..jpg\" title=\"Clarissa Falco &#8211; SIX FEET Welcome in 2020, (2020) Performance (C) C.F.\" data-rl_title=\"Clarissa Falco &#8211; SIX FEET Welcome in 2020, (2020) Performance (C) C.F.\" class=\"rl-gallery-link\" data-rl_caption=\"Sechs Fu\u00df oder 1,82 Meter, ist der Sicherheitsabstand in diesen Coronavirus-Zeiten. Mark Fisher schreibt im Kapitalistischen Realismus: &quot;Die Pandemie der seelischen Qualen, die unsere Zeit plagt, kann nicht angemessen verstanden oder geheilt werden, wenn man sie als ein privates Problem betrachtet, das der gesch\u00e4digte Personen&quot;. Kann der Umgang mit einer solchen Situation durch Eind\u00e4mmung der Sozialit\u00e4t uns einen Moment der Reflexion dar\u00fcber bieten? Bis heute sind wir gespalten und werden von Dekreten von Abst\u00e4nden und Anforderungen regiert. Sie sollen unser t\u00e4gliches Leben regulieren, um uns einen rechtzeitigen Ausweg aus dieser Krise zu erm\u00f6glichen.\" data-rel=\"lightbox-gallery-1\" data-magnific_type=\"gallery\"><img loading=\"lazy\" decoding=\"async\" src=\"https:\/\/gg3.eu\/wp-content\/uploads\/2020\/11\/Clarissa-Falco-SIX-FEET-Welcome-in-2020-2020-Performance-C-C.F.-150x150.jpg\" width=\"150\" height=\"150\" alt=\"Corona und Klimakrise\" \/><span class=\"rl-gallery-caption\"><span class=\"rl-gallery-item-title\">Clarissa Falco &#8211; SIX FEET Welcome in 2020, (2020) Performance (C) C.F.<\/span><span class=\"rl-gallery-item-caption\">Sechs Fu\u00df oder 1,82 Meter, ist der Sicherheitsabstand in diesen Coronavirus-Zeiten. Mark Fisher schreibt im Kapitalistischen Realismus: &quot;Die Pandemie der seelischen Qualen, die unsere Zeit plagt, kann nicht angemessen verstanden oder geheilt werden, wenn man sie als ein privates Problem betrachtet, das der gesch\u00e4digte Personen&quot;. Kann der Umgang mit einer solchen Situation durch Eind\u00e4mmung der Sozialit\u00e4t uns einen Moment der Reflexion dar\u00fcber bieten? Bis heute sind wir gespalten und werden von Dekreten von Abst\u00e4nden und Anforderungen regiert. Sie sollen unser t\u00e4gliches Leben regulieren, um uns einen rechtzeitigen Ausweg aus dieser Krise zu erm\u00f6glichen.<\/span><\/span><\/a> <\/div> <\/div> <div class=\"rl-gallery-item\" > <div class=\"rl-gallery-item-content\"> <a href=\"https:\/\/gg3.eu\/wp-content\/uploads\/2020\/11\/Mariel-Gottwick-Heated-Up-2020-Videoinstallation-20cm-Durchmesser-C-M.G..jpg\" title=\"Mariel Gottwick &#8211; Heated Up, (2020) Videoinstallation, 20cm Durchmesser, (C) M.G.\" data-rl_title=\"Mariel Gottwick &#8211; Heated Up, (2020) Videoinstallation, 20cm Durchmesser, (C) M.G.\" class=\"rl-gallery-link\" data-rl_caption=\"meinen Mund- Nasenschutz den \u00fcblichen Ma\u00dfnahmen zur Wiederverwendung unterzogen. Das Erhitzen auf mindestens 70\u00b0C im Backofen hat die Maske nicht \u00fcberstanden.\u201c Die Videoinstallation zeigt einen Ausschnitt eines blauen Himmels mit blendend, grellem Sonnenlicht. Vor dieser theatralisch \u00fcberh\u00f6hten Kulisse eine hellblaue, amorphe Form. Das deformierte, offenbar geschmolzene Objekt gibt zu denken. Sollte die intensive Sonneneinstrahlung f\u00fcr das Schmelzen der Schutzmaske verantwortlich sein? Ist die ansteigende Erderw\u00e4rmung die Ursache f\u00fcr die Corona-Pandemie? Was hat das eine mit dem anderen zu tun? Derzeit fallen zwei globale Krisen zusammen, die Corona-Pandemie und der Klimawandel, die Krise in der Krise. Sie stehen in keiner direkten Abh\u00e4ngigkeit zueinander, erfordern ganz unterschiedliche Vorkehrungen zur Abwendung der Krise, aber lassen sich auf gleiche Ursachen zur\u00fcckf\u00fchren.\" data-rel=\"lightbox-gallery-1\" data-magnific_type=\"gallery\"><img loading=\"lazy\" decoding=\"async\" src=\"https:\/\/gg3.eu\/wp-content\/uploads\/2020\/11\/Mariel-Gottwick-Heated-Up-2020-Videoinstallation-20cm-Durchmesser-C-M.G.-150x150.jpg\" width=\"150\" height=\"150\" alt=\"Corona und Klimakrise\" \/><span class=\"rl-gallery-caption\"><span class=\"rl-gallery-item-title\">Mariel Gottwick &#8211; Heated Up, (2020) Videoinstallation, 20cm Durchmesser, (C) M.G.<\/span><span class=\"rl-gallery-item-caption\">meinen Mund- Nasenschutz den \u00fcblichen Ma\u00dfnahmen zur Wiederverwendung unterzogen. Das Erhitzen auf mindestens 70\u00b0C im Backofen hat die Maske nicht \u00fcberstanden.\u201c Die Videoinstallation zeigt einen Ausschnitt eines blauen Himmels mit blendend, grellem Sonnenlicht. Vor dieser theatralisch \u00fcberh\u00f6hten Kulisse eine hellblaue, amorphe Form. Das deformierte, offenbar geschmolzene Objekt gibt zu denken. Sollte die intensive Sonneneinstrahlung f\u00fcr das Schmelzen der Schutzmaske verantwortlich sein? Ist die ansteigende Erderw\u00e4rmung die Ursache f\u00fcr die Corona-Pandemie? Was hat das eine mit dem anderen zu tun? Derzeit fallen zwei globale Krisen zusammen, die Corona-Pandemie und der Klimawandel, die Krise in der Krise. Sie stehen in keiner direkten Abh\u00e4ngigkeit zueinander, erfordern ganz unterschiedliche Vorkehrungen zur Abwendung der Krise, aber lassen sich auf gleiche Ursachen zur\u00fcckf\u00fchren.<\/span><\/span><\/a> <\/div> <\/div> <div class=\"rl-gallery-item\" > <div class=\"rl-gallery-item-content\"> <a href=\"https:\/\/gg3.eu\/wp-content\/uploads\/2020\/11\/Maria-Korporal-Corona-Tree-Travelling-2020-video-2min-digitaldruck-je-42x30cm-C-M.K..jpg\" title=\"Maria Korporal &#8211; Corona Tree Travelling, (2020) video 2min, digitaldruck je 42x30cm, (C) M.K.\" data-rl_title=\"Maria Korporal &#8211; Corona Tree Travelling, (2020) video 2min, digitaldruck je 42x30cm, (C) M.K.\" class=\"rl-gallery-link\" data-rl_caption=\"Es ist eine Weiterentwicklung des interaktiven Projekts Tree Travelling, ein Video der weltweiten Flugkarte mit allen Flugzeugen, die zu zur Zeit fliegen. Vor dem Monitor steht ein kleiner Baumstamm. Wenn man ihn bewegt, f\u00fcllt man die Welt mit B\u00e4umen, w\u00e4hrend die Flugzeuge langsam verschwinden. Als dieses Projekt im Januar 2020 konzipiert wurde, befanden wir uns mitten in einem globalen Tourismusboom. Doch dann kam das Coronavirus. Der Tourismusboom brach in k\u00fcrzester Zeit zusammen. Die Radaransicht der Flugzeuge hat sich drastisch ver\u00e4ndert. Ich habe eine neue Videoarbeit geschaffen, Corona Tree Travelling, die nicht interaktiv ist \u2013 die Coronakrise l\u00e4sst die B\u00e4ume ohne menschliches Zutun wachsen. Das Tree Travelling Journal, Digitaldrucke auf A3, verfolgt die Entwicklung des Projekts in Zeiten des Coronavirus und des Klimawandels. Es ist ein work in progress \u2013 was die Zukunft bringt\u2026\" data-rel=\"lightbox-gallery-1\" data-magnific_type=\"gallery\"><img loading=\"lazy\" decoding=\"async\" src=\"https:\/\/gg3.eu\/wp-content\/uploads\/2020\/11\/Maria-Korporal-Corona-Tree-Travelling-2020-video-2min-digitaldruck-je-42x30cm-C-M.K.-150x150.jpg\" width=\"150\" height=\"150\" alt=\"Corona und Klimakrise\" \/><span class=\"rl-gallery-caption\"><span class=\"rl-gallery-item-title\">Maria Korporal &#8211; Corona Tree Travelling, (2020) video 2min, digitaldruck je 42x30cm, (C) M.K.<\/span><span class=\"rl-gallery-item-caption\">Es ist eine Weiterentwicklung des interaktiven Projekts Tree Travelling, ein Video der weltweiten Flugkarte mit allen Flugzeugen, die zu zur Zeit fliegen. Vor dem Monitor steht ein kleiner Baumstamm. Wenn man ihn bewegt, f\u00fcllt man die Welt mit B\u00e4umen, w\u00e4hrend die Flugzeuge langsam verschwinden. Als dieses Projekt im Januar 2020 konzipiert wurde, befanden wir uns mitten in einem globalen Tourismusboom. Doch dann kam das Coronavirus. Der Tourismusboom brach in k\u00fcrzester Zeit zusammen. Die Radaransicht der Flugzeuge hat sich drastisch ver\u00e4ndert. Ich habe eine neue Videoarbeit geschaffen, Corona Tree Travelling, die nicht interaktiv ist \u2013 die Coronakrise l\u00e4sst die B\u00e4ume ohne menschliches Zutun wachsen. Das Tree Travelling Journal, Digitaldrucke auf A3, verfolgt die Entwicklung des Projekts in Zeiten des Coronavirus und des Klimawandels. Es ist ein work in progress \u2013 was die Zukunft bringt\u2026<\/span><\/span><\/a> <\/div> <\/div> <div class=\"rl-gallery-item\" > <div class=\"rl-gallery-item-content\"> <a href=\"https:\/\/gg3.eu\/wp-content\/uploads\/2020\/11\/Annegret-Mueller-ohne-Titel-2020-Zeichenpapier-Bindfaden-Metalklammern-70x70x125cm-C-A.M..jpg\" title=\"Annegret Mueller &#8211; ohne Titel, (2020) Zeichenpapier, Bindfaden, Metalklammern, 70x70x125cm, (C) A.M.\" data-rl_title=\"Annegret Mueller &#8211; ohne Titel, (2020) Zeichenpapier, Bindfaden, Metalklammern, 70x70x125cm, (C) A.M.\" class=\"rl-gallery-link\" data-rl_caption=\"\" data-rel=\"lightbox-gallery-1\" data-magnific_type=\"gallery\"><img loading=\"lazy\" decoding=\"async\" src=\"https:\/\/gg3.eu\/wp-content\/uploads\/2020\/11\/Annegret-Mueller-ohne-Titel-2020-Zeichenpapier-Bindfaden-Metalklammern-70x70x125cm-C-A.M.-150x150.jpg\" width=\"150\" height=\"150\" alt=\"Corona und Klimakrise\" \/><span class=\"rl-gallery-caption\"><span class=\"rl-gallery-item-title\">Annegret Mueller &#8211; ohne Titel, (2020) Zeichenpapier, Bindfaden, Metalklammern, 70x70x125cm, (C) A.M.<\/span><\/span><\/a> <\/div> <\/div> <div class=\"rl-gallery-item\" > <div class=\"rl-gallery-item-content\"> <a href=\"https:\/\/gg3.eu\/wp-content\/uploads\/2020\/11\/Keri-Rosebraugh-Adam-Guy-virUS-2020-video-C-K.R-A.G.jpg\" title=\"Keri Rosebraugh \/ Adam Guy, virUS, (2020) video, (C) K.R \/ A.G\" data-rl_title=\"Keri Rosebraugh \/ Adam Guy, virUS, (2020) video, (C) K.R \/ A.G\" class=\"rl-gallery-link\" data-rl_caption=\"Ziel dieses St\u00fcckes ist es, die St\u00e4rke und Widerstandsf\u00e4higkeit der Menschheit gegen\u00fcber der globalen Pandemie zum Ausdruck zu bringen, aber nicht ohne die Wahrheit, die mit ihr einhergeht: Angst, Besorgnis, Trauer und mehr. Gegenw\u00e4rtig werden an der Westk\u00fcste der Vereinigten Staaten fast 8.000 Waldbr\u00e4nde bek\u00e4mpft. Die globale Erw\u00e4rmung ist erwiesenerma\u00dfen eine gro\u00dfe Ursache. Der Rauch reizt jetzt unsere Lungen, verursacht Entz\u00fcndungen und beeintr\u00e4chtigt unser Immunsystem, was uns anf\u00e4lliger f\u00fcr das Virus macht. Diese Installation teilt unsere Frustration und die aktuellen Herausforderungen und vermittelt gleichzeitig, dass wir alle gemeinsam in diesem Kampf stehen. Wenn wir uns um unsere Erde k\u00fcmmern, k\u00fcmmern wir uns gleichzeitig auch um uns selbst. Wir sind alle eins.\" data-rel=\"lightbox-gallery-1\" data-magnific_type=\"gallery\"><img loading=\"lazy\" decoding=\"async\" src=\"https:\/\/gg3.eu\/wp-content\/uploads\/2020\/11\/Keri-Rosebraugh-Adam-Guy-virUS-2020-video-C-K.R-A.G-150x150.jpg\" width=\"150\" height=\"150\" alt=\"Corona und Klimakrise\" \/><span class=\"rl-gallery-caption\"><span class=\"rl-gallery-item-title\">Keri Rosebraugh \/ Adam Guy, virUS, (2020) video, (C) K.R \/ A.G<\/span><span class=\"rl-gallery-item-caption\">Ziel dieses St\u00fcckes ist es, die St\u00e4rke und Widerstandsf\u00e4higkeit der Menschheit gegen\u00fcber der globalen Pandemie zum Ausdruck zu bringen, aber nicht ohne die Wahrheit, die mit ihr einhergeht: Angst, Besorgnis, Trauer und mehr. Gegenw\u00e4rtig werden an der Westk\u00fcste der Vereinigten Staaten fast 8.000 Waldbr\u00e4nde bek\u00e4mpft. Die globale Erw\u00e4rmung ist erwiesenerma\u00dfen eine gro\u00dfe Ursache. Der Rauch reizt jetzt unsere Lungen, verursacht Entz\u00fcndungen und beeintr\u00e4chtigt unser Immunsystem, was uns anf\u00e4lliger f\u00fcr das Virus macht. Diese Installation teilt unsere Frustration und die aktuellen Herausforderungen und vermittelt gleichzeitig, dass wir alle gemeinsam in diesem Kampf stehen. Wenn wir uns um unsere Erde k\u00fcmmern, k\u00fcmmern wir uns gleichzeitig auch um uns selbst. Wir sind alle eins.<\/span><\/span><\/a> <\/div> <\/div> <div class=\"rl-gallery-item\" > <div class=\"rl-gallery-item-content\"> <a href=\"https:\/\/gg3.eu\/wp-content\/uploads\/2020\/11\/Jochen-Schnepf-TENTAKEL-2019-2020-Fotografie-mit-inszenierten-Porzellanelementen-80x80cm-C.jpg\" title=\"Jochen Schnepf TENTAKEL, 2019-2020, Fotografie mit inszenierten Porzellanelementen, 80x80cm, (C) J.S.\" data-rl_title=\"Jochen Schnepf TENTAKEL, 2019-2020, Fotografie mit inszenierten Porzellanelementen, 80x80cm, (C) J.S.\" class=\"rl-gallery-link\" data-rl_caption=\"Hunderte Tentakel, Stachel geformt aus reinem Porzellan, gebrannt bei 1.200 Grad. Eine neue, wenn auch fiktive Spezies. Resistent gegen S\u00e4ure, Gift und Strahlen. T\u00f6dlich | selbst unsterblich | grausam sch\u00f6n. Was, wenn die Natur die Spielregeln \u00e4ndert? Corona und die Klimakrise sind abstrakte Bedrohungen. Wir k\u00f6nnen sie nicht sehen, f\u00fchlen, h\u00f6ren, riechen, schmecken. TENTAKEL ist der Versuch, dem Ungreifbaren eine Gestalt zu geben. Durch einen physischen Stellvertreter. Ein realer Protagonist in realer Umgebung. Bilder frei von der Projektion menschlicher Welterkl\u00e4rung.\" data-rel=\"lightbox-gallery-1\" data-magnific_type=\"gallery\"><img loading=\"lazy\" decoding=\"async\" src=\"https:\/\/gg3.eu\/wp-content\/uploads\/2020\/11\/Jochen-Schnepf-TENTAKEL-2019-2020-Fotografie-mit-inszenierten-Porzellanelementen-80x80cm-C-150x150.jpg\" width=\"150\" height=\"150\" alt=\"Corona und Klimakrise\" \/><span class=\"rl-gallery-caption\"><span class=\"rl-gallery-item-title\">Jochen Schnepf TENTAKEL, 2019-2020, Fotografie mit inszenierten Porzellanelementen, 80x80cm, (C) J.S.<\/span><span class=\"rl-gallery-item-caption\">Hunderte Tentakel, Stachel geformt aus reinem Porzellan, gebrannt bei 1.200 Grad. Eine neue, wenn auch fiktive Spezies. Resistent gegen S\u00e4ure, Gift und Strahlen. T\u00f6dlich | selbst unsterblich | grausam sch\u00f6n. Was, wenn die Natur die Spielregeln \u00e4ndert? Corona und die Klimakrise sind abstrakte Bedrohungen. Wir k\u00f6nnen sie nicht sehen, f\u00fchlen, h\u00f6ren, riechen, schmecken. TENTAKEL ist der Versuch, dem Ungreifbaren eine Gestalt zu geben. Durch einen physischen Stellvertreter. Ein realer Protagonist in realer Umgebung. Bilder frei von der Projektion menschlicher Welterkl\u00e4rung.<\/span><\/span><\/a> <\/div> <\/div> <div class=\"rl-gallery-item\" > <div class=\"rl-gallery-item-content\"> <a href=\"https:\/\/gg3.eu\/wp-content\/uploads\/2020\/11\/Manuela-Viera-Gallo_Capital-Wearcapital-wear-2013-video-6.56min.jpg\" title=\"Manuela Viera-Gallo &#8211; Capital Wearcapital wear, (2013) video, 6:56min, (C) M.V.G.\" data-rl_title=\"Manuela Viera-Gallo &#8211; Capital Wearcapital wear, (2013) video, 6:56min, (C) M.V.G.\" class=\"rl-gallery-link\" data-rl_caption=\"Eine sch\u00f6ne Frau in formeller, weiblicher, flie\u00dfender Kleidung l\u00e4uft in einem leeren, unfertigen Gesch\u00e4ftsraum mit Fenstern vom Boden bis zur Decke herum, w\u00e4hrend die Sonne allm\u00e4hlich hinter den Anden untergeht, Santiago-Chile. Das Ger\u00e4usch ihrer Fersen, die auf den Zementboden aufschlagen und der Verkehr in der Stadt drau\u00dfen sind ohrenbet\u00e4ubend. Wir sehen, wie Blasen an ihren F\u00fc\u00dfen aus dem hektischen, ununterbrochen laufenden Zustand kapitalistischer Angst entstehen. In Chile begannen die Proteste seit 2013 mit Aufrufen zur Reformierung der sozialen Ungleichheiten, die im neoliberalen Wirtschaftssystem \u00fcbersehen worden waren. Ein kapitalistischer Traum, der aus einer Diktatur entstanden war und sich nie ganz mit seiner Vergangenheit der menschlichen und \u00f6kologischen Schrecken vers\u00f6hnte. 2020 stellte Covid 19 den Zustand einer Katastrophe f\u00fcr viele von dem dar, was ein wohlhabendes s\u00fcdamerikanisches Land sein k\u00f6nnte.\" data-rel=\"lightbox-gallery-1\" data-magnific_type=\"gallery\"><img loading=\"lazy\" decoding=\"async\" src=\"https:\/\/gg3.eu\/wp-content\/uploads\/2020\/11\/Manuela-Viera-Gallo_Capital-Wearcapital-wear-2013-video-6.56min-150x150.jpg\" width=\"150\" height=\"150\" alt=\"Corona und Klimakrise\" \/><span class=\"rl-gallery-caption\"><span class=\"rl-gallery-item-title\">Manuela Viera-Gallo &#8211; Capital Wearcapital wear, (2013) video, 6:56min, (C) M.V.G.<\/span><span class=\"rl-gallery-item-caption\">Eine sch\u00f6ne Frau in formeller, weiblicher, flie\u00dfender Kleidung l\u00e4uft in einem leeren, unfertigen Gesch\u00e4ftsraum mit Fenstern vom Boden bis zur Decke herum, w\u00e4hrend die Sonne allm\u00e4hlich hinter den Anden untergeht, Santiago-Chile. Das Ger\u00e4usch ihrer Fersen, die auf den Zementboden aufschlagen und der Verkehr in der Stadt drau\u00dfen sind ohrenbet\u00e4ubend. Wir sehen, wie Blasen an ihren F\u00fc\u00dfen aus dem hektischen, ununterbrochen laufenden Zustand kapitalistischer Angst entstehen. In Chile begannen die Proteste seit 2013 mit Aufrufen zur Reformierung der sozialen Ungleichheiten, die im neoliberalen Wirtschaftssystem \u00fcbersehen worden waren. Ein kapitalistischer Traum, der aus einer Diktatur entstanden war und sich nie ganz mit seiner Vergangenheit der menschlichen und \u00f6kologischen Schrecken vers\u00f6hnte. 2020 stellte Covid 19 den Zustand einer Katastrophe f\u00fcr viele von dem dar, was ein wohlhabendes s\u00fcdamerikanisches Land sein k\u00f6nnte.<\/span><\/span><\/a> <\/div> <\/div> <div class=\"rl-gallery-item\" > <div class=\"rl-gallery-item-content\"> <a href=\"https:\/\/gg3.eu\/wp-content\/uploads\/2020\/11\/Violeta-Vollmer-Die-Plage-II-2020-dreidimensionale-Collage-recyclte-Postkarten-auf-Karton-3er-Serie-je-70x100cm-C-V.V..jpg\" title=\"Violeta Vollmer &#8211; The Plague II-2, (2020) dreidimensionale Collage, recyclte Postkarten auf Karton, 3er Serie je 70x100cm, (C) V.V.\" data-rl_title=\"Violeta Vollmer &#8211; The Plague II-2, (2020) dreidimensionale Collage, recyclte Postkarten auf Karton, 3er Serie je 70x100cm, (C) V.V.\" class=\"rl-gallery-link\" data-rl_caption=\"DK von 1000 Postkarten verbliebenen ca. 500 Postkarten habe ich nachhaltig zur Collage-Serie &quot;The Plague II&quot; verarbeitet. Das Jahr 2020 war das Jahr der riesigen Heuschreckenplage von Ostafrika bis Pakistan und der Sars-Covid 19 Pandemie, die beide mit dem Klimawandel und den Erntesch\u00e4den das Elend versch\u00e4rften. Die drastischen Effekte des Klimawandels, die Umweltzerst\u00f6rungen, die wirtschaftlichen Verwerfungen, die soziale Polarisierung, die politischen Spannungen, die gravierenden Bildungs- und Wissensm\u00e4ngel, der wachsende Mangel an gemeinsamen Werten und zus\u00e4tzlich zu all dem noch die Sars-CoV-19 Pandemie haben sich global wie eine Plage ausgewirkt. Da es kein Allheilmittel gibt, kommt es auf globales Krisenmanagement auf der Basis gemeinsamer Werte an.\" data-rel=\"lightbox-gallery-1\" data-magnific_type=\"gallery\"><img loading=\"lazy\" decoding=\"async\" src=\"https:\/\/gg3.eu\/wp-content\/uploads\/2020\/11\/Violeta-Vollmer-Die-Plage-II-2020-dreidimensionale-Collage-recyclte-Postkarten-auf-Karton-3er-Serie-je-70x100cm-C-V.V.-150x150.jpg\" width=\"150\" height=\"150\" alt=\"Corona und Klimakrise\" \/><span class=\"rl-gallery-caption\"><span class=\"rl-gallery-item-title\">Violeta Vollmer &#8211; The Plague II-2, (2020) dreidimensionale Collage, recyclte Postkarten auf Karton, 3er Serie je 70x100cm, (C) V.V.<\/span><span class=\"rl-gallery-item-caption\">DK von 1000 Postkarten verbliebenen ca. 500 Postkarten habe ich nachhaltig zur Collage-Serie &quot;The Plague II&quot; verarbeitet. Das Jahr 2020 war das Jahr der riesigen Heuschreckenplage von Ostafrika bis Pakistan und der Sars-Covid 19 Pandemie, die beide mit dem Klimawandel und den Erntesch\u00e4den das Elend versch\u00e4rften. Die drastischen Effekte des Klimawandels, die Umweltzerst\u00f6rungen, die wirtschaftlichen Verwerfungen, die soziale Polarisierung, die politischen Spannungen, die gravierenden Bildungs- und Wissensm\u00e4ngel, der wachsende Mangel an gemeinsamen Werten und zus\u00e4tzlich zu all dem noch die Sars-CoV-19 Pandemie haben sich global wie eine Plage ausgewirkt. Da es kein Allheilmittel gibt, kommt es auf globales Krisenmanagement auf der Basis gemeinsamer Werte an.<\/span><\/span><\/a> <\/div> <\/div> <div class=\"rl-gallery-item\" > <div class=\"rl-gallery-item-content\"> <a href=\"https:\/\/gg3.eu\/wp-content\/uploads\/2020\/12\/Gallery1.jpg\" title=\"Jochen Schnepf TENTAKEL, 2019-2020, Fotografie mit inszenierten Porzellanelementen, 80x80cm, (C) A.H.\" data-rl_title=\"Jochen Schnepf TENTAKEL, 2019-2020, Fotografie mit inszenierten Porzellanelementen, 80x80cm, (C) A.H.\" class=\"rl-gallery-link\" data-rl_caption=\"\" data-rel=\"lightbox-gallery-1\" data-magnific_type=\"gallery\"><img loading=\"lazy\" decoding=\"async\" src=\"https:\/\/gg3.eu\/wp-content\/uploads\/2020\/12\/Gallery1-150x150.jpg\" width=\"150\" height=\"150\" alt=\"\" \/><span class=\"rl-gallery-caption\"><span class=\"rl-gallery-item-title\">Jochen Schnepf TENTAKEL, 2019-2020, Fotografie mit inszenierten Porzellanelementen, 80x80cm, (C) A.H.<\/span><\/span><\/a> <\/div> <\/div> <div class=\"rl-gallery-item\" > <div class=\"rl-gallery-item-content\"> <a href=\"https:\/\/gg3.eu\/wp-content\/uploads\/2020\/12\/Gallery2.jpg\" title=\"Jochen Schnepf TENTAKEL, 2019-2020, Fotografie mit inszenierten Porzellanelementen, 80x80cm, (C) A.H.\" data-rl_title=\"Jochen Schnepf TENTAKEL, 2019-2020, Fotografie mit inszenierten Porzellanelementen, 80x80cm, (C) A.H.\" class=\"rl-gallery-link\" data-rl_caption=\"\" data-rel=\"lightbox-gallery-1\" data-magnific_type=\"gallery\"><img loading=\"lazy\" decoding=\"async\" src=\"https:\/\/gg3.eu\/wp-content\/uploads\/2020\/12\/Gallery2-150x150.jpg\" width=\"150\" height=\"150\" alt=\"\" \/><span class=\"rl-gallery-caption\"><span class=\"rl-gallery-item-title\">Jochen Schnepf TENTAKEL, 2019-2020, Fotografie mit inszenierten Porzellanelementen, 80x80cm, (C) A.H.<\/span><\/span><\/a> <\/div> <\/div> <div class=\"rl-gallery-item\" > <div class=\"rl-gallery-item-content\"> <a href=\"https:\/\/gg3.eu\/wp-content\/uploads\/2020\/12\/Gallery3.jpg\" title=\"Corona und Klimakrise, (C) A.H.\" data-rl_title=\"Corona und Klimakrise, (C) A.H.\" class=\"rl-gallery-link\" data-rl_caption=\"\" data-rel=\"lightbox-gallery-1\" data-magnific_type=\"gallery\"><img loading=\"lazy\" decoding=\"async\" src=\"https:\/\/gg3.eu\/wp-content\/uploads\/2020\/12\/Gallery3-150x150.jpg\" width=\"150\" height=\"150\" alt=\"\" \/><span class=\"rl-gallery-caption\"><span class=\"rl-gallery-item-title\">Corona und Klimakrise, (C) A.H.<\/span><\/span><\/a> <\/div> <\/div> <div class=\"rl-gallery-item\" > <div class=\"rl-gallery-item-content\"> <a href=\"https:\/\/gg3.eu\/wp-content\/uploads\/2020\/12\/Gallery4.jpg\" title=\"Corona und Klimakrise, (C) A.H.\" data-rl_title=\"Corona und Klimakrise, (C) A.H.\" class=\"rl-gallery-link\" data-rl_caption=\"\" data-rel=\"lightbox-gallery-1\" data-magnific_type=\"gallery\"><img loading=\"lazy\" decoding=\"async\" src=\"https:\/\/gg3.eu\/wp-content\/uploads\/2020\/12\/Gallery4-150x150.jpg\" width=\"150\" height=\"150\" alt=\"\" \/><span class=\"rl-gallery-caption\"><span class=\"rl-gallery-item-title\">Corona und Klimakrise, (C) A.H.<\/span><\/span><\/a> <\/div> <\/div> <div class=\"rl-gallery-item\" > <div class=\"rl-gallery-item-content\"> <a href=\"https:\/\/gg3.eu\/wp-content\/uploads\/2020\/12\/Gallery5.jpg\" title=\"Corona und Klimakrise, (C) A.H.\" data-rl_title=\"Corona und Klimakrise, (C) A.H.\" class=\"rl-gallery-link\" data-rl_caption=\"\" data-rel=\"lightbox-gallery-1\" data-magnific_type=\"gallery\"><img loading=\"lazy\" decoding=\"async\" src=\"https:\/\/gg3.eu\/wp-content\/uploads\/2020\/12\/Gallery5-150x150.jpg\" width=\"150\" height=\"150\" alt=\"\" \/><span class=\"rl-gallery-caption\"><span class=\"rl-gallery-item-title\">Corona und Klimakrise, (C) A.H.<\/span><\/span><\/a> <\/div> <\/div> <div class=\"rl-gallery-item\" > <div class=\"rl-gallery-item-content\"> <a href=\"https:\/\/gg3.eu\/wp-content\/uploads\/2020\/12\/gallery7.jpg\" title=\"Violeta Vollmer &#8211; Die Plage II, (2020) dreidimensionale Collage, recyclte Postkarten auf Karton, 3er Serie je 70x100cm (C) A.H.\" data-rl_title=\"Violeta Vollmer &#8211; Die Plage II, (2020) dreidimensionale Collage, recyclte Postkarten auf Karton, 3er Serie je 70x100cm (C) A.H.\" class=\"rl-gallery-link\" data-rl_caption=\"\" data-rel=\"lightbox-gallery-1\" data-magnific_type=\"gallery\"><img loading=\"lazy\" decoding=\"async\" src=\"https:\/\/gg3.eu\/wp-content\/uploads\/2020\/12\/gallery7-150x150.jpg\" width=\"150\" height=\"150\" alt=\"\" \/><span class=\"rl-gallery-caption\"><span class=\"rl-gallery-item-title\">Violeta Vollmer &#8211; Die Plage II, (2020) dreidimensionale Collage, recyclte Postkarten auf Karton, 3er Serie je 70x100cm (C) A.H.<\/span><\/span><\/a> <\/div> <\/div> <div class=\"rl-gallery-item\" > <div class=\"rl-gallery-item-content\"> <a href=\"https:\/\/gg3.eu\/wp-content\/uploads\/2020\/12\/Gallery6.jpg\" title=\"Corona und Klimakrise, (C) A.H.\" data-rl_title=\"Corona und Klimakrise, (C) A.H.\" class=\"rl-gallery-link\" data-rl_caption=\"\" data-rel=\"lightbox-gallery-1\" data-magnific_type=\"gallery\"><img loading=\"lazy\" decoding=\"async\" src=\"https:\/\/gg3.eu\/wp-content\/uploads\/2020\/12\/Gallery6-150x150.jpg\" width=\"150\" height=\"150\" alt=\"\" \/><span class=\"rl-gallery-caption\"><span class=\"rl-gallery-item-title\">Corona und Klimakrise, (C) A.H.<\/span><\/span><\/a> <\/div> <\/div> <\/div> <\/div>\n<h3 lang=\"en-US\">Videos<\/h3>\n<p>Silvia Amancei, Bogdan Armanu <a href=\"https:\/\/vimeo.com\/482315749\/7eed9081a2\">Unlovable Prospects<\/a><\/p>\n<p>Natasha Cantwell <a href=\"https:\/\/vimeo.com\/natashacantwell\/chickendinner\">Chicken Dinner<\/a><\/p>\n<p>Maria Corporal <a href=\"https:\/\/vimeo.com\/460928039\/8d9d7674c0\">Tree Travelling<\/a><\/p>\n<p>Keri Rosebraugh virUS<\/p>\n<p lang=\"en-US\"><a href=\"https:\/\/gg3.eu\/wp-content\/uploads\/2020\/06\/rundgang-cuk-w.jpg\" target=\"_blank\" rel=\"https:\/\/vimeo.com\/469337312\/23f7fdc992 noopener noreferrer\" data-rel=\"lightbox-image-21\" data-magnific_type=\"image\" data-rl_title=\"\" data-rl_caption=\"\"><img loading=\"lazy\" decoding=\"async\" class=\"aligncenter wp-image-21473 size-full\" title=\"\" src=\"https:\/\/gg3.eu\/wp-content\/uploads\/2020\/06\/rundgang-cuk-w.jpg\" alt=\"Exhibition Corona and climate crisis\" width=\"1024\" height=\"576\" srcset=\"https:\/\/gg3.eu\/wp-content\/uploads\/2020\/06\/rundgang-cuk-w.jpg 1024w, https:\/\/gg3.eu\/wp-content\/uploads\/2020\/06\/rundgang-cuk-w-300x169.jpg 300w, https:\/\/gg3.eu\/wp-content\/uploads\/2020\/06\/rundgang-cuk-w-768x432.jpg 768w, https:\/\/gg3.eu\/wp-content\/uploads\/2020\/06\/rundgang-cuk-w-766x431.jpg 766w\" sizes=\"auto, (max-width: 1024px) 100vw, 1024px\" \/><\/a><a href=\"https:\/\/vimeo.com\/469337312\/23f7fdc992\">Tour with image and commentary through the exhibition (video, 14:34 min.)<\/a><\/p>\n<h2>program<\/h2>\n<p>Since the corona crisis still requires restrictions, we are adjusting the exhibition organization and program according to <a href=\"https:\/\/gg3.eu\/en\/hygiene-concept-gg3\/\">our hygiene concept<\/a>. We are planning online offers here in the program in November for  <strong>Workshop, lecture, artist talk. The gallery is closed! For this we invite you to participate from home via live stream, see below.<br \/>\n<\/strong><\/p>\n<p>In the gallery we limit the number of guests to max. seven simultaneously depending on the event for half an hour or one hour each. We ask in advance and hopefully in Decemberr for registration at <a href=\"https:\/\/nuudel.digitalcourage.de\/WAWhCRvq4unmjDsT\">https:\/\/nuudel.digitalcourage.de\/WAWhCRvq4unmjDsT<\/a><br \/>\nIn the front garden is possible to stay.<\/p>\n<p>We do not know yet if we will reopen December: You do not need to register for our gallery visits without event. However, the number of guests is limited to seven.<\/p>\n<h3>Vernissage 16.10.2020, 7 pm<\/h3>\n<h4>Welcome and introduction Tom Albrecht<\/h4>\n<p>Live stream at 19:15:<\/p>\n<p><iframe loading=\"lazy\" title=\"Ausstellungser\u00f6ffnung &quot;Corona und Klimakrise&quot; in GG3\" width=\"766\" height=\"431\" src=\"https:\/\/www.youtube.com\/embed\/enOgDXh_mfo?feature=oembed\" frameborder=\"0\" allow=\"accelerometer; autoplay; clipboard-write; encrypted-media; gyroscope; picture-in-picture\" allowfullscreen><\/iframe><\/p>\n<h3>Performance Clarissa Falco &#8220;SIX FEET, Welcome in 2020&#8221; Tues. Oct. 20, 7 p.m.<\/h3>\n<p>The live performance is cancelled due to corona-related travel restrictions. We show the video of the performance online here.<\/p>\n<div id=\"attachment_21475\" style=\"width: 1930px\" class=\"wp-caption aligncenter\"><img loading=\"lazy\" decoding=\"async\" aria-describedby=\"caption-attachment-21475\" class=\"wp-image-21475 size-full\" title=\"Clarissa Falco: SIX FEET welcome in 2020  \" src=\"https:\/\/gg3.eu\/wp-content\/uploads\/2020\/06\/c-f-video-w.jpg\" alt=\"Clarissa Falco: SIX FEET welcome in 2020  \" width=\"1920\" height=\"1080\" srcset=\"https:\/\/gg3.eu\/wp-content\/uploads\/2020\/06\/c-f-video-w.jpg 1024w, https:\/\/gg3.eu\/wp-content\/uploads\/2020\/06\/c-f-video-w-300x169.jpg 300w, https:\/\/gg3.eu\/wp-content\/uploads\/2020\/06\/c-f-video-w-768x432.jpg 768w, https:\/\/gg3.eu\/wp-content\/uploads\/2020\/06\/c-f-video-w-1536x864.jpg 1536w, https:\/\/gg3.eu\/wp-content\/uploads\/2020\/06\/c-f-video-w-766x431.jpg 766w\" sizes=\"auto, (max-width: 1920px) 100vw, 1920px\" \/><p id=\"caption-attachment-21475\" class=\"wp-caption-text\">Video 6:04 min. SIX FEET welcome in 2020. Six feet, or six feet two inches, is a safety measure in these coronavirus times. Mark Fisher writes in Capitalist Realism, &#8220;The pandemic of mental anguish that plagues our time cannot be adequately understood or cured by viewing it as a private problem suffered by aggrieved individuals. Can dealing with such a situation by containing sociality offer us a moment to reflect on it? To this day we are divided and governed by decrees that speak of removals and demands that should regulate our daily lives to allow us a timely exit from this crisis.<\/p><\/div>\n<h3>Online Workshop &#8220;Corona Hygiene and Climate Protection&#8221;, Facilitated by <a href=\"http:\/\/www.tomalbrechtart.de\/\">Tom Albrecht<\/a> Nov. 6, 7 p.m.<\/h3>\n<p>Together, we will work out solutions on how to protect ourselves from the cororona virus during the cold season and save energy in the process. With introduction to the topic: basics, viral clouds, risk, masks, ventilation, measuring CO2. Here pdf &#8211; 13 slides: <a href=\"https:\/\/gg3.eu\/wp-content\/uploads\/2020\/06\/Coronahygiene-und-Klimaschuetzen.pdf\" target=\"_blank\" rel=\"noopener noreferrer\">Corona hygiene and climate protection<\/a>.<\/p>\n<p>Online only: We would like to invite you to participate in the lecture with dialogic lifestream. Link for your browser can be found here at 18:30.<\/p>\n<p>The Crome browser is recommended. Camera and microphone must be released for the workshop. You can test with test.webrtc.org<\/p>\n<h3>Lecture: Theresa Sieverding &#8220;#fighteverycrisis- parallels and interactions between corona and climate crisis&#8221; Fri. Nov. 13, 7 p.m.<\/h3>\n<p>Research Associate, Environmental Psychology, University of Magdeburg. Active, among other things, in the research project<a href=\"https:\/\/www.ipsy.ovgu.de\/Institut\/Abteilungen+des+Institutes\/Umweltpsychologie\/Forschung\/Forschungsprojekte\/Die+Corona_Krise+als+_Gamechanger_+f%C3%BCr+die+Transformation+zur+Nachhaltigkeit_-p-1726.html\">&#8220;The Corona Crisis as a &#8216;Gamechanger&#8217; for the Transformation to Sustainability?<\/a>&#8221; which looks at sustainable preparedness and behavior and the link between Corona and sustainability. <a href=\"https:\/\/gg3.eu\/wp-content\/uploads\/2020\/06\/GG3-Vortrag-13.11.2020-v4.pdf\">Presentation, 23 pages, pdf<\/a><\/p>\n<p>Online only: We would like to invite you to participate in the lecture with dialogic lifestream. You are also welcome to attend with the camera turned off and without a microphone. Link for your normal browser can be found here at 18:30. We are looking forward to meeting you!<\/p>\n<h3>Artist talk Nov. 20, 7 p.m.<\/h3>\n<p>Artists in the exhibition talk to guests about their works. Moderated by Alexa Helbig.<br \/>\nOnline only: We would like to invite you to participate in the lecture with dialogic lifestream. Link for their normal browser can be found at 18:45 here.<\/p>\n<h3>Online finissage Dec. 11, 7 p.m. with text performance Ines Kaufmann<\/h3>\n<p>Of man&#8217;s interaction with nature, the damage, the approach to the natural spheres and transforming our view of the world.<\/p>\n<p>Video <a href=\"https:\/\/vimeo.com\/user60566426\/review\/488906641\/1beab7d8f1\">Pandemia<\/a>, 1:20 min.<\/p>\n<h2><b>Location<\/b><\/h2>\n<p>Oct. 30, 5-8 p.m. and tentatively Dec.: Gallery in the project space of Global 3000 Group e.V., Leuschnerdamm 19, 10999 Berlin<br \/>\nNovember 2020 <a href=\"http:\/\/www.gg3.eu\">www.gg3.eu<\/a><\/p>\n<p>51st exhibition<\/p>\n<p><strong>Jury<\/strong>: Team GG3, <strong>Curators: <a href=\"http:\/\/www.tomalbrechtart.de\/\">Tom Albrecht<\/a>, Alexa Helbig<\/strong><\/p>\n","protected":false},"excerpt":{"rendered":"<p>Exhibition 16.10-11.12.2020 For corona protection reasons here only online with guided tour of the exhibition, photos of the works, videos of the exhibition and program. The corona pandemic demands our attention. But the other existential issue of&#8220;climate change&#8221; continues to have significance. Our main question is, &#8220;What do we learn from the current &#8220;Corona&#8221; visitation [&hellip;]<\/p>\n","protected":false},"author":5,"featured_media":0,"parent":0,"menu_order":0,"comment_status":"closed","ping_status":"closed","template":"","meta":{"footnotes":""},"tags":[],"class_list":["post-21140","page","type-page","status-publish","hentry"],"yoast_head":"<!-- This site is optimized with the Yoast SEO plugin v27.4 - https:\/\/yoast.com\/product\/yoast-seo-wordpress\/ -->\n<title>Corona and climate crisis<\/title>\n<meta name=\"description\" content=\"Art exhibition: Corona and climate crisis. The corona pandemic demands our attention, and the issue of the &quot;climate crisis&quot; continues to have significance.\" \/>\n<meta name=\"robots\" content=\"index, follow, max-snippet:-1, max-image-preview:large, max-video-preview:-1\" \/>\n<link rel=\"canonical\" href=\"https:\/\/gg3.eu\/en\/corona-and-climate-crisis\/\" \/>\n<meta property=\"og:locale\" content=\"en_US\" \/>\n<meta property=\"og:type\" content=\"article\" \/>\n<meta property=\"og:title\" content=\"Corona and climate crisis\" \/>\n<meta property=\"og:description\" content=\"Art exhibition: Corona and climate crisis. The corona pandemic demands our attention, and the issue of the &quot;climate crisis&quot; continues to have significance.\" \/>\n<meta property=\"og:url\" content=\"https:\/\/gg3.eu\/en\/corona-and-climate-crisis\/\" \/>\n<meta property=\"og:site_name\" content=\"Galerie f\u00fcr nachhaltige Kunst in Berlin\" \/>\n<meta property=\"article:publisher\" content=\"https:\/\/www.facebook.com\/GroupGlobal3000\/\" \/>\n<meta property=\"article:modified_time\" content=\"2026-02-21T07:47:30+00:00\" \/>\n<meta property=\"og:image\" content=\"https:\/\/gg3.eu\/wp-content\/uploads\/2020\/09\/Jochen-Schnepf-TENTAKEL-w.jpg\" \/>\n\t<meta property=\"og:image:width\" content=\"1024\" \/>\n\t<meta property=\"og:image:height\" content=\"1024\" \/>\n\t<meta property=\"og:image:type\" content=\"image\/jpeg\" \/>\n<meta name=\"twitter:card\" content=\"summary_large_image\" \/>\n<meta name=\"twitter:label1\" content=\"Est. reading time\" \/>\n\t<meta name=\"twitter:data1\" content=\"5 minutes\" \/>\n<script type=\"application\/ld+json\" class=\"yoast-schema-graph\">{\"@context\":\"https:\\\/\\\/schema.org\",\"@graph\":[{\"@type\":\"WebPage\",\"@id\":\"https:\\\/\\\/gg3.eu\\\/en\\\/corona-and-climate-crisis\\\/\",\"url\":\"https:\\\/\\\/gg3.eu\\\/en\\\/corona-and-climate-crisis\\\/\",\"name\":\"Corona and climate crisis\",\"isPartOf\":{\"@id\":\"https:\\\/\\\/gg3.eu\\\/en\\\/#website\"},\"primaryImageOfPage\":{\"@id\":\"https:\\\/\\\/gg3.eu\\\/en\\\/corona-and-climate-crisis\\\/#primaryimage\"},\"image\":{\"@id\":\"https:\\\/\\\/gg3.eu\\\/en\\\/corona-and-climate-crisis\\\/#primaryimage\"},\"thumbnailUrl\":\"https:\\\/\\\/gg3.eu\\\/wp-content\\\/uploads\\\/2020\\\/09\\\/Jochen-Schnepf-TENTAKEL-w.jpg\",\"datePublished\":\"2020-06-15T16:53:27+00:00\",\"dateModified\":\"2026-02-21T07:47:30+00:00\",\"description\":\"Art exhibition: Corona and climate crisis. The corona pandemic demands our attention, and the issue of the \\\"climate crisis\\\" continues to have significance.\",\"breadcrumb\":{\"@id\":\"https:\\\/\\\/gg3.eu\\\/en\\\/corona-and-climate-crisis\\\/#breadcrumb\"},\"inLanguage\":\"en-US\",\"potentialAction\":[{\"@type\":\"ReadAction\",\"target\":[\"https:\\\/\\\/gg3.eu\\\/en\\\/corona-and-climate-crisis\\\/\"]}]},{\"@type\":\"ImageObject\",\"inLanguage\":\"en-US\",\"@id\":\"https:\\\/\\\/gg3.eu\\\/en\\\/corona-and-climate-crisis\\\/#primaryimage\",\"url\":\"https:\\\/\\\/gg3.eu\\\/wp-content\\\/uploads\\\/2020\\\/09\\\/Jochen-Schnepf-TENTAKEL-w.jpg\",\"contentUrl\":\"https:\\\/\\\/gg3.eu\\\/wp-content\\\/uploads\\\/2020\\\/09\\\/Jochen-Schnepf-TENTAKEL-w.jpg\"},{\"@type\":\"BreadcrumbList\",\"@id\":\"https:\\\/\\\/gg3.eu\\\/en\\\/corona-and-climate-crisis\\\/#breadcrumb\",\"itemListElement\":[{\"@type\":\"ListItem\",\"position\":1,\"name\":\"Startseite\",\"item\":\"https:\\\/\\\/gg3.eu\\\/en\\\/\"},{\"@type\":\"ListItem\",\"position\":2,\"name\":\"Corona and climate crisis\"}]},{\"@type\":\"WebSite\",\"@id\":\"https:\\\/\\\/gg3.eu\\\/en\\\/#website\",\"url\":\"https:\\\/\\\/gg3.eu\\\/en\\\/\",\"name\":\"Galerie f\u00fcr nachhaltige Kunst in Berlin\",\"description\":\"\",\"potentialAction\":[{\"@type\":\"SearchAction\",\"target\":{\"@type\":\"EntryPoint\",\"urlTemplate\":\"https:\\\/\\\/gg3.eu\\\/en\\\/?s={search_term_string}\"},\"query-input\":{\"@type\":\"PropertyValueSpecification\",\"valueRequired\":true,\"valueName\":\"search_term_string\"}}],\"inLanguage\":\"en-US\"}]}<\/script>\n<!-- \/ Yoast SEO plugin. -->","yoast_head_json":{"title":"Corona and climate crisis","description":"Art exhibition: Corona and climate crisis. The corona pandemic demands our attention, and the issue of the \"climate crisis\" continues to have significance.","robots":{"index":"index","follow":"follow","max-snippet":"max-snippet:-1","max-image-preview":"max-image-preview:large","max-video-preview":"max-video-preview:-1"},"canonical":"https:\/\/gg3.eu\/en\/corona-and-climate-crisis\/","og_locale":"en_US","og_type":"article","og_title":"Corona and climate crisis","og_description":"Art exhibition: Corona and climate crisis. The corona pandemic demands our attention, and the issue of the \"climate crisis\" continues to have significance.","og_url":"https:\/\/gg3.eu\/en\/corona-and-climate-crisis\/","og_site_name":"Galerie f\u00fcr nachhaltige Kunst in Berlin","article_publisher":"https:\/\/www.facebook.com\/GroupGlobal3000\/","article_modified_time":"2026-02-21T07:47:30+00:00","og_image":[{"width":1024,"height":1024,"url":"https:\/\/gg3.eu\/wp-content\/uploads\/2020\/09\/Jochen-Schnepf-TENTAKEL-w.jpg","type":"image\/jpeg"}],"twitter_card":"summary_large_image","twitter_misc":{"Est. reading time":"5 minutes"},"schema":{"@context":"https:\/\/schema.org","@graph":[{"@type":"WebPage","@id":"https:\/\/gg3.eu\/en\/corona-and-climate-crisis\/","url":"https:\/\/gg3.eu\/en\/corona-and-climate-crisis\/","name":"Corona and climate crisis","isPartOf":{"@id":"https:\/\/gg3.eu\/en\/#website"},"primaryImageOfPage":{"@id":"https:\/\/gg3.eu\/en\/corona-and-climate-crisis\/#primaryimage"},"image":{"@id":"https:\/\/gg3.eu\/en\/corona-and-climate-crisis\/#primaryimage"},"thumbnailUrl":"https:\/\/gg3.eu\/wp-content\/uploads\/2020\/09\/Jochen-Schnepf-TENTAKEL-w.jpg","datePublished":"2020-06-15T16:53:27+00:00","dateModified":"2026-02-21T07:47:30+00:00","description":"Art exhibition: Corona and climate crisis. The corona pandemic demands our attention, and the issue of the \"climate crisis\" continues to have significance.","breadcrumb":{"@id":"https:\/\/gg3.eu\/en\/corona-and-climate-crisis\/#breadcrumb"},"inLanguage":"en-US","potentialAction":[{"@type":"ReadAction","target":["https:\/\/gg3.eu\/en\/corona-and-climate-crisis\/"]}]},{"@type":"ImageObject","inLanguage":"en-US","@id":"https:\/\/gg3.eu\/en\/corona-and-climate-crisis\/#primaryimage","url":"https:\/\/gg3.eu\/wp-content\/uploads\/2020\/09\/Jochen-Schnepf-TENTAKEL-w.jpg","contentUrl":"https:\/\/gg3.eu\/wp-content\/uploads\/2020\/09\/Jochen-Schnepf-TENTAKEL-w.jpg"},{"@type":"BreadcrumbList","@id":"https:\/\/gg3.eu\/en\/corona-and-climate-crisis\/#breadcrumb","itemListElement":[{"@type":"ListItem","position":1,"name":"Startseite","item":"https:\/\/gg3.eu\/en\/"},{"@type":"ListItem","position":2,"name":"Corona and climate crisis"}]},{"@type":"WebSite","@id":"https:\/\/gg3.eu\/en\/#website","url":"https:\/\/gg3.eu\/en\/","name":"Galerie f\u00fcr nachhaltige Kunst in Berlin","description":"","potentialAction":[{"@type":"SearchAction","target":{"@type":"EntryPoint","urlTemplate":"https:\/\/gg3.eu\/en\/?s={search_term_string}"},"query-input":{"@type":"PropertyValueSpecification","valueRequired":true,"valueName":"search_term_string"}}],"inLanguage":"en-US"}]}},"_links":{"self":[{"href":"https:\/\/gg3.eu\/en\/wp-json\/wp\/v2\/pages\/21140","targetHints":{"allow":["GET"]}}],"collection":[{"href":"https:\/\/gg3.eu\/en\/wp-json\/wp\/v2\/pages"}],"about":[{"href":"https:\/\/gg3.eu\/en\/wp-json\/wp\/v2\/types\/page"}],"author":[{"embeddable":true,"href":"https:\/\/gg3.eu\/en\/wp-json\/wp\/v2\/users\/5"}],"replies":[{"embeddable":true,"href":"https:\/\/gg3.eu\/en\/wp-json\/wp\/v2\/comments?post=21140"}],"version-history":[{"count":5,"href":"https:\/\/gg3.eu\/en\/wp-json\/wp\/v2\/pages\/21140\/revisions"}],"predecessor-version":[{"id":35119,"href":"https:\/\/gg3.eu\/en\/wp-json\/wp\/v2\/pages\/21140\/revisions\/35119"}],"wp:attachment":[{"href":"https:\/\/gg3.eu\/en\/wp-json\/wp\/v2\/media?parent=21140"}],"wp:term":[{"taxonomy":"post_tag","embeddable":true,"href":"https:\/\/gg3.eu\/en\/wp-json\/wp\/v2\/tags?post=21140"}],"curies":[{"name":"wp","href":"https:\/\/api.w.org\/{rel}","templated":true}]}}